{"id":1214,"date":"2022-10-22T21:49:28","date_gmt":"2022-10-22T19:49:28","guid":{"rendered":"https:\/\/lautfunk.uber.space\/probepodcast\/?page_id=1214"},"modified":"2024-05-17T00:19:43","modified_gmt":"2024-05-16T22:19:43","slug":"staffeln-und-zugehoerige-folgen","status":"publish","type":"page","link":"https:\/\/lautfunk.uber.space\/probepodcast\/staffeln-und-zugehoerige-folgen\/","title":{"rendered":"Staffeln und zugeh\u00f6rige Folgen"},"content":{"rendered":"\n<p> <p>Es werden alle Folgen aus den Shows in der folgenden Liste nach den Staffeln sortiert aufgef\u00fchrt in chronologischer Reihenfolge nach ihrer Ver\u00f6ffentlichung.<\/p>   <h2 id=\"1\">Staffel 1&nbsp;-&nbsp;<\/h2>\n<p><\/p>\n<p>Die Staffel ist am 24.04.2018 gestartet. Die erste Episode hie\u00df \"ein anfang\" und wir haben sie am 18.06.2017 aufgenommen.<\/p>\n<h3>Episodenliste:<\/h3>\n    <table style=\"border:0px\">\n        <thead>\n            <tr>\n                <th style=\"border:0px;text-align:left;vertical-align:top;width:7%\"><u>Nr.<\/u><\/th>\n                <th style=\"border:0px;text-align:left;vertical-align:top\"><u>Titel &amp; Zusammenfassung<\/u><\/th>\n                <th style=\"border:0px;text-align:left;vertical-align:top;width:13%\"><u>Dauer<\/u><\/th>\n                <th style=\"border:0px;text-align:left;vertical-align:top;width:13%\"><u>Downloads<\/u><\/th>\n            <\/tr>\n        <\/thead>\n        <tbody>\n                            <tr>\n                    <td style=\"border:0px;text-align:right;vertical-align:top\">1<\/td>\n                    <td style=\"border:0px;text-align:left;vertical-align:top\"><strong><a href=\"https:\/\/lautfunk.uber.space\/probepodcast\/probe-podcast-1\/\">ein anfang<\/a><\/strong><br><small><i>Ich rede dar\u00fcber wie ich mir das mit den Podcast so vorstelle und teste dabei die M\u00f6glichkeiten der Programme<\/i><\/small><br><small><u>Aufgenommen am<\/u> 18.06.2017, <u>ver\u00f6ffentlicht am<\/u> 24.04.2018<\/small><\/td>\n                    <td style=\"border:0px;text-align:right;vertical-align:top\">0:25:03<\/td>\n                    <td style=\"border:0px;text-align:right;vertical-align:top\">139<\/td>\n                <\/tr>\n                            <tr>\n                    <td style=\"border:0px;text-align:right;vertical-align:top\">2<\/td>\n                    <td style=\"border:0px;text-align:left;vertical-align:top\"><strong><a href=\"https:\/\/lautfunk.uber.space\/probepodcast\/probe-podcast-2\/\">Versuch Nummer 2<\/a><\/strong><br><small><i>Heute der 2. versuch eines Podcasts nur mit einen gast und etwas leiseren Musik.<\/i><\/small><br><small><u>Aufgenommen am<\/u> 25.06.2017, <u>ver\u00f6ffentlicht am<\/u> 24.04.2018<\/small><\/td>\n                    <td style=\"border:0px;text-align:right;vertical-align:top\">1:30:10<\/td>\n                    <td style=\"border:0px;text-align:right;vertical-align:top\">132<\/td>\n                <\/tr>\n                            <tr>\n                    <td style=\"border:0px;text-align:right;vertical-align:top\">3<\/td>\n                    <td style=\"border:0px;text-align:left;vertical-align:top\"><strong><a href=\"https:\/\/lautfunk.uber.space\/probepodcast\/probe-podcast-3\/\">wir testen weiter<\/a><\/strong><br><small><i>Wir testen unsere F\u00e4higkeiten zu unterhalten und machen und vertraut mit der Technik\r\n\r\nMusik: Verstaerker\r\nVerstaerker \u2013 Quevri \r\nVerstaerker \u2013 Pinot \r\n\r\nIntro: Ignition Spark<\/i><\/small><br><small><u>Aufgenommen am<\/u> 03.07.2017, <u>ver\u00f6ffentlicht am<\/u> 24.04.2018<\/small><\/td>\n                    <td style=\"border:0px;text-align:right;vertical-align:top\">1:33:28<\/td>\n                    <td style=\"border:0px;text-align:right;vertical-align:top\">121<\/td>\n                <\/tr>\n                            <tr>\n                    <td style=\"border:0px;text-align:right;vertical-align:top\">4<\/td>\n                    <td style=\"border:0px;text-align:left;vertical-align:top\"><strong><a href=\"https:\/\/lautfunk.uber.space\/probepodcast\/probe-podcast-4-torsten-huebner\/\">Torsten H\u00fcbner<\/a><\/strong><br><small><i>Hi heute unterhalte ich mich mit DJHeartFeelings aka Torsten H\u00fcbner \u00fcber Gott und die Welt aber nur minimal \u00fcber Musik daf\u00fcr jede menge YouTube und andere Unwichtigkeiten aus den leben im Internet und Real live.\r\n\r\n \r\n\r\nIntro: Ignition Spark\r\nhttps:\/\/www.facebook.com\/IgnitionSparkOffical<\/i><\/small><br><small><u>Aufgenommen am<\/u> 10.07.2017, <u>ver\u00f6ffentlicht am<\/u> 24.04.2018<\/small><\/td>\n                    <td style=\"border:0px;text-align:right;vertical-align:top\">2:54:11<\/td>\n                    <td style=\"border:0px;text-align:right;vertical-align:top\">135<\/td>\n                <\/tr>\n                            <tr>\n                    <td style=\"border:0px;text-align:right;vertical-align:top\">5<\/td>\n                    <td style=\"border:0px;text-align:left;vertical-align:top\"><strong><a href=\"https:\/\/lautfunk.uber.space\/probepodcast\/probe-podcast-5-uad-seine-vor-und-nach-teile\/\">UAD seine vor und nach teile<\/a><\/strong><br><small><i>Heute geht es mal um Universal Audio und genauer um die UAD 2 Karten samt den Plug-ins es ist in laufe der zeit uns einiges aufgefallen was weniger sch\u00f6n oder st\u00f6rend ist aber auch viele positive Sachen. Zum einen w\u00e4ren da das Fehlen der VST3 Untersch\u00e4tzung aber auch der hervorragende Klang der Software.\r\n\r\n \r\n\r\nIntro: Ignition Spark\r\nhttps:\/\/www.facebook.com\/IgnitionSparkOffical<\/i><\/small><br><small><u>Aufgenommen am<\/u> 17.07.2017, <u>ver\u00f6ffentlicht am<\/u> 24.04.2018<\/small><\/td>\n                    <td style=\"border:0px;text-align:right;vertical-align:top\">1:29:29<\/td>\n                    <td style=\"border:0px;text-align:right;vertical-align:top\">146<\/td>\n                <\/tr>\n                            <tr>\n                    <td style=\"border:0px;text-align:right;vertical-align:top\">6<\/td>\n                    <td style=\"border:0px;text-align:left;vertical-align:top\"><strong><a href=\"https:\/\/lautfunk.uber.space\/probepodcast\/probe-podcast-6-grafikkarten-in-der-musik-welt\/\">Grafikkarten in der Musik welt<\/a><\/strong><br><small><i>Heute geht es um Grafikkarten und ob man sie zur Berechnung von Plugins nutzen kann oder ist das alles mehr Wunschdenken als Realit\u00e4t.\r\n\r\nLinks zu den Plugins:\r\nGPU Impulse Reverb VST\r\nNebula Series\r\n\r\nIntro: Ignition Spark\r\nhttps:\/\/www.facebook.com\/IgnitionSparkOffical<\/i><\/small><br><small><u>Aufgenommen am<\/u> 31.07.2017, <u>ver\u00f6ffentlicht am<\/u> 24.04.2018<\/small><\/td>\n                    <td style=\"border:0px;text-align:right;vertical-align:top\">0:53:39<\/td>\n                    <td style=\"border:0px;text-align:right;vertical-align:top\">113<\/td>\n                <\/tr>\n                            <tr>\n                    <td style=\"border:0px;text-align:right;vertical-align:top\">7<\/td>\n                    <td style=\"border:0px;text-align:left;vertical-align:top\"><strong><a href=\"https:\/\/lautfunk.uber.space\/probepodcast\/probe-podcast-7-sammelwut\/\">Sammelwut<\/a><\/strong><br><small><i>Hallo heute rede ich mal alleine \u00fcber das sammeln und horten von Plug-ins und Sound Libraries. Das kann man doch nicht alles nutzen und so berichte ich euch wie das bei mir so war und wie ich der Sache Herr wurde.\r\n\r\n \r\n\r\nIntro: Ignition Spark\r\nhttps:\/\/www.facebook.com\/IgnitionSparkOffical<\/i><\/small><br><small><u>Aufgenommen am<\/u> 31.07.2017, <u>ver\u00f6ffentlicht am<\/u> 24.04.2018<\/small><\/td>\n                    <td style=\"border:0px;text-align:right;vertical-align:top\">0:18:57<\/td>\n                    <td style=\"border:0px;text-align:right;vertical-align:top\">117<\/td>\n                <\/tr>\n                            <tr>\n                    <td style=\"border:0px;text-align:right;vertical-align:top\">8<\/td>\n                    <td style=\"border:0px;text-align:left;vertical-align:top\"><strong><a href=\"https:\/\/lautfunk.uber.space\/probepodcast\/probe-podcast-8-das-einbindung-von-externer-hardware-in-einer-daw\/\">Das Einbindung von externer Hardware in einer DAW<\/a><\/strong><br><small><i>Heute geht es wie der Name schon sagt um die Einbindung von externer Hardware in einer DAW (Digitalen Audio Workstation) und wie man sich da doch verzetteln kann aber auch einen Luxus Bedienbarkeit genie\u00dfen kann. Welche Stolpersteine dabei sind und was es mit diesen MIDI auf sich hat das ja schon so alt ist aber uns dennoch so begleitet im Musikalltag.\r\n\r\nIntro: Ignition Spark\r\nhttps:\/\/www.facebook.com\/IgnitionSparkOffical<\/i><\/small><br><small><u>Aufgenommen am<\/u> 18.09.2017, <u>ver\u00f6ffentlicht am<\/u> 24.04.2018<\/small><\/td>\n                    <td style=\"border:0px;text-align:right;vertical-align:top\">1:31:30<\/td>\n                    <td style=\"border:0px;text-align:right;vertical-align:top\">170<\/td>\n                <\/tr>\n                            <tr>\n                    <td style=\"border:0px;text-align:right;vertical-align:top\">9<\/td>\n                    <td style=\"border:0px;text-align:left;vertical-align:top\"><strong><a href=\"https:\/\/lautfunk.uber.space\/probepodcast\/probe-podcast-9-updates-in-ueberfluss\/\">Updates in \u00dcberfluss<\/a><\/strong><br><small><i>Heute geht es um Updates, was ist neu und was gibt es f\u00fcr das Geld. Die frage, die dabei aufkommt ist, lohnt es sich jedes mal diesen schriet mitzugehen.\r\n\r\nWir schauen und heute die g\u00e4ngigen Programme an die genutzt werden oder die wir genutzt haben und dabei z\u00e4hlen wir das auf was uns besonders beeindruckt hat oder was und glatt entt\u00e4uscht hat. Denn nicht alles wird immer verbessert, was gro\u00df beworben wird, da kommt manchmal nur eine kleine Detail Verbesserung und das wird angepriesen wie der gro\u00dfe Wurf des Jahres.\r\n\r\n00:00:41 Willkommen\r\n00:02:42 Nuendo 8.1\r\n00:30:19 Wavelab 9.5\r\n00:41:22 FL Studio 12\r\n00:49:34 Abelton Live 10\r\n00:55:21 Reason 10\r\n01:06:12 Pro Tools und Small Talk bis zum ende\r\n\r\nDes Weiteren reden wir \u00fcber allt\u00e4glich Probleme oder Ereignisse die im Honestudio Alltag auftreten oder immer wider passieren. Dabei kommen auch andere Programme ins Gespr\u00e4ch, mit den man arbeitet oder auch nicht arbeitet und vor allen warum man dieses tut.\r\n\r\nWir sind Hobbyisten keine Profis alles was wir in diesen Podcast ansprechen ist unsere reine subjektive Meinung und hat keine journalistischen Anspruch wir werden hier und da Fehler machen oder auch was vergessen zu erw\u00e4hnen. Wir haben auch nicht den Anspruch professionell zu erscheinen das ist ein nettes Gespr\u00e4ch zwischen zwei Nutzer dieser Tools zu Musik Produktion und keine fach Leute oder gar Profis die eher einen anderen Anspruch an die genannten Tools haben. Auch wenn wir jeder f\u00fcr sich mehr als 15 oder 20 Jahre mit diesen Themen besch\u00e4ftigt sind wir nicht frei von Fehler und haben unseren ganz eignenden Trott oder Arbeitsweisen. Der Hauptgrund f\u00fcr diesen Podcast ist erster Linie Unterhaltung und Spa\u00df erst dann kommt das informative. Wir geben gerne Tipps aus unsere Erfahrung im Umgang mit den verscheidende Produktions Tools.\r\n\r\nIntro: Ignition Spark\r\nhttps:\/\/www.facebook.com\/IgnitionSparkOffical<\/i><\/small><br><small><u>Aufgenommen am<\/u> 15.11.2017, <u>ver\u00f6ffentlicht am<\/u> 24.04.2018<\/small><\/td>\n                    <td style=\"border:0px;text-align:right;vertical-align:top\">1:44:11<\/td>\n                    <td style=\"border:0px;text-align:right;vertical-align:top\">121<\/td>\n                <\/tr>\n                            <tr>\n                    <td style=\"border:0px;text-align:right;vertical-align:top\">10<\/td>\n                    <td style=\"border:0px;text-align:left;vertical-align:top\"><strong><a href=\"https:\/\/lautfunk.uber.space\/probepodcast\/probe-podcast-10-heute-reden-wir-ueber-einen-schoenes-mix-eines-tracks\/\">Heute reden wir \u00fcber einen sch\u00f6nes Mix eines Tracks<\/a><\/strong><br><small><i>Heute geht es in der kleinen Podcast rund um das Thema des mischen und die Erstellung eines ausgewogenen Mixes einer Produktion. was sind die ersten wichtigen schritte wo muss man besonders acht geben und besonders wo f\u00e4ngt mann an. Besonder in der Umgebung einen Hone Produzenten steht sich immer die frage wie bekomme ich einen guten Mix zu Stande wenn der Raum nicht zum abh\u00f6ren optimal ist. Wir geben kleine Tipps und Ratschl\u00e4ge wie man ein gutes Ergebnis im Mix erzielen kann.\r\n\r\nNat\u00fcrlich d\u00fcrfen dabei nicht die kleinen Gesichten fehlen, sowie die kleinen Antidoten aus den Studio Alltag und der Erfahrungen der letzen Jahre in dem man sich die Kenntnisse angeeignet hat. Nat\u00fcrlich darf die selbst Ironie nicht fehlen den als Moderator und auch als Produzent wissen wir beide sehr wohl unsere Defizite zu kennen und diese auch zu sch\u00e4tzen den aus kleinen Fehler entsteht oft etwas neues interessantest.\r\n\r\nMitwirkende:\r\n\r\nSascha Markmann\r\nStefan\r\n\r\nDisclaimer:\r\n\r\nWir sind Hobbyisten keine Profis alles was wir in diesen Podcast ansprechen ist unsere reine subjektive Meinung und hat keine journalistischen Anspruch wir werden hier und da Fehler machen oder auch was vergessen zu erw\u00e4hnen. Wir haben auch nicht den Anspruch professionell zu erscheinen das ist ein nettes Gespr\u00e4ch zwischen zwei Nutzer dieser Tools zu Musik Produktion und keine fach Leute oder gar Profis die eher einen anderen Anspruch an die genannten Tools haben. Auch wenn wir jeder f\u00fcr sich mehr als 15 oder 20 Jahre mit diesen Themen besch\u00e4ftigt sind wir nicht frei von Fehler und haben unseren ganz eignenden Trott oder Arbeitsweisen. Der Hauptgrund f\u00fcr diesen Podcast ist erster Linie Unterhaltung und Spa\u00df erst dann kommt das informative. Wir geben gerne Tipps aus unsere Erfahrung im Umgang mit den verscheidende Produktions Tools.\r\n\r\nIntro: Ignition Spark\r\nhttps:\/\/www.facebook.com\/IgnitionSparkOffical<\/i><\/small><br><small><u>Aufgenommen am<\/u> 26.12.2017, <u>ver\u00f6ffentlicht am<\/u> 24.04.2018<\/small><\/td>\n                    <td style=\"border:0px;text-align:right;vertical-align:top\">1:01:56<\/td>\n                    <td style=\"border:0px;text-align:right;vertical-align:top\">161<\/td>\n                <\/tr>\n                            <tr>\n                    <td style=\"border:0px;text-align:right;vertical-align:top\">11<\/td>\n                    <td style=\"border:0px;text-align:left;vertical-align:top\"><strong><a href=\"https:\/\/lautfunk.uber.space\/probepodcast\/probe-podcast-11-analyser-legacy-plugins\/\">Analyser,  Legacy Plugins<\/a><\/strong><br><small><i>Die Themen sind heute Analyser in der Musikproduktion und Legacy Plugins also nicht mehr weiter entwickelte Plugins die wir, aber dennoch vermiesen in unserem Studio Alltag, den nicht immer gibt es ja einen guten oder geeigneten Ersatz f\u00fcr ein wiedergewonnenes Plugin. Nat\u00fcrlich nicht ohne den netten Themen am Rande der Produktion von Musik wie z.\u202fB. Das neue Mikrofon von Stefan oder auch der Wechsel von 32Bit auf 64Bit Betriebssystem und die Folgen, die dadurch entstanden sind aber auch viel vielen Vorteile die sich dadurch gegeben haben werden besprochen. Es fehlt auch die selbst Ironie nicht, das es technisch nicht immer perfekt l\u00e4uft und die Erkenntnis das dies doch nur ein Zeichen f\u00fcr Menschlichkeit ist und Pers\u00f6nlichkeit ausstrahlt. Nicht nichtsdestotrotz w\u00fcnschen wir euch viel spa\u00df beim h\u00f6ren dieser Folge.\r\n\r\nDEADMAU5\u2019s STUDIO\r\n\r\nVB Audio Software\r\n\r\nRode m2\r\n\r\nMitwirkende:\r\n\r\nSascha Markmann\r\nStefan\r\n\r\nDisclaimer:\r\n\r\nWir sind Hobbyisten keine Profis alles was wir in diesen Podcast ansprechen ist unsere reine subjektive Meinung und hat keine journalistischen Anspruch wir werden hier und da Fehler machen oder auch was vergessen zu erw\u00e4hnen. Wir haben auch nicht den Anspruch professionell zu erscheinen das ist ein nettes Gespr\u00e4ch zwischen zwei Nutzer dieser Tools zu Musik Produktion und keine fach Leute oder gar Profis die eher einen anderen Anspruch an die genannten Tools haben. Auch wenn wir jeder f\u00fcr sich mehr als 15 oder 20 Jahre mit diesen Themen besch\u00e4ftigt sind wir nicht frei von Fehler und haben unseren ganz eignenden Trott oder Arbeitsweisen. Der Hauptgrund f\u00fcr diesen Podcast ist erster Linie Unterhaltung und Spa\u00df erst dann kommt das informative. Wir geben gerne Tipps aus unsere Erfahrung im Umgang mit den verscheidende Produktions Tools.\r\n\r\nIntro: Ignition Spark\r\nhttps:\/\/www.facebook.com\/IgnitionSparkOffical<\/i><\/small><br><small><u>Aufgenommen am<\/u> 08.01.2018, <u>ver\u00f6ffentlicht am<\/u> 24.04.2018<\/small><\/td>\n                    <td style=\"border:0px;text-align:right;vertical-align:top\">1:04:43<\/td>\n                    <td style=\"border:0px;text-align:right;vertical-align:top\">127<\/td>\n                <\/tr>\n                            <tr>\n                    <td style=\"border:0px;text-align:right;vertical-align:top\">12<\/td>\n                    <td style=\"border:0px;text-align:left;vertical-align:top\"><strong><a href=\"https:\/\/lautfunk.uber.space\/probepodcast\/probe-podcast-12-sampler\/\">Sampler<\/a><\/strong><br><small><i>Heute geht es um Sampler in Hardware und Software Form\u2026 es ist weniger die frage was man damit machen kann als die frage was man heute so nutzt und warum. wer wissen will was ein Sampler ist der sollte sich diesen sch\u00f6nen Artikel durchlesen dort ist alles sch\u00f6n er kl\u00e4rt auch die unterscheide zwischen Hardware und Software Sampler.\r\n\r\nWir reden heute mehr \u00fcber unsere Erfahrungen und da spielt auch die pers\u00f6nlichen Vorlieben eine gro\u00dfe Rolle warum benutzen wir ger\u00e4t y und weniger x was macht z besser als x und y. Warum ist das eine ger\u00e4t so teuer und andere Spot billig und sind die preise gerechtfertigt? \u00dcber all dies reden wir im heutigen Podcast.\r\n\r\nWider mit viel Humor und kleinen Geschichten berichten wir aus unseren Erfahrungsschatz\u2026. nat\u00fcrlich schweifen wir hier und da etwas vom Thema ab finden aber wider schnell zur\u00fcck &#x1f642;\r\n\r\n \r\n\r\nMitwirkende:\r\n\r\nSascha Markmann\r\nStefan\r\n\r\nDisclaimer:\r\n\r\nWir sind Hobbyisten keine Profis alles was wir in diesen Podcast ansprechen ist unsere reine subjektive Meinung und hat keine journalistischen Anspruch wir werden hier und da Fehler machen oder auch was vergessen zu erw\u00e4hnen. Wir haben auch nicht den Anspruch professionell zu erscheinen das ist ein nettes Gespr\u00e4ch zwischen zwei Nutzer dieser Tools zu Musik Produktion und keine fach Leute oder gar Profis die eher einen anderen Anspruch an die genannten Tools haben. Auch wenn wir jeder f\u00fcr sich mehr als 15 oder 20 Jahre mit diesen Themen besch\u00e4ftigt sind wir nicht frei von Fehler und haben unseren ganz einenden Trott oder Arbeitsweisen. Der Hauptgrund f\u00fcr diesen Podcast ist erster Linie Unterhaltung und Spa\u00df erst dann kommt das informative. Wir geben gerne Tipps aus unsere Erfahrung im Umgang mit den verschiedene Produktions Tools.\r\n\r\nIntro: Ignition Spark\r\nhttps:\/\/www.facebook.com\/IgnitionSparkOffical<\/i><\/small><br><small><u>Aufgenommen am<\/u> 02.02.2018, <u>ver\u00f6ffentlicht am<\/u> 24.04.2018<\/small><\/td>\n                    <td style=\"border:0px;text-align:right;vertical-align:top\">1:17:56<\/td>\n                    <td style=\"border:0px;text-align:right;vertical-align:top\">180<\/td>\n                <\/tr>\n                            <tr>\n                    <td style=\"border:0px;text-align:right;vertical-align:top\">13<\/td>\n                    <td style=\"border:0px;text-align:left;vertical-align:top\"><strong><a href=\"https:\/\/lautfunk.uber.space\/probepodcast\/probe-podcast-13-rompler\/\">Rompler<\/a><\/strong><br><small><i>Der Rompler ist seit Mitte der achtziger Jahren nicht mehr wegzudenken, in vielen sehr bekannten Hits und Produktionen h\u00f6rt man viele der Presets aus den bekannten Erfolgs Ger\u00e4ten aus dieser Zeit. Alle Namen haften Hersteller hatten Ger\u00e4te dieser Gattung im Angebot und haben dies auch noch heute. Auch wenn diese in einen viel erweiterten funktions- Umfang ist, wird diese Technologie weiter hin verwendet und erfreut sich gro\u00dfer Beliebtheit. Selbst in den allerneuesten Produkten von Yamaha oder Roland ist immer noch diese Technologie enthalten, auch wenn die um den Faktor 2000 mehr Speicher zur Verf\u00fcgung steht als in den ersten Ger\u00e4ten. Dies geht einher mit dem Preisverfall bei dem Halbleiter speicher Modulen, in den ersten Ger\u00e4ten waren 512 KB Standard und 1 MB schon fast unbezahlbar dabei sind heute diese Chips nur noch ein paar Euro teuer und haben mehr als 512 MB an Schleicher, das ist das 1024 fache.\r\n\r\nMitwirkende:\r\n\r\nSascha Markmann\r\nStefan\r\n\r\nDisclaimer:\r\n\r\nWir sind Hobbyisten keine Profis alles was wir in diesen Podcast ansprechen ist unsere reine subjektive Meinung und hat keine journalistischen Anspruch wir werden hier und da Fehler machen oder auch was vergessen zu erw\u00e4hnen. Wir haben auch nicht den Anspruch professionell zu erscheinen das ist ein nettes Gespr\u00e4ch zwischen zwei Nutzer dieser Tools zu Musik Produktion und keine fach Leute oder gar Profis die eher einen anderen Anspruch an die genannten Tools haben. Auch wenn wir jeder f\u00fcr sich mehr als 15 oder 20 Jahre mit diesen Themen besch\u00e4ftigt sind wir nicht frei von Fehler und haben unseren ganz einenden Trott oder Arbeitsweisen. Der Hauptgrund f\u00fcr diesen Podcast ist erster Linie Unterhaltung und Spa\u00df erst dann kommt das informative. Wir geben gerne Tipps aus unsere Erfahrung im Umgang mit den verschiedene Produktions Tools.\r\n\r\nIntro: Ignition Spark\r\nhttps:\/\/www.facebook.com\/IgnitionSparkOffical<\/i><\/small><br><small><u>Aufgenommen am<\/u> 09.04.2018, <u>ver\u00f6ffentlicht am<\/u> 24.04.2018<\/small><\/td>\n                    <td style=\"border:0px;text-align:right;vertical-align:top\">1:26:58<\/td>\n                    <td style=\"border:0px;text-align:right;vertical-align:top\">149<\/td>\n                <\/tr>\n                            <tr>\n                    <td style=\"border:0px;text-align:right;vertical-align:top\">14<\/td>\n                    <td style=\"border:0px;text-align:left;vertical-align:top\"><strong><a href=\"https:\/\/lautfunk.uber.space\/probepodcast\/probe-podcast-14-tobi-mm-aka-spidermuem\/\">Tobi MM<\/a><\/strong><br><small><i>In der heutigen Ausgabe des Probe Podcasts rede ich mit den Tobi auch bekannt als Tobi MM oder unter anderen auch als Spidermuem in YouTube, \u00fcber das Jamen (das live experimentieren mit den Ger\u00e4ten und erforschen neuer kl\u00e4nge) und die Videos die er daraus produziert. Wir sprechen \u00fcber seine Arbeitsweise und warum er lieber viele kleine Controller verwendet und Software Synthesizer als gro\u00dfe Controller oder gar Hardware Synthesizer.\r\nDabei gibt es bei den einen oder anderen abdriften vom eigentlichen Thema, viele kleine Anekdote \u00fcber das Musiker Dasein oder das Leben im Internet an sich. Mit viel Humor und Sachverstand versuchen wir dann wider zum eigentlichen Thema zur\u00fcckzukommen.\r\n\r\nNun wische ich euch viel Spa\u00df beim H\u00f6ren dieser folge mit Tobi, der mir mit so grandiosen s\u00e4ten wie \u201cDas Gehirn ist eine fantastische M\u00fcllhalde.\u201d In Erinnerung geblieben ist.\r\n\r\nLinks zur Show:\r\n\r\n07022016 \/\/\/ ableton live jam\r\n\r\n24042016 \/\/\/ ableton live jam\r\n\r\n05022017 \/\/\/ ableton live jam\r\n\r\n21052017 \/\/\/ ableton live jam\r\n\r\n29032018 \/\/\/ ableton live jam\r\n\r\n08042018 \/\/\/ ableton live jam\r\n\r\nMitwirkende:\r\n\r\nSascha Markmann\r\nTobi MM\r\n\r\nDisclaimer:\r\n\r\nWir sind Hobbyisten keine Profis alles was wir in diesen Podcast ansprechen ist unsere reine subjektive Meinung und hat keine journalistischen Anspruch wir werden hier und da Fehler machen oder auch was vergessen zu erw\u00e4hnen. Wir haben auch nicht den Anspruch professionell zu erscheinen das ist ein nettes Gespr\u00e4ch zwischen zwei Nutzer dieser Tools zu Musik Produktion und keine fach Leute oder gar Profis die eher einen anderen Anspruch an die genannten Tools haben. Auch wenn wir jeder f\u00fcr sich mehr als 15 oder 20 Jahre mit diesen Themen besch\u00e4ftigt sind wir nicht frei von Fehler und haben unseren ganz einenden Trott oder Arbeitsweisen. Der Hauptgrund f\u00fcr diesen Podcast ist erster Linie Unterhaltung und Spa\u00df erst dann kommt das informative. Wir geben gerne Tipps aus unsere Erfahrung im Umgang mit den verschiedene Produktions Tools.\r\n\r\nIntro: Ignition Spark\r\nhttps:\/\/www.facebook.com\/IgnitionSparkOffical<\/i><\/small><br><small><u>Aufgenommen am<\/u> 16.04.2018, <u>ver\u00f6ffentlicht am<\/u> 24.04.2018<\/small><\/td>\n                    <td style=\"border:0px;text-align:right;vertical-align:top\">1:53:33<\/td>\n                    <td style=\"border:0px;text-align:right;vertical-align:top\">165<\/td>\n                <\/tr>\n                            <tr>\n                    <td style=\"border:0px;text-align:right;vertical-align:top\">15<\/td>\n                    <td style=\"border:0px;text-align:left;vertical-align:top\"><strong><a href=\"https:\/\/lautfunk.uber.space\/probepodcast\/probe-podcast-15-tobi-mm-aka-spidermuem-teil-2\/\">Tobi MM Teil 2<\/a><\/strong><br><small><i>In der heutigen Ausgabe des Probe Podcast mit Tobi mm oder auch bekannt als Spidermuem, geht es um Minimalismus beim Equipment im eigentlichen Sinn, dabei sind wir reichlich abgeschweift und haben immer wieder mal \u00fcber Apple Computer, Apple Ger\u00e4te und viele andere Sachen geredet wobei immer wieder bei herauskam, dass bei Apple nicht immer alles rund l\u00e4uft, auch wenn man diese Ger\u00e4te mag und sch\u00e4tzt.\r\n\r\n\r\nIm Gro\u00dfen und Ganzen wenig themenbezogener Podcast mit viel freundlichen Gelaber.<\/i><\/small><br><small><u>Aufgenommen am<\/u> 19.06.2018, <u>ver\u00f6ffentlicht am<\/u> 03.10.2018<\/small><\/td>\n                    <td style=\"border:0px;text-align:right;vertical-align:top\">1:20:01<\/td>\n                    <td style=\"border:0px;text-align:right;vertical-align:top\">158<\/td>\n                <\/tr>\n                            <tr>\n                    <td style=\"border:0px;text-align:right;vertical-align:top\">16<\/td>\n                    <td style=\"border:0px;text-align:left;vertical-align:top\"><strong><a href=\"https:\/\/lautfunk.uber.space\/probepodcast\/probe-podcast-16-anfaenge-in-der-musik-produktion\/\">Anf\u00e4nge in der Musik Produktion<\/a><\/strong><br><small><i>In der heutigen Ausgabe des Probe Podcast geht es um Tipps, wie man das Anfangen in der Musikproduktion erleichtern kann meine G\u00e4ste geben dabei gerne Einblick in ihr N\u00e4hk\u00e4stchen und werden denn eine oder anderen hilfreichen Tipp oder auch Trick verraten.\r\n\r\n\r\nNat\u00fcrlich ist das ganze nicht ganz streng geordnet und wieder in einer lockeren Atmosph\u00e4re gehalten, sodass auch hier und dort immer wieder mal abgeschweift wird und die eine oder andere Anekdote berichtet wird.<\/i><\/small><br><small><u>Aufgenommen am<\/u> 07.08.2018, <u>ver\u00f6ffentlicht am<\/u> 17.10.2018<\/small><\/td>\n                    <td style=\"border:0px;text-align:right;vertical-align:top\">1:17:20<\/td>\n                    <td style=\"border:0px;text-align:right;vertical-align:top\">214<\/td>\n                <\/tr>\n                            <tr>\n                    <td style=\"border:0px;text-align:right;vertical-align:top\">17<\/td>\n                    <td style=\"border:0px;text-align:left;vertical-align:top\"><strong><a href=\"https:\/\/lautfunk.uber.space\/probepodcast\/probe-podcast-17-cubase-10-ubdate-und-black-friday-angebote\/\">Cubase 10 Update und Black Friday Angebote<\/a><\/strong><br><small><i>Heute geht es, wie der titel schon verr\u00e4t um das neue gro\u00dfe update von Cubase und den sonder Verkauf im Black Friday Sale.\r\n\r\nWir besprechen die ganzen Neuerungen und Ver\u00e4nderungen in Cubase 10. Dazu ob diese oder andere Funktionen in der Pro, Artis oder Elements Version enthalten sind.\r\n\r\nUnd zum Schluss schauen wir uns an wie der diesj\u00e4hrige Black Friday war und wie die Angebote so sind da ja einige doch noch zubekommen sind.\r\n\r\nSteinberg Cubase 10\r\nhttps:\/\/new.steinberg.net\/de\/cubase\/new-in-10\r\n\r\nCubase 10 Versions- unterscheide\r\nhttps:\/\/new.steinberg.net\/de\/cubase\/compare-editions<\/i><\/small><br><small><u>Aufgenommen am<\/u> 25.11.2018, <u>ver\u00f6ffentlicht am<\/u> 28.11.2018<\/small><\/td>\n                    <td style=\"border:0px;text-align:right;vertical-align:top\">1:28:47<\/td>\n                    <td style=\"border:0px;text-align:right;vertical-align:top\">172<\/td>\n                <\/tr>\n                            <tr>\n                    <td style=\"border:0px;text-align:right;vertical-align:top\">18<\/td>\n                    <td style=\"border:0px;text-align:left;vertical-align:top\"><strong><a href=\"https:\/\/lautfunk.uber.space\/probepodcast\/probe-podcast-18-unfreiwillig-beta-tester\/\">Unfreiwillig Beta Tester<\/a><\/strong><br><small><i>Heute reden Stefan und ich \u00fcber das Thema, das man immer wider das Gef\u00fchl hat unfreiwilliger Tester f\u00fcr teuer gekaufter Software zu sein und da ist es egal, ob Betriebssystem OS oder Digitale Audio Workstation DAW.\r\n\r\nZu fr\u00fcheren Zeiten als das Internet nicht so zug\u00e4nglich war und man h\u00f6chstens \u00fcber Modem und Mailboxen sich neue Treiber oder Software Updates laden konnte h\u00e4tte man nie so unfertige Software bekommen.\r\n\r\nhttps:\/\/flattr.com\/podcast\/probepodcast<\/i><\/small><br><small><u>Aufgenommen am<\/u> 09.12.2018, <u>ver\u00f6ffentlicht am<\/u> 26.12.2018<\/small><\/td>\n                    <td style=\"border:0px;text-align:right;vertical-align:top\">1:11:32<\/td>\n                    <td style=\"border:0px;text-align:right;vertical-align:top\">2.135<\/td>\n                <\/tr>\n                            <tr>\n                    <td style=\"border:0px;text-align:right;vertical-align:top\">19<\/td>\n                    <td style=\"border:0px;text-align:left;vertical-align:top\"><strong><a href=\"https:\/\/lautfunk.uber.space\/probepodcast\/probe-podcast-19-neues-aus-dem-home-studio\/\">Neues aus dem Home Studio<\/a><\/strong><br><small><i>Nach fast 2 Jahren genauer gesagt 1 Jahr und 10 Monate melden wir uns zur\u00fcck aus unseren Home Studios. Viel hat sich ge\u00e4ndert, einiges ist neu dazugekommen anderes ist gegangen.<\/i><\/small><br><small><u>Aufgenommen am<\/u> 08.09.2020, <u>ver\u00f6ffentlicht am<\/u> 11.09.2020<\/small><\/td>\n                    <td style=\"border:0px;text-align:right;vertical-align:top\">1:10:46<\/td>\n                    <td style=\"border:0px;text-align:right;vertical-align:top\">738<\/td>\n                <\/tr>\n                            <tr>\n                    <td style=\"border:0px;text-align:right;vertical-align:top\">20<\/td>\n                    <td style=\"border:0px;text-align:left;vertical-align:top\"><strong><a href=\"https:\/\/lautfunk.uber.space\/probepodcast\/probe-podcast-20-neues-nach-11-monaten\/\">Neues nach 11 Monaten<\/a><\/strong><br><small><i>Neues nach fast einem Jahr.... das ist gar nicht mal so viel.\r\n\r\nhttps:\/\/www.thomann.de\/de\/novation_61sl_mkiii.htm<\/i><\/small><br><small><u>Aufgenommen am<\/u> 06.08.2021, <u>ver\u00f6ffentlicht am<\/u> 11.08.2021<\/small><\/td>\n                    <td style=\"border:0px;text-align:right;vertical-align:top\">1:01:49<\/td>\n                    <td style=\"border:0px;text-align:right;vertical-align:top\">714<\/td>\n                <\/tr>\n                    <\/tbody>\n    <\/table>\n<h2 id=\"2\">Staffel 2&nbsp;-&nbsp;<\/h2>\n<p><\/p>\n<p>Die Staffel ist am 10.09.2021 gestartet. Die erste Episode hie\u00df \"Neues mit Tobi MM\" und wir haben sie am 04.12.2021 aufgenommen.<\/p>\n<h3>Episodenliste:<\/h3>\n    <table style=\"border:0px\">\n        <thead>\n            <tr>\n                <th style=\"border:0px;text-align:left;vertical-align:top;width:7%\"><u>Nr.<\/u><\/th>\n                <th style=\"border:0px;text-align:left;vertical-align:top\"><u>Titel &amp; Zusammenfassung<\/u><\/th>\n                <th style=\"border:0px;text-align:left;vertical-align:top;width:13%\"><u>Dauer<\/u><\/th>\n                <th style=\"border:0px;text-align:left;vertical-align:top;width:13%\"><u>Downloads<\/u><\/th>\n            <\/tr>\n        <\/thead>\n        <tbody>\n                            <tr>\n                    <td style=\"border:0px;text-align:right;vertical-align:top\">21<\/td>\n                    <td style=\"border:0px;text-align:left;vertical-align:top\"><strong><a href=\"https:\/\/lautfunk.uber.space\/probepodcast\/probe-podcast-21-neues-mit-tobi-mm\/\">Neues mit Tobi MM<\/a><\/strong><br><small><i>Ich spreche heute mit meinem Gast \"Tobi MM\" \u00fcber \"Native Instruments\". Welche Produkte gefallen uns am besten? In der Folge gehts auch um Controller f\u00fcr die Musikproduktion. Welche Modelle wir weiterempfehlen? Nat\u00fcrlich kommen Expander, Rack-Synthesizer und Pult-Synthesizer vor sowie viele kleine Geschichten aus dem Musik-Studio.<\/i><\/small><br><small><u>Aufgenommen am<\/u> 04.12.2021, <u>ver\u00f6ffentlicht am<\/u> 13.12.2021<\/small><\/td>\n                    <td style=\"border:0px;text-align:right;vertical-align:top\">2:27:30<\/td>\n                    <td style=\"border:0px;text-align:right;vertical-align:top\">844<\/td>\n                <\/tr>\n                            <tr>\n                    <td style=\"border:0px;text-align:right;vertical-align:top\">22<\/td>\n                    <td style=\"border:0px;text-align:left;vertical-align:top\"><strong><a href=\"https:\/\/lautfunk.uber.space\/probepodcast\/probe-podcast-22-herr-notstrom-der-neue-im-team\/\">Herr Notstrom, der Neue im Team<\/a><\/strong><br><small><i>Heute stellt sich Herr Notestrom vor, der neue Horst im Podcast. Wir reden \u00fcber seinen weg zu Musik und was ihn an der synthetischen Musik so begeistert.<\/i><\/small><br><small><u>Aufgenommen am<\/u> 04.07.2022, <u>ver\u00f6ffentlicht am<\/u> 11.07.2022<\/small><\/td>\n                    <td style=\"border:0px;text-align:right;vertical-align:top\">1:01:26<\/td>\n                    <td style=\"border:0px;text-align:right;vertical-align:top\">192<\/td>\n                <\/tr>\n                            <tr>\n                    <td style=\"border:0px;text-align:right;vertical-align:top\">23<\/td>\n                    <td style=\"border:0px;text-align:left;vertical-align:top\"><strong><a href=\"https:\/\/lautfunk.uber.space\/probepodcast\/probe-podcast-23-sound-design-kunst-und-philosophie\/\">Sound Design \"Kunst und Philosophie\"<\/a><\/strong><br><small><i>Herr Notstrom und ich reden \u00fcber das Erstellen von Sounds, dem Sound Design, dass dies mehr eine Kunst und Philosophie ist als das reine technische Erstellen von Kl\u00e4ngen mithilfe von Ger\u00e4ten.<\/i><\/small><br><small><u>Aufgenommen am<\/u> 11.07.2022, <u>ver\u00f6ffentlicht am<\/u> 18.07.2022<\/small><\/td>\n                    <td style=\"border:0px;text-align:right;vertical-align:top\">0:59:32<\/td>\n                    <td style=\"border:0px;text-align:right;vertical-align:top\">189<\/td>\n                <\/tr>\n                            <tr>\n                    <td style=\"border:0px;text-align:right;vertical-align:top\">24<\/td>\n                    <td style=\"border:0px;text-align:left;vertical-align:top\"><strong><a href=\"https:\/\/lautfunk.uber.space\/probepodcast\/probe-podcast-24-grooveboxen\/\">Grooveboxen<\/a><\/strong><br><small><i>Heute geht es um Grooveboxen Herr Notstrom und ich reden \u00fcber unsere Erfahrungen und was zu beachten ist, wenn man sich eine zulegen will.<\/i><\/small><br><small><u>Aufgenommen am<\/u> 18.07.2022, <u>ver\u00f6ffentlicht am<\/u> 25.07.2022<\/small><\/td>\n                    <td style=\"border:0px;text-align:right;vertical-align:top\">1:18:15<\/td>\n                    <td style=\"border:0px;text-align:right;vertical-align:top\">223<\/td>\n                <\/tr>\n                            <tr>\n                    <td style=\"border:0px;text-align:right;vertical-align:top\">25<\/td>\n                    <td style=\"border:0px;text-align:left;vertical-align:top\"><strong><a href=\"https:\/\/lautfunk.uber.space\/probepodcast\/probepodcast25-vieles-neues-rundum-tobi-mm\/\">\"Kraut und R\u00fcben (mit Tobi MM)\"<\/a><\/strong><br><small><i>Heute geht es um Tobis Umzug in eine neue Wohnung, aber eigentlich geht es auch um viele andere Themen, von daher ist dies eine Ausgabe, die von Abschweifungen in musikalische Themen gekennzeichnet ist.<\/i><\/small><br><small><u>Aufgenommen am<\/u> 02.08.2022, <u>ver\u00f6ffentlicht am<\/u> 08.08.2022<\/small><\/td>\n                    <td style=\"border:0px;text-align:right;vertical-align:top\">1:22:11<\/td>\n                    <td style=\"border:0px;text-align:right;vertical-align:top\">230<\/td>\n                <\/tr>\n                            <tr>\n                    <td style=\"border:0px;text-align:right;vertical-align:top\">26<\/td>\n                    <td style=\"border:0px;text-align:left;vertical-align:top\"><strong><a href=\"https:\/\/lautfunk.uber.space\/probepodcast\/probe-podcast-26-prokrastination-und-digitale-veroeffentlichen\/\">Prokrastination und Digitale ver\u00f6ffentlichen<\/a><\/strong><br><small><i>Heute geht es um Prokrastination, die Kunst unliebsame Aufgabe vor sich herschieben und diese sp\u00e4ter machen zu wollen, aber diese wom\u00f6glich nie oder in letzter Sekunde zu erledigen. Ein weiteres Thema ist das Digitale ver\u00f6ffentlichen in verscheidenden Plattformen,<\/i><\/small><br><small><u>Aufgenommen am<\/u> 21.08.2022, <u>ver\u00f6ffentlicht am<\/u> 29.08.2022<\/small><\/td>\n                    <td style=\"border:0px;text-align:right;vertical-align:top\">1:13:15<\/td>\n                    <td style=\"border:0px;text-align:right;vertical-align:top\">171<\/td>\n                <\/tr>\n                            <tr>\n                    <td style=\"border:0px;text-align:right;vertical-align:top\">27<\/td>\n                    <td style=\"border:0px;text-align:left;vertical-align:top\"><strong><a href=\"https:\/\/lautfunk.uber.space\/probepodcast\/probe-podcast-27-live-jams-season-mit-tobi-mm\/\">Live Jams mit Tobi mm<\/a><\/strong><br><small><i>Heute geht es um Tobi MM und seine Live Jams auf YouTube. Wie bereitet er sich vor und wie geht er dabei vor.<\/i><\/small><br><small><u>Aufgenommen am<\/u> 29.08.2022, <u>ver\u00f6ffentlicht am<\/u> 05.09.2022<\/small><\/td>\n                    <td style=\"border:0px;text-align:right;vertical-align:top\">1:50:26<\/td>\n                    <td style=\"border:0px;text-align:right;vertical-align:top\">143<\/td>\n                <\/tr>\n                            <tr>\n                    <td style=\"border:0px;text-align:right;vertical-align:top\">28<\/td>\n                    <td style=\"border:0px;text-align:left;vertical-align:top\"><strong><a href=\"https:\/\/lautfunk.uber.space\/probepodcast\/probe-podcast-28-how-to-podcast\/\">How to Podcast<\/a><\/strong><br><small><i>Wie erstellt Sascha eine Podcast folge und wie wird diese dann so verarbeitet, dass diese folge, dann in einen Podcast verf\u00fcgbar ist und abonniert werden kann.<\/i><\/small><br><small><u>Aufgenommen am<\/u> 05.09.2022, <u>ver\u00f6ffentlicht am<\/u> 12.09.2022<\/small><\/td>\n                    <td style=\"border:0px;text-align:right;vertical-align:top\">1:17:24<\/td>\n                    <td style=\"border:0px;text-align:right;vertical-align:top\">168<\/td>\n                <\/tr>\n                            <tr>\n                    <td style=\"border:0px;text-align:right;vertical-align:top\">29<\/td>\n                    <td style=\"border:0px;text-align:left;vertical-align:top\"><strong><a href=\"https:\/\/lautfunk.uber.space\/probepodcast\/probe-podcast-29-bernd-kistenmacher-ferne-ziele-synthesizer-und-berliner-schule\/\">\"Synthesizerkl\u00e4nge und ferne Ziele: Ein Gespr\u00e4ch mit Bernd Kistenmacher\"<\/a><\/strong><br><small><i><\/i><\/small><br><small><u>Aufgenommen am<\/u> 12.09.2022, <u>ver\u00f6ffentlicht am<\/u> 19.09.2022<\/small><\/td>\n                    <td style=\"border:0px;text-align:right;vertical-align:top\">1:02:31<\/td>\n                    <td style=\"border:0px;text-align:right;vertical-align:top\">305<\/td>\n                <\/tr>\n                            <tr>\n                    <td style=\"border:0px;text-align:right;vertical-align:top\">30<\/td>\n                    <td style=\"border:0px;text-align:left;vertical-align:top\"><strong><a href=\"https:\/\/lautfunk.uber.space\/probepodcast\/probe-podcast-30-eine-nachlesen\/\">Eine Nachlesen<\/a><\/strong><br><small><i>Heute reden wir \u00fcber die letzte Ausgabe und \u00fcber Neues bei Korg sowie DAWs<\/i><\/small><br><small><u>Aufgenommen am<\/u> 16.09.2022, <u>ver\u00f6ffentlicht am<\/u> 26.09.2022<\/small><\/td>\n                    <td style=\"border:0px;text-align:right;vertical-align:top\">0:59:52<\/td>\n                    <td style=\"border:0px;text-align:right;vertical-align:top\">161<\/td>\n                <\/tr>\n                            <tr>\n                    <td style=\"border:0px;text-align:right;vertical-align:top\">31<\/td>\n                    <td style=\"border:0px;text-align:left;vertical-align:top\"><strong><a href=\"https:\/\/lautfunk.uber.space\/probepodcast\/probe-podcast-31-syntheseformen-und-klangsynthese-klaenge-herstellen-teil-1\/\">Syntheseformen und Klangsynthese - Kl\u00e4nge herstellen (Teil 1)<\/a><\/strong><br><small><i>Heute geht es um Synthese formen und Klangsynthese, wir gehen auf die ersten drei ein aus einer Liste von Verfahren zu Klangformung mit Synthesizer.<\/i><\/small><br><small><u>Aufgenommen am<\/u> 28.09.2022, <u>ver\u00f6ffentlicht am<\/u> 03.10.2022<\/small><\/td>\n                    <td style=\"border:0px;text-align:right;vertical-align:top\">1:00:57<\/td>\n                    <td style=\"border:0px;text-align:right;vertical-align:top\">245<\/td>\n                <\/tr>\n                            <tr>\n                    <td style=\"border:0px;text-align:right;vertical-align:top\">32<\/td>\n                    <td style=\"border:0px;text-align:left;vertical-align:top\"><strong><a href=\"https:\/\/lautfunk.uber.space\/probepodcast\/probe-podcast-32-wege-aus-der-g-a-s-krise\/\">Wege aus der G.A.S. Krise<\/a><\/strong><br><small><i>Heute geht es um das GAS und was man dagegen tun kann und um Kosten und Energiebedarf im Studio.\r\n\r\nNEU: ReFx Nexus 4.5 update und das hat es in sich nichts mehr mit Rompler\r\nNEU: Behringer in den USA jetzt g\u00fcnstiger?\r\nNEU: 30 Jahre Novation (1992 - 2022) Gewinne Gewinne Gewinne\r\nNEU: CONNECT 6, LEWITT PR\u00c4SENTIERT ERSTES USB-AUDIOINTERFACE\r\nEnergiekosten f\u00fcr Synthesizer und Studio\r\nSynthesizer Huldigung: Korg Mircox\r\nHauptthema: Wege aus der G.A.S. Krise?<\/i><\/small><br><small><u>Aufgenommen am<\/u> 07.10.2022, <u>ver\u00f6ffentlicht am<\/u> 10.10.2022<\/small><\/td>\n                    <td style=\"border:0px;text-align:right;vertical-align:top\">1:04:10<\/td>\n                    <td style=\"border:0px;text-align:right;vertical-align:top\">188<\/td>\n                <\/tr>\n                            <tr>\n                    <td style=\"border:0px;text-align:right;vertical-align:top\">33<\/td>\n                    <td style=\"border:0px;text-align:left;vertical-align:top\"><strong><a href=\"https:\/\/lautfunk.uber.space\/probepodcast\/probe-podcast-live-001-arturia-rendez-vous-vom-18-10-2022\/\">Arturia Rendez Vous vom 18.10.2022  Live Event<\/a><\/strong><br><small><i>Wir schauen heute den Livestream von Arturia mit den neuen Produkten, die sie vorstellen wollen, an und kommentieren das ganze live w\u00e4hrend der \u00dcbertragung.<\/i><\/small><br><small><u>Aufgenommen am<\/u> 18.10.2022, <u>ver\u00f6ffentlicht am<\/u> 18.10.2022<\/small><\/td>\n                    <td style=\"border:0px;text-align:right;vertical-align:top\">1:03:52<\/td>\n                    <td style=\"border:0px;text-align:right;vertical-align:top\">171<\/td>\n                <\/tr>\n                            <tr>\n                    <td style=\"border:0px;text-align:right;vertical-align:top\">34<\/td>\n                    <td style=\"border:0px;text-align:left;vertical-align:top\"><strong><a href=\"https:\/\/lautfunk.uber.space\/probepodcast\/probe-podcast-33-rolf-woehrmann-von-waldorf-und-syntheseformen-teil-2\/\">Rolf W\u00f6hrmann von WALDORF und Syntheseformen Teil 2<\/a><\/strong><br><small><i>Wer ist Waldorf? Was ist Wavetable Synthese, diese Fragen beantworten wir in dieser Ausgabe mit unserem Gast Rolf W\u00f6hrmann von Waldorf Music.<\/i><\/small><br><small><u>Aufgenommen am<\/u> 16.10.2022, <u>ver\u00f6ffentlicht am<\/u> 24.10.2022<\/small><\/td>\n                    <td style=\"border:0px;text-align:right;vertical-align:top\">0:52:15<\/td>\n                    <td style=\"border:0px;text-align:right;vertical-align:top\">272<\/td>\n                <\/tr>\n                            <tr>\n                    <td style=\"border:0px;text-align:right;vertical-align:top\">35<\/td>\n                    <td style=\"border:0px;text-align:left;vertical-align:top\"><strong><a href=\"https:\/\/lautfunk.uber.space\/probepodcast\/probe-podcast-34-composer-cheats-news-arturia-und-303iges\/\">Composer Cheats, News, Arturia und 303iges<\/a><\/strong><br><small><i>Heute geht es noch mal um das live Event von Arturia und um den 303 Sound.<\/i><\/small><br><small><u>Aufgenommen am<\/u> 23.10.2022, <u>ver\u00f6ffentlicht am<\/u> 31.10.2022<\/small><\/td>\n                    <td style=\"border:0px;text-align:right;vertical-align:top\">1:34:43<\/td>\n                    <td style=\"border:0px;text-align:right;vertical-align:top\">218<\/td>\n                <\/tr>\n                            <tr>\n                    <td style=\"border:0px;text-align:right;vertical-align:top\">36<\/td>\n                    <td style=\"border:0px;text-align:left;vertical-align:top\"><strong><a href=\"https:\/\/lautfunk.uber.space\/probepodcast\/probe-podcast-35-florian-anwander\/\">Florian Anwander -Spezialist f\u00fcr Tontechnik und Musikelektronik<\/a><\/strong><br><small><i>Heute im Podcast Florian Anwander ein Urgestein der deutschen Synthesizer Landschaft<\/i><\/small><br><small><u>Aufgenommen am<\/u> 25.10.2022, <u>ver\u00f6ffentlicht am<\/u> 07.11.2022<\/small><\/td>\n                    <td style=\"border:0px;text-align:right;vertical-align:top\">1:10:35<\/td>\n                    <td style=\"border:0px;text-align:right;vertical-align:top\">247<\/td>\n                <\/tr>\n                            <tr>\n                    <td style=\"border:0px;text-align:right;vertical-align:top\">37<\/td>\n                    <td style=\"border:0px;text-align:left;vertical-align:top\"><strong><a href=\"https:\/\/lautfunk.uber.space\/probepodcast\/probe-podcast-36-moogulator-dean-freud-vom-sequencertalk\/\">Dean Freud und \"Moogulator\" vom \"SequencerTalk\"<\/a><\/strong><br><small><i>Heute geht es um den SequencerTalk vom Moogulator & Dean Freud, neues und vieles an Abschweifungen.<\/i><\/small><br><small><u>Aufgenommen am<\/u> 08.11.2022, <u>ver\u00f6ffentlicht am<\/u> 14.11.2022<\/small><\/td>\n                    <td style=\"border:0px;text-align:right;vertical-align:top\">1:11:40<\/td>\n                    <td style=\"border:0px;text-align:right;vertical-align:top\">250<\/td>\n                <\/tr>\n                            <tr>\n                    <td style=\"border:0px;text-align:right;vertical-align:top\">38<\/td>\n                    <td style=\"border:0px;text-align:left;vertical-align:top\"><strong><a href=\"https:\/\/lautfunk.uber.space\/probepodcast\/probe-podcast-37-bernd-michael-land-im-interview\/\">Bernd-Michael Land im Interview<\/a><\/strong><br><small><i>Heute zu Gast Bernd-Michael Land im Interview \u00fcber seine Musik und sein Werdegang als Komponist und Songwriter.<\/i><\/small><br><small><u>Aufgenommen am<\/u> 08.11.2022, <u>ver\u00f6ffentlicht am<\/u> 21.11.2022<\/small><\/td>\n                    <td style=\"border:0px;text-align:right;vertical-align:top\">1:11:31<\/td>\n                    <td style=\"border:0px;text-align:right;vertical-align:top\">214<\/td>\n                <\/tr>\n                            <tr>\n                    <td style=\"border:0px;text-align:right;vertical-align:top\">39<\/td>\n                    <td style=\"border:0px;text-align:left;vertical-align:top\"><strong><a href=\"https:\/\/lautfunk.uber.space\/probepodcast\/probe-podcast-38-daw-vs-dawless\/\">DAW vs DAWLESS<\/a><\/strong><br><small><i>Heute geht es um das Arbeiten mit oder ohne Digital Audio Workstation.<\/i><\/small><br><small><u>Aufgenommen am<\/u> 12.11.2022, <u>ver\u00f6ffentlicht am<\/u> 28.11.2022<\/small><\/td>\n                    <td style=\"border:0px;text-align:right;vertical-align:top\">1:09:34<\/td>\n                    <td style=\"border:0px;text-align:right;vertical-align:top\">261<\/td>\n                <\/tr>\n                            <tr>\n                    <td style=\"border:0px;text-align:right;vertical-align:top\">40<\/td>\n                    <td style=\"border:0px;text-align:left;vertical-align:top\"><strong><a href=\"https:\/\/lautfunk.uber.space\/probepodcast\/probe-podcast-39-mathias-fuchss-von-faderfox-im-interview\/\">Mathias Fuch\u00df von Faderfox im interview<\/a><\/strong><br><small><i>Heute ist Mathias Fuch\u00df von Faderfox bei uns zu Gast und berichtet \u00fcber seine Firma die Controller herstellt f\u00fcr Musik Anwendungen<\/i><\/small><br><small><u>Aufgenommen am<\/u> 22.11.2022, <u>ver\u00f6ffentlicht am<\/u> 05.12.2022<\/small><\/td>\n                    <td style=\"border:0px;text-align:right;vertical-align:top\">1:02:25<\/td>\n                    <td style=\"border:0px;text-align:right;vertical-align:top\">175<\/td>\n                <\/tr>\n                            <tr>\n                    <td style=\"border:0px;text-align:right;vertical-align:top\">41<\/td>\n                    <td style=\"border:0px;text-align:left;vertical-align:top\"><strong><a href=\"https:\/\/lautfunk.uber.space\/probepodcast\/probe-podcast-40-vermona-elektroakustische-manufaktur\/\">Vermona Elektroakustische Manufaktur<\/a><\/strong><br><small><i>Heute geht es um die Elektroakustische Manufaktur Vermona einigen sicherlich bekannt von ihren Modular-Modulen, andere eher wegen ihrer Synthesizer oder Drum Modulen wie der bekannte voll analoge DRM1<\/i><\/small><br><small><u>Aufgenommen am<\/u> 23.11.2022, <u>ver\u00f6ffentlicht am<\/u> 12.12.2022<\/small><\/td>\n                    <td style=\"border:0px;text-align:right;vertical-align:top\">1:16:58<\/td>\n                    <td style=\"border:0px;text-align:right;vertical-align:top\">206<\/td>\n                <\/tr>\n                            <tr>\n                    <td style=\"border:0px;text-align:right;vertical-align:top\">42<\/td>\n                    <td style=\"border:0px;text-align:left;vertical-align:top\"><strong><a href=\"https:\/\/lautfunk.uber.space\/probepodcast\/probe-podcast-41-weihnachts-potpourri\/\">Weihnachts Potpourri<\/a><\/strong><br><small><i>Heute ist wieder unser lieber Herr Tobi MM mit dabei und berichtet in dieser weihnachtlichen Ausgabe \u00fcber seine Neuanschaffungen und \u00fcber das, was ihn dabei Kopfzerbrechen bereitet hat. Wie immer, wenn Tobi dabei ist, ist dies eine Sendung, die nur so voller Potpourri an Abschweifungen nur so schwelgt.<\/i><\/small><br><small><u>Aufgenommen am<\/u> 30.11.2022, <u>ver\u00f6ffentlicht am<\/u> 19.12.2022<\/small><\/td>\n                    <td style=\"border:0px;text-align:right;vertical-align:top\">2:41:48<\/td>\n                    <td style=\"border:0px;text-align:right;vertical-align:top\">284<\/td>\n                <\/tr>\n                            <tr>\n                    <td style=\"border:0px;text-align:right;vertical-align:top\">43<\/td>\n                    <td style=\"border:0px;text-align:left;vertical-align:top\"><strong><a href=\"https:\/\/lautfunk.uber.space\/probepodcast\/probe-podcast-42-jahresausklang\/\">Jahresausklang<\/a><\/strong><br><small><i>Ein R\u00fcckblick auf das Jahr 2022, mit vielen Abschweifungen und einiges an Neuigkeiten.<\/i><\/small><br><small><u>Aufgenommen am<\/u> 26.12.2022, <u>ver\u00f6ffentlicht am<\/u> 28.12.2022<\/small><\/td>\n                    <td style=\"border:0px;text-align:right;vertical-align:top\">1:53:45<\/td>\n                    <td style=\"border:0px;text-align:right;vertical-align:top\">317<\/td>\n                <\/tr>\n                    <\/tbody>\n    <\/table>\n<h2 id=\"3\">Staffel 3&nbsp;-&nbsp;<\/h2>\n<p><\/p>\n<p>Die Staffel ist am 01.01.2023 gestartet. Die erste Episode hie\u00df \"Synthesizer verkauf wird meldepflichtig\" und wir haben sie am 16.01.2023 aufgenommen.<\/p>\n<h3>Episodenliste:<\/h3>\n    <table style=\"border:0px\">\n        <thead>\n            <tr>\n                <th style=\"border:0px;text-align:left;vertical-align:top;width:7%\"><u>Nr.<\/u><\/th>\n                <th style=\"border:0px;text-align:left;vertical-align:top\"><u>Titel &amp; Zusammenfassung<\/u><\/th>\n                <th style=\"border:0px;text-align:left;vertical-align:top;width:13%\"><u>Dauer<\/u><\/th>\n                <th style=\"border:0px;text-align:left;vertical-align:top;width:13%\"><u>Downloads<\/u><\/th>\n            <\/tr>\n        <\/thead>\n        <tbody>\n                            <tr>\n                    <td style=\"border:0px;text-align:right;vertical-align:top\">44<\/td>\n                    <td style=\"border:0px;text-align:left;vertical-align:top\"><strong><a href=\"https:\/\/lautfunk.uber.space\/probepodcast\/probe-podcast-43-synthesizer-verkauf-wird-meldepflichtig\/\">Synthesizer verkauf wird meldepflichtig<\/a><\/strong><br><small><i>Der Start ins neue Jahr und privat Verk\u00e4ufe werden meldepflichtig.<\/i><\/small><br><small><u>Aufgenommen am<\/u> 16.01.2023, <u>ver\u00f6ffentlicht am<\/u> 23.01.2023<\/small><\/td>\n                    <td style=\"border:0px;text-align:right;vertical-align:top\">1:02:19<\/td>\n                    <td style=\"border:0px;text-align:right;vertical-align:top\">186<\/td>\n                <\/tr>\n                            <tr>\n                    <td style=\"border:0px;text-align:right;vertical-align:top\">45<\/td>\n                    <td style=\"border:0px;text-align:left;vertical-align:top\"><strong><a href=\"https:\/\/lautfunk.uber.space\/probepodcast\/probe-podcast-44-hobbys-und-familie\/\">Hobbys und Familie<\/a><\/strong><br><small><i>Heute geht es um die Familie und das Aus\u00fcben von Hobbys.<\/i><\/small><br><small><u>Aufgenommen am<\/u> 22.01.2023, <u>ver\u00f6ffentlicht am<\/u> 30.01.2023<\/small><\/td>\n                    <td style=\"border:0px;text-align:right;vertical-align:top\">0:55:56<\/td>\n                    <td style=\"border:0px;text-align:right;vertical-align:top\">190<\/td>\n                <\/tr>\n                            <tr>\n                    <td style=\"border:0px;text-align:right;vertical-align:top\">46<\/td>\n                    <td style=\"border:0px;text-align:left;vertical-align:top\"><strong><a href=\"https:\/\/lautfunk.uber.space\/probepodcast\/probe-podcast-45-jugendfreies-gearnews-lesen\/\">Jugendfreies Gearnews lesen<\/a><\/strong><br><small><i>Ja... das ist diesmal etwas eskaliert hier. Eigentlich lesen sie (mal wieder zu dritt) nur eine Newsseite und schweifen wie gewohnt ab. Nur halt ein bisschen woanders hin.<\/i><\/small><br><small><u>Aufgenommen am<\/u> 31.01.2023, <u>ver\u00f6ffentlicht am<\/u> 13.02.2023<\/small><\/td>\n                    <td style=\"border:0px;text-align:right;vertical-align:top\">1:11:16<\/td>\n                    <td style=\"border:0px;text-align:right;vertical-align:top\">161<\/td>\n                <\/tr>\n                            <tr>\n                    <td style=\"border:0px;text-align:right;vertical-align:top\">47<\/td>\n                    <td style=\"border:0px;text-align:left;vertical-align:top\"><strong><a href=\"https:\/\/lautfunk.uber.space\/probepodcast\/probe-podcast-46-mit-tobi-workhorses\/\">mit Tobi - Workhorses<\/a><\/strong><br><small><i>Die Anti-GAS-Folge. Raus mit dem Konsumismus, hin zu langj\u00e4hrigen Besitzverh\u00e4ltnissen. Das Trio listet seine Lieblingsjapaner auf, sinniert \u00fcber Branchenstandards und h\u00e4lt die n\u00e4chste \u00fcberfl\u00fcssige Eloge auf \"sein Zeug kennen\", um sich den garantiert n\u00e4chsten GAS-Schub sch\u00f6n zu labern. Ein ausuferndes Gespr\u00e4ch \u00fcber Workflows, Firmen, die \"alles richtig machen\" und das Zusammenspiel von Zeitgeist und verf\u00fcgbaren Werkzeugen ... in gewohnter Tobi-zu-Gast - \u00dcberl\u00e4nge.<\/i><\/small><br><small><u>Aufgenommen am<\/u> 06.02.2023, <u>ver\u00f6ffentlicht am<\/u> 20.02.2023<\/small><\/td>\n                    <td style=\"border:0px;text-align:right;vertical-align:top\">2:31:57<\/td>\n                    <td style=\"border:0px;text-align:right;vertical-align:top\">209<\/td>\n                <\/tr>\n                            <tr>\n                    <td style=\"border:0px;text-align:right;vertical-align:top\">48<\/td>\n                    <td style=\"border:0px;text-align:left;vertical-align:top\"><strong><a href=\"https:\/\/lautfunk.uber.space\/probepodcast\/probe-podcast-47-syntheseformen-granularsynthese\/\">Syntheseformen Granularsynthese<\/a><\/strong><br><small><i>Heute gibt es den dritten Teil der Syntheseformen reihe mit der Granularsynthese<\/i><\/small><br><small><u>Aufgenommen am<\/u> 17.02.2023, <u>ver\u00f6ffentlicht am<\/u> 27.02.2023<\/small><\/td>\n                    <td style=\"border:0px;text-align:right;vertical-align:top\">0:53:56<\/td>\n                    <td style=\"border:0px;text-align:right;vertical-align:top\">297<\/td>\n                <\/tr>\n                            <tr>\n                    <td style=\"border:0px;text-align:right;vertical-align:top\">49<\/td>\n                    <td style=\"border:0px;text-align:left;vertical-align:top\"><strong><a href=\"https:\/\/lautfunk.uber.space\/probepodcast\/probe-podcast-48-limbic-bits-und-sound-design\/\">Limbic Bits und Sound Design<\/a><\/strong><br><small><i>Heute geht es um Sound Design und besonders um die Arbeit vom Limbic Bits in diesem Bereich.<\/i><\/small><br><small><u>Aufgenommen am<\/u> 24.02.2023, <u>ver\u00f6ffentlicht am<\/u> 06.03.2023<\/small><\/td>\n                    <td style=\"border:0px;text-align:right;vertical-align:top\">0:57:57<\/td>\n                    <td style=\"border:0px;text-align:right;vertical-align:top\">188<\/td>\n                <\/tr>\n                            <tr>\n                    <td style=\"border:0px;text-align:right;vertical-align:top\">50<\/td>\n                    <td style=\"border:0px;text-align:left;vertical-align:top\"><strong><a href=\"https:\/\/lautfunk.uber.space\/probepodcast\/probe-podcast-49-stefan-gubatz-kabel-und-knoepfe\/\">Stefan Gubatz \"Kabel und Kn\u00f6pfe\"<\/a><\/strong><br><small><i>Heute redet Stefan Gubatz \u00fcber seinen Podcast \"Kabel und Kn\u00f6pfe\" und \u00fcber das Musik machen im Allgemeinen.<\/i><\/small><br><small><u>Aufgenommen am<\/u> 03.03.2023, <u>ver\u00f6ffentlicht am<\/u> 13.03.2023<\/small><\/td>\n                    <td style=\"border:0px;text-align:right;vertical-align:top\">1:17:27<\/td>\n                    <td style=\"border:0px;text-align:right;vertical-align:top\">278<\/td>\n                <\/tr>\n                            <tr>\n                    <td style=\"border:0px;text-align:right;vertical-align:top\">51<\/td>\n                    <td style=\"border:0px;text-align:left;vertical-align:top\"><strong><a href=\"https:\/\/lautfunk.uber.space\/probepodcast\/probe-podcast-50-die-jubilaumsausgabe\/\">Die Jubil\u00e4umsausgabe<\/a><\/strong><br><small><i>Das gro\u00dfe Potpourri an Gratulatorien zur Kindergartentauglichkeit dieser Veranstaltung hier (f\u00fcnf Jahre), zum halben hundert an Ausgaben (davon mehr als die H\u00e4lfte in den letzten 12 Monaten) und zur sukzessiven Verg\u00e4nglichkeit unseres allseits gesch\u00e4tzten Hosts Raumwelle (irgendwas mit einer Vier und Sechs). \n\nAnl\u00e4sslich dessen gibts feierw\u00fctiges Beisammensein im freundschaftlichen Verh\u00e4ltnis mit einigen Charakterk\u00f6pfen, bekannt bereits aus vergangenen Folgen in Zusammenarbeit mit unserer Lieblingsdigitalkneipe sequencer.de, von denen einige herausragende Laune haben, andere \"nur\" Probleme mit dem Ton - und so ziemlich alle ihre Meinung und Ansichten \u00fcber Dinge, \u00fcber die man eigentlich schon l\u00e4ngst mal h\u00e4tte reden k\u00f6nnen. Sei es die live Tauglichkeit der eigenen Musik, das ewige Dilemma der verf\u00fcgbaren R\u00e4ume oder die Frage der Nachwuchsf\u00f6rderung auf sozialpolitischer Ebene. So sinniert und austauscht man sich in bemerkenswerter \u00dcberl\u00e4nge und trauter Uneinigkeit durch die Themen, die die Welt bewegen - und sagt dabei auch nur ein einziges Mal \"Roland SH4d\".<\/i><\/small><br><small><u>Aufgenommen am<\/u> 19.03.2023, <u>ver\u00f6ffentlicht am<\/u> 03.04.2023<\/small><\/td>\n                    <td style=\"border:0px;text-align:right;vertical-align:top\">2:54:19<\/td>\n                    <td style=\"border:0px;text-align:right;vertical-align:top\">238<\/td>\n                <\/tr>\n                            <tr>\n                    <td style=\"border:0px;text-align:right;vertical-align:top\">52<\/td>\n                    <td style=\"border:0px;text-align:left;vertical-align:top\"><strong><a href=\"https:\/\/lautfunk.uber.space\/probepodcast\/probe-podcast-51-waves-spezial-aka-die-welle\/\">Waves Spezial aka Die Welle<\/a><\/strong><br><small><i>Mit einer Schulklasse den Faschismus proben; dumme Idee. Sich f\u00fcr den Marktf\u00fchrer halten und die Kunden \u00fcber Nacht auf Abo-Only-Modelle zwingen wollen; \u00e4hnlich dumm. Aber probieren muss mans ja mal...\n\nSascha und Tobi kauen den Bl\u00f6dsinn ganz bewusst nicht nochmal ausf\u00fchrlich durch - daf\u00fcr wurde schon gen\u00fcgend Speicherplatz im Weltnetz zugesch\u00fcttet. Stattdessen entfaltet sich nach kurzer Synopsis ein Gespr\u00e4ch dar\u00fcber, was da eigentlich schief lief, wie man es h\u00e4tte anders machen k\u00f6nnen und was die Konkurrenz da eigentlich falsch oder richtig macht beim Versuch, noch mehr Geld aus den Kunden zu quetschen. Eine Dreiviertelstunde \u00fcber Big N, die kleine nette Firma mit dem K, Mikrotransaktionen und warum eigentlich alle den gleichen dummen Fehler begehen m\u00fcssen.<\/i><\/small><br><small><u>Aufgenommen am<\/u> 01.04.2023, <u>ver\u00f6ffentlicht am<\/u> 17.04.2023<\/small><\/td>\n                    <td style=\"border:0px;text-align:right;vertical-align:top\">0:48:04<\/td>\n                    <td style=\"border:0px;text-align:right;vertical-align:top\">195<\/td>\n                <\/tr>\n                            <tr>\n                    <td style=\"border:0px;text-align:right;vertical-align:top\">53<\/td>\n                    <td style=\"border:0px;text-align:left;vertical-align:top\"><strong><a href=\"https:\/\/lautfunk.uber.space\/probepodcast\/probe-podcast-52-ios-mobiles-musikmachen-teil-1-der-grobe-ueberblick\/\">iOS - mobiles Musikmachen, Teil 1: Der grobe \u00dcberblick<\/a><\/strong><br><small><i><\/i><\/small><br><small><u>Aufgenommen am<\/u> 06.05.2023, <u>ver\u00f6ffentlicht am<\/u> 08.05.2023<\/small><\/td>\n                    <td style=\"border:0px;text-align:right;vertical-align:top\">1:53:52<\/td>\n                    <td style=\"border:0px;text-align:right;vertical-align:top\">219<\/td>\n                <\/tr>\n                            <tr>\n                    <td style=\"border:0px;text-align:right;vertical-align:top\">54<\/td>\n                    <td style=\"border:0px;text-align:left;vertical-align:top\"><strong><a href=\"https:\/\/lautfunk.uber.space\/probepodcast\/probe-podcast-53-die-superbooth-nachlese\/\">Die Superbooth-Nachlese<\/a><\/strong><br><small><i>Unsere drei Moderatoren streifen durch die neuesten Neuigkeiten aus dem Postfrankfurter Konsumtempel der neuen Zeit der Superbooth, philosophieren \u00fcber Nachhaltigkeit, durch hohe Preise und Fachsimpeln, \u00fcber Billogranularsynthese, nicht ohne gelegentlich \u00fcber Fettn\u00e4pfchen der neopolitischen Korrektheit zu stolpern.<\/i><\/small><br><small><u>Aufgenommen am<\/u> 18.05.2023, <u>ver\u00f6ffentlicht am<\/u> 22.05.2023<\/small><\/td>\n                    <td style=\"border:0px;text-align:right;vertical-align:top\">1:29:47<\/td>\n                    <td style=\"border:0px;text-align:right;vertical-align:top\">240<\/td>\n                <\/tr>\n                            <tr>\n                    <td style=\"border:0px;text-align:right;vertical-align:top\">55<\/td>\n                    <td style=\"border:0px;text-align:left;vertical-align:top\"><strong><a href=\"https:\/\/lautfunk.uber.space\/probepodcast\/probe-podcast-54-wein-glas-im-interview\/\">Weinglas im Interview<\/a><\/strong><br><small><i>Willkommen zu einer neuen Folge unseres Podcasts, in der wir spannende G\u00e4ste aus der Welt der elektronischen Musik interviewen. Heute haben wir die Ehre, mit Claus zu sprechen, der unter dem K\u00fcnstlernamen Weinglas bekannt ist. Er ist ein virtuoser Live-Musiker, der mit seinem Buchla Modular Synthesizer faszinierende Klangwelten erschafft. Der Buchla Modular Synthesizer ist ein legend\u00e4res Instrument, das von dem Pionier Don Buchla in den 1960er Jahren entwickelt wurde. Er zeichnet sich durch seine einzigartige Architektur, seine vielf\u00e4ltigen Module und seine expressive Spielweise aus. Thomas und ich unterhalten uns mit Weinglas \u00fcber seine musikalische Laufbahn, seine Erfahrungen mit dem Buchla-System und seine Tipps f\u00fcr alle, die sich f\u00fcr modulare Synthese interessieren oder selbst einen Buchla besitzen wollen.<\/i><\/small><br><small><u>Aufgenommen am<\/u> 02.06.2023, <u>ver\u00f6ffentlicht am<\/u> 05.06.2023<\/small><\/td>\n                    <td style=\"border:0px;text-align:right;vertical-align:top\">1:04:19<\/td>\n                    <td style=\"border:0px;text-align:right;vertical-align:top\">198<\/td>\n                <\/tr>\n                            <tr>\n                    <td style=\"border:0px;text-align:right;vertical-align:top\">56<\/td>\n                    <td style=\"border:0px;text-align:left;vertical-align:top\"><strong><a href=\"https:\/\/lautfunk.uber.space\/probepodcast\/probe-podcast-55-neues-ueber-neues-und-ein-nerd-talk-ueber-apple-neueste-geraetschaften\/\">Neues \u00fcber Neues und ein Nerd Talk \u00fcber Apple neueste Ger\u00e4tschaften<\/a><\/strong><br><small><i>Willkommen zu einer neuen Folge unseres Podcasts, in der wir Ihnen die aufregendsten Neuigkeiten aus der Audiowelt pr\u00e4sentieren! In dieser Episode werden wir \u00fcber einige bedeutende Ver\u00e4nderungen und Innovationen in der Branche sprechen.\n\nWir starten mit den aktuellen Nachrichten von Native Instruments, einem renommierten Unternehmen in der Musikproduktionsbranche. Vor Kurzem hat Native Instruments iZotope, Brainworx und Plug-in Alliance \u00fcbernommen. Diese Fusion f\u00fchrt zu spannenden Synergien und er\u00f6ffnet Musikerinnen und Musikern neue M\u00f6glichkeiten, ihre Kreativit\u00e4t auszuleben. Wir werden \u00fcber die Auswirkungen dieser \u00dcbernahmen auf die Produktpalette von Native Instruments und auf die Musikproduktion im Allgemeinen sprechen.\n\nDes Weiteren berichten wir \u00fcber die aufregende Neuigkeit, dass die Firma Moog von der Firma inMusic \u00fcbernommen wurde. Moog ist bekannt f\u00fcr seine bahnbrechenden Synthesizer und Effektger\u00e4te, und diese \u00dcbernahme k\u00f6nnte neue Chancen f\u00fcr Innovationen und Synergien in der Audiowelt er\u00f6ffnen. Wir werden \u00fcber die m\u00f6glichen Auswirkungen dieser \u00dcbernahme auf Moog-Produkte und die Musikgemeinschaft im Allgemeinen sprechen.\n\nAu\u00dferdem werfen wir einen Blick auf die neuesten Ver\u00f6ffentlichungen von Arturia, einem f\u00fchrenden Unternehmen in der Entwicklung von Software- und Hardware-Synthesizern. Wir werden die spannenden neuen Produkte und Funktionen diskutieren, die Arturia k\u00fcrzlich auf den Markt gebracht hat und wie sie die Musikproduktion beeinflussen k\u00f6nnen.\n\nDes Weiteren stellen wir Ihnen die neuesten Entwicklungen von Rode vor, einem renommierten Hersteller von Mikrofonen und Audioger\u00e4ten. Wir werden \u00fcber ihre innovativen Produkte und Technologien sprechen, die professionelle Aufnahmen und Live-Auftritte auf ein neues Niveau heben k\u00f6nnen.\n\nDar\u00fcber hinaus pr\u00e4sentieren wir Ihnen den neuen Synthesizer von Erica Synths, einem aufstrebenden Unternehmen in der Eurorack-Szene. Dieser neue Synth bietet eine breite Palette an klanglichen M\u00f6glichkeiten und k\u00f6nnte f\u00fcr Sounddesigner und Musikerinnen und Musiker von gro\u00dfem Interesse sein.\n\nSchlie\u00dflich werden wir \u00fcber die neuesten Updates und Ver\u00f6ffentlichungen von Tracktion sprechen. Das Unternehmen hat k\u00fcrzlich die Version 12.5 ihrer beliebten Digital Audio Workstation (DAW) ver\u00f6ffentlicht und ein neues Effektplugin namens \"Love\" herausgebracht. Wir werden \u00fcber die neuen Funktionen und Verbesserungen sprechen, die diese Updates mit sich bringen, und wie sie die Musikproduktion beeinflussen k\u00f6nnen.\n\nBleiben Sie dran, um mehr \u00fcber diese faszinierenden Entwicklungen und Innovationen in der Audiowelt zu erfahren. Unsere Experten werden die Auswirkungen dieser Ver\u00e4nderungen analysieren, branchenrelevante Fragen diskutieren und ihre Einsch\u00e4tzungen zu den neuesten Entwicklungen geben.\n\nWir laden Sie ein, uns in dieser spannenden Episode zu begleiten und einen Blick hinter die Kulissen der Audiowelt zu werfen. Erfahren Sie mehr \u00fcber die Integration von iZotope, Brainworx und Plug-in Alliance in Native Instruments und wie dies die Musikproduktion revolutionieren k\u00f6nnte. Entdecken Sie die Vision von Apple und ihre neuen Ans\u00e4tze zur Bereitstellung innovativer Tools f\u00fcr Musikerinnen und Musiker. Erfahren Sie, wie die \u00dcbernahme von Moog durch die Firma in Music neue kreative M\u00f6glichkeiten f\u00fcr Synthesizer-Enthusiasten er\u00f6ffnet.\n\nWir werden auch die neuesten Ver\u00f6ffentlichungen und Innovationen von Arturia, Rode, Erica Synths und Tracktion genauer unter die Lupe nehmen. Lassen Sie sich von den aufregenden neuen Produkten, Funktionen und Technologien inspirieren und entdecken Sie, wie sie Ihre Musikproduktion und Klanggestaltung beeinflussen k\u00f6nnen.\n\nAls N\u00e4chstes befassen wir uns mit der neuen Produktphilosophie von Apple. Das Unternehmen hat k\u00fcrzlich einige bemerkenswerte Ver\u00e4nderungen angek\u00fcndigt, die die Art und Weise, wie wir Musik machen und konsumieren, beeinflussen k\u00f6nnten. Wir werden \u00fcber die neuesten Entwicklungen im Apple-\u00d6kosystem.<\/i><\/small><br><small><u>Aufgenommen am<\/u> 16.06.2023, <u>ver\u00f6ffentlicht am<\/u> 19.06.2023<\/small><\/td>\n                    <td style=\"border:0px;text-align:right;vertical-align:top\">1:41:18<\/td>\n                    <td style=\"border:0px;text-align:right;vertical-align:top\">191<\/td>\n                <\/tr>\n                            <tr>\n                    <td style=\"border:0px;text-align:right;vertical-align:top\">57<\/td>\n                    <td style=\"border:0px;text-align:left;vertical-align:top\"><strong><a href=\"https:\/\/lautfunk.uber.space\/probepodcast\/probe-podcast-bonus-002-archivgespraech\/\">Archivgespr\u00e4ch<\/a><\/strong><br><small><i>Sommerloch-\u00dcberbr\u00fcckung in Abwesenheit: Das gem\u00fctliche Proberaum-Gespr\u00e4ch aus dem wegen Moog-Sellout geplatztem ersten Anlauf der Ausgabe 55, aufgenommen Mitte Juni. Tobi und Sascha spielen sich gegenseitig die B\u00e4lle zu, sinnieren \u00fcber Setup-Bau, Live-Gigs, Filterfahrten im Midiplayback und die Frage, warum ein Drumpad so viel mehr Applaus kriegt als ein Trackpad. Leicht gecuttet, inhaltlich unver\u00e4ndert, Edit: by Tobi.\n\nInmitten des Sommerlochs, in dem sich oft wenig Aufregendes ereignet, pr\u00e4sentieren wir Ihnen einen besonderen Leckerbissen: ein aufgezeichnetes Proberaum-Gespr\u00e4ch, das urspr\u00fcnglich f\u00fcr die geplatzte Ausgabe 55 vorgesehen war. Der Grund f\u00fcr die Absage? Ein vermeintlicher Verkaufsausstieg von Moog, der f\u00fcr reichlich Aufsehen gesorgt hatte. Doch das hielt Tobi und Sascha nicht davon ab, sich in ihrem gem\u00fctlichen Proberaum zu treffen und angeregt \u00fcber verschiedene Themen zu plaudern.\n\nDie beiden Musiker spielen sich die B\u00e4lle zu und tauschen ihre Gedanken \u00fcber den Bau ihres Setups aus. Dabei geht es nicht nur um technische Details, sondern auch um die Live-Auftritte, bei denen sie ihre Musik zum Besten geben. Sie diskutieren dar\u00fcber, wie man mit Filtern und Midiplaybacks experimentieren kann und warum ein Drumpad oft mehr Beifall erntet als ein Trackpad, obwohl beide Instrumente ihre eigene Bedeutung haben.\n\nDas Gespr\u00e4ch wurde leicht geschnitten, um einen fl\u00fcssigen Ablauf zu gew\u00e4hrleisten, aber der Inhalt bleibt unver\u00e4ndert. Tobi \u00fcbernahm die Bearbeitung des Materials, um sicherzustellen, dass es den H\u00f6rern in bestm\u00f6glicher Form pr\u00e4sentiert wird.\n\nTauchen Sie ein in die Welt des Proberaums, lauschen Sie den anregenden Gespr\u00e4chen \u00fcber Musik, Technik und den Alltag von Musikern. Dieses einzigartige Audioerlebnis wird Sie in seinen Bann ziehen und Ihnen eine unterhaltsame \u00dcberbr\u00fcckung des Sommerlochs bieten.<\/i><\/small><br><small><u>Aufgenommen am<\/u> 09.06.2023, <u>ver\u00f6ffentlicht am<\/u> 03.07.2023<\/small><\/td>\n                    <td style=\"border:0px;text-align:right;vertical-align:top\">0:54:25<\/td>\n                    <td style=\"border:0px;text-align:right;vertical-align:top\">205<\/td>\n                <\/tr>\n                            <tr>\n                    <td style=\"border:0px;text-align:right;vertical-align:top\">58<\/td>\n                    <td style=\"border:0px;text-align:left;vertical-align:top\"><strong><a href=\"https:\/\/lautfunk.uber.space\/probepodcast\/probe-podcast-56-smem-klemens-trenkle\/\">Das SMEM - von und mit Klemens Trenkle<\/a><\/strong><br><small><i>Probe Podcast 56 - ein Interview mit Klemens Niklaus Trenkle vom SMEM - dem Schweizer Museum und Zentrum f\u00fcr Elektronische Musikinstrumente.\nHeute erfahren unsere gesch\u00e4tzten Zuh\u00f6rer in dieser Folge von Klemens Nikolaus Trenkle, seines Zeichens Model, Schauspieler, Regisseur, Multimedia Spezialist, Musikalienh\u00e4ndler und Tontechniker, wie das Synthesizer Museum in Fribourg von ihm gegr\u00fcndet wurde und warum es immer einen Besuch wert ist, sich die 5000 Instrumente umfassende Sammlung auf 600qm Ausstellungsfl\u00e4che anzusehen. Au\u00dferdem wird \u00fcber den Millioniser 2000, morphische Felder, Synthesizer-Ikonen und -Obskurit\u00e4ten philosophiert und das Herr Raumwelle jemanden kennt, der mit Klaus Kinski in einer WG gewohnt hat.\n\nIn diesem Podcast unter anderem (ein grobes Inhaltverzeichnis):\n- Klemens erz\u00e4hlt vom Beginn und den ersten Absichten seiner Sammlung und wie er damit schliesslich nach Freiburg kam.\n- Eine Unterhaltung zwischen Klemens und Notstrom dar\u00fcber, wie und warum man eigentlich zum Sammeln kommt - oder vielmehr; die Sammlung zu dir.\n- Ikonischer Kram und obskures Zeug - von Sachen zum Umh\u00e4ngen und zum draufklopfen, von R\u00f6hrenzeug aus den 50ern das aussieht wie ein grosses Radio und von ausgeh\u00f6lten Prophet 5's.\n- Alt und Neu; ein l\u00e4ngeres Situationsgespr\u00e4ch \u00fcber die Frage, wie greifbare Technik auch heute noch - im Zeitalter der In-The-Box - Produktion ihren Stellenwert und ihren inspirierenden Charakter behalten kann, oder vielleicht sogar ausbaut.\n- Letzten Endes will man die Dinge anfassen; Eine Haptikdebatte mit Anschauungsbeispiel (mangels Videopodcast ohne Bild)\n- Noch mehr SMEM: Von Besuchern, AirBnBs und Residenzen. Was das SMEM anbieten m\u00f6chte, wer schon alles da war und wie sich das weiternetwickeln k\u00f6nnte. Eine vorausblickende Unterhaltung mit Einladung und \u00fcber den Wunsch, Zeitgeschichte plastisch vermitteln zu k\u00f6nnen, auch dann, wenn man selbst fehlt.\n- Mellotron 101: Das ist eigentliche eine Klammerbemerkung, aber hier lernt man in 3 Minuten so viel \u00fcber das Mellotron, kannste zweimal damit Wikipedia bef\u00fcllen.\n- Die Frage jedes Interwievs: was macht der Gast eigentlich sonst noch so? Lebensweisheiten aus 60 Jahren, von der Neugierde und der Freude.\n- (rausgeschnitten): Chinesische Witze. Sorry.<\/i><\/small><br><small><u>Aufgenommen am<\/u> 06.07.2023, <u>ver\u00f6ffentlicht am<\/u> 17.07.2023<\/small><\/td>\n                    <td style=\"border:0px;text-align:right;vertical-align:top\">1:18:13<\/td>\n                    <td style=\"border:0px;text-align:right;vertical-align:top\">277<\/td>\n                <\/tr>\n                            <tr>\n                    <td style=\"border:0px;text-align:right;vertical-align:top\">59<\/td>\n                    <td style=\"border:0px;text-align:left;vertical-align:top\"><strong><a href=\"https:\/\/lautfunk.uber.space\/probepodcast\/probe-podcast-57-faszinierende-welt-der-eurorack-modular-synthesizer-vielfaeltige-moeglichkeiten-und-die-umstrittenen-klon-kriege\/\">Faszinierende Welt der Eurorack Modular Synthesizer: Vielf\u00e4ltige M\u00f6glichkeiten und die umstrittenen Klon-Kriege<\/a><\/strong><br><small><i>Beschreibung: Nach einer launigen Begr\u00fc\u00dfung und einigen kleineren News aus der (Musiker)-Welt unseres hoch gesch\u00e4tzten Probe Podcast Moderatoren Teams, mutiert in dieser Folge Herr Notstrom mal wieder zum Erkl\u00e4rb\u00e4r und entf\u00fchrt das gebannt vor den Lautsprecher lauschenden Publikum und seine Mitmoderatoren Herrn Raumwelle und Herrn Tobi in die Welt der Eurorack Modular Synthesizer Systeme.\n\nNach einer kurzen Einleitung was, so ganz generell formuliert, Eurorack Modular Synthesizer Systeme sind, schildert Herr Notstrom die Einsatzgebiete, wof\u00fcr man ein Modular Synthesizer System gut einsetzen kann, wozu man ein Modular Synthesizer System weniger gut einsetzen kann und vermittelt einen Einblick in die vielf\u00e4ltigen M\u00f6glichkeiten die sich er\u00f6ffnen. Auch die Integration mit dem Computer, sowie mit anderen kompakten semimodularen Synthesizern wird erw\u00e4hnt. Das Thema CV, Control Voltages und Audio Signale wird gestreift und m\u00fcndet schlie\u00dflich in einer kleinen \u00dcbersicht der Hersteller und den Verweis auf verschiedene Webseiten und B\u00fccher. Als n\u00e4chstes vermittelt Herr Notstrom den an Modular Synthesizer System interessierten Zuh\u00f6rern Alternativen in Form der Software VCV Rack.\n\nAnschlie\u00dfend entspinnt sich im Gespr\u00e4ch unseres Berufsjugendlichens Herrn Raumwelle, unseres talentierten Dilettanten Herrn Notstrom mit unserem naturtalentierten Profimusikers Herrn Tobi eine spannende Diskussion darum, ob das Klonen von Eurorack Modulen der Hersteller untereinander eine zu verurteilende Sache ist, und wie generell die Causa Behringer, die in Musikerkreisen stark diskutiert wird aktuell, aus der Sicht unserer Proberaum G\u00e4ste sich gestaltet. Dabei kommt es zu \u00fcberraschenden Erkenntnissen, z.B. das auch schon fr\u00fcher Hersteller von anderen Herstellern kopiert haben. Namentlich genannt der Octave CAT Synthesizer, der dem Arp Odyssey nachempfunden wurden und jetzt in der Neuzeit auch ebenfalls von Behringer, neben einer Odyssey Kopie, auch als Klon hergestellt wurde. Und das der Arp Odyssey das Moog Ladder Filter kopiert hatte. Der Behringer CAT stellt somit den Klon vom Klon vom Klon dar. Sind das die Klon Kriege?\n\nDer Abschluss des Gespr\u00e4chs spannt dann einen Bogen von den Modular Synthesizern zu Alleinunterhalter Keyboards, und warum der Yamaha Tyros keinen Montage ersetzt.<\/i><\/small><br><small><u>Aufgenommen am<\/u> 03.08.2023, <u>ver\u00f6ffentlicht am<\/u> 07.08.2023<\/small><\/td>\n                    <td style=\"border:0px;text-align:right;vertical-align:top\">1:44:08<\/td>\n                    <td style=\"border:0px;text-align:right;vertical-align:top\">550<\/td>\n                <\/tr>\n                            <tr>\n                    <td style=\"border:0px;text-align:right;vertical-align:top\">60<\/td>\n                    <td style=\"border:0px;text-align:left;vertical-align:top\"><strong><a href=\"https:\/\/lautfunk.uber.space\/probepodcast\/probe-podcast-58-interview-mit-peter-von-dawesome\/\">Interview mit Peter von DAWESOME<\/a><\/strong><br><small><i>In der vorliegenden Folge des \"Probe Podcasts\", dem gem\u00fctlichen Talk aus dem Proberaum, begr\u00fc\u00dfen wir unser Moderatorenteam und ihren Gast Peter. Peter ist ein Indie-Softwareentwickler von Synthesizer-Plugins. In dieser Folge erz\u00e4hlt er von seinem Werdegang, seinen Firmen und warum Farben, Strukturen und Klanggestaltung miteinander verschmelzen. Die Gespr\u00e4chsrunde macht dabei einen ausf\u00fchrlichen Exkurs in die Welt der K\u00fcnstlichen Intelligenz, beleuchtet deren Bedeutung f\u00fcr Kreative und diskutiert, warum KI-Systeme lediglich wie Zaubertricks wirken. Schlie\u00dflich endet dieser Exkurs in unterhaltsamen Anekdoten \u00fcber Gleitgel und Schwangerschaftsprodukte.\n\nAnschlie\u00dfend erl\u00e4utert Peter seine Philosophie und Vision f\u00fcr seine Produkte sowie die Leitplanken, die ihm bei der Produktentwicklung helfen. Er greift dabei Gedanken aus der Wahrnehmungspsychologie auf, um die Benutzeroberfl\u00e4chen seiner Plugins zu gestalten. Er verfolgt dabei einen ganzheitlichen Ansatz, der nicht nur technische Parameter benutzerfreundlich gestaltet, sondern auch Farben und Strukturen in die Benutzeroberfl\u00e4che integriert, um die Bedienung von Synthesizern intuitiver zu machen.\n\nDie Proberaum-Besucher diskutieren im Anschluss \u00fcber den Einsatz von MIDI-Controllern und tauschen ihre Ansichten \u00fcber das Roli Seaboard, das Haken Continuum und das Expressivee Osmose aus. Zum Abschluss teilt Peter seine Pl\u00e4ne f\u00fcr zuk\u00fcnftige Produkte und Feature-Anfragen mit. Er verr\u00e4t, dass er aus jedem Produkt dazulernt und diese Erkenntnisse in die Weiterentwicklung seiner vorherigen Produkte einflie\u00dfen l\u00e4sst.\n\nDie Runde diskutiert abschlie\u00dfend die Entwicklung einer einheitlichen Formsprache und er\u00f6rtert, warum eine Favoritenfunktion sinnvoll sein kann. Wir m\u00f6chten Peter von DAWESOME herzlich f\u00fcr diesen \u00e4u\u00dferst interessanten und tiefen Einblick in seine Firma und seine Produkte danken. Es war eine Bereicherung, ihn kennenzulernen, und wir freuen uns bereits jetzt auf ein baldiges Wiederh\u00f6ren.<\/i><\/small><br><small><u>Aufgenommen am<\/u> 22.08.2023, <u>ver\u00f6ffentlicht am<\/u> 28.08.2023<\/small><\/td>\n                    <td style=\"border:0px;text-align:right;vertical-align:top\">1:28:06<\/td>\n                    <td style=\"border:0px;text-align:right;vertical-align:top\">276<\/td>\n                <\/tr>\n                            <tr>\n                    <td style=\"border:0px;text-align:right;vertical-align:top\">61<\/td>\n                    <td style=\"border:0px;text-align:left;vertical-align:top\"><strong><a href=\"https:\/\/lautfunk.uber.space\/probepodcast\/probe-podcast-59-synthfluencing-was-ist-das-und-ist-es-ueberhaupt-relevant\/\">Synthfluencing - was ist das und ist es \u00fcberhaupt relevant?<\/a><\/strong><br><small><i>In dieser Folge treffen sich unsere drei Moderatoren: Sascha, auch bekannt als Herr Raumwelle, Tobi, der unter dem Namen Herr TobiMM agiert, und Thomas, besser bekannt als Herr Notstrom. Sie versammeln sich im Proberaum zu einer Probeaufnahme ihres Podcasts, gemeinsam mit ihren hochgesch\u00e4tzten und lieben Kollegen Moogulator und Dean Freud. Die beiden Letztgenannten betreiben bereits seit \u00fcber vier Jahren den \u00e4u\u00dferst erfolgreichen YouTube-Kanal \"SequencerTalk\". Auf diesem Kanal dreht sich alles um Neuigkeiten aus der Musiktechnikbranche, Interviews mit G\u00e4sten aus dem Bereich, Vorstellungen von Herstellern und neuen Ger\u00e4ten sowie vieles mehr. Moogulator ist dar\u00fcber hinaus als Redakteur beim SynMag t\u00e4tig und Indie-Elektronikmusiker. Dean Freud ist ebenfalls Indie-Elektronikmusiker und DJ.\n\nZu Beginn zitiert Herr Notstrom die Definition des Begriffs \"Influencer\" aus einem Wirtschaftslexikon. Im Anschluss daran teilt jedes Mitglied der Gespr\u00e4chsrunde einzeln mit, welche Beweggr\u00fcnde sie dazu veranlasst haben, eigene Inhalte zu erstellen, und welche Motivation und Absicht hinter ihrem Podcast bzw. ihrem YouTube-Kanal stehen. Die G\u00e4ste diskutieren Vor- und Nachteile des Synthfluencings sowie die tats\u00e4chliche Wirkung von Influencern. Es entsteht eine konstruktive Debatte \u00fcber Motivation und Definition, wobei auch die Frage nach der Relevanz von Influencern er\u00f6rtert wird.\n\nIm weiteren Verlauf der Sendung werden aktuelle Social-Media-Beitr\u00e4ge der Firma Behringer besprochen. Auch das Thema der Finanzierung von Synthfluencern kommt zur Sprache, wobei festgestellt wird, dass kostenlose Ausr\u00fcstung bei weitem nicht ausreicht, um den Lebensunterhalt durch diese T\u00e4tigkeit zu bestreiten.<\/i><\/small><br><small><u>Aufgenommen am<\/u> 24.08.2023, <u>ver\u00f6ffentlicht am<\/u> 04.09.2023<\/small><\/td>\n                    <td style=\"border:0px;text-align:right;vertical-align:top\">3:03:01<\/td>\n                    <td style=\"border:0px;text-align:right;vertical-align:top\">287<\/td>\n                <\/tr>\n                            <tr>\n                    <td style=\"border:0px;text-align:right;vertical-align:top\">62<\/td>\n                    <td style=\"border:0px;text-align:left;vertical-align:top\"><strong><a href=\"https:\/\/lautfunk.uber.space\/probepodcast\/probe-podcast-bonus-003-die-sendung-mit-dem-unaussprechlichen\/\">Die Sendung mit dem unaussprechlichen<\/a><\/strong><br><small><i>(mit Inmusiculator)\nSpontaner Newsflash f\u00fcr zwischendurch. Chaos galore, weil irgendwie haben sie sich in einen Witz reingesteigert, aus dem es keinen Ausweg mehr gab.<\/i><\/small><br><small><u>Aufgenommen am<\/u> 06.09.2023, <u>ver\u00f6ffentlicht am<\/u> 11.09.2023<\/small><\/td>\n                    <td style=\"border:0px;text-align:right;vertical-align:top\">1:10:50<\/td>\n                    <td style=\"border:0px;text-align:right;vertical-align:top\">235<\/td>\n                <\/tr>\n                            <tr>\n                    <td style=\"border:0px;text-align:right;vertical-align:top\">63<\/td>\n                    <td style=\"border:0px;text-align:left;vertical-align:top\"><strong><a href=\"https:\/\/lautfunk.uber.space\/probepodcast\/probe-podcast-60-ich-rede-mit-mir-selbst\/\">Ich rede mit mir selbst<\/a><\/strong><br><small><i>Vor zehn Folgen hatten wir massive Audioprobleme und dar\u00fcber gewitzelt, selbige dem Sequencer.de - Forum zum Frass vorzuwerfen. Jetzt treffen wir unsere Audioprobleme erneut; verhackst\u00fcckt, gesamplet, zu Wavetables verarbeitet und h\u00fcbsch in der DAW drapiert.\nDas Trio, erneut verst\u00e4rkt mit Moogulator und Dean Freud, h\u00f6rt die Einsendungen des Forumsbattles, diskutiert dar\u00fcber und schweift ab. Zwei Stunden wundervolle Listening-Session irgendwo zwischen Krach, Stumpfsinn und dem moogulator'schen Selbstgespr\u00e4ch. Enjoy!<\/i><\/small><br><small><u>Aufgenommen am<\/u> 18.09.2023, <u>ver\u00f6ffentlicht am<\/u> 25.09.2023<\/small><\/td>\n                    <td style=\"border:0px;text-align:right;vertical-align:top\">1:55:31<\/td>\n                    <td style=\"border:0px;text-align:right;vertical-align:top\">264<\/td>\n                <\/tr>\n                            <tr>\n                    <td style=\"border:0px;text-align:right;vertical-align:top\">64<\/td>\n                    <td style=\"border:0px;text-align:left;vertical-align:top\"><strong><a href=\"https:\/\/lautfunk.uber.space\/probepodcast\/probe-podcast-61-unsere-eigene-musik\/\">Unsere eigene Musik<\/a><\/strong><br><small><i>Nach \u00fcber sechzig Folgen \u2013 und einer grossartigen Listening Session neulich \u2013 lassen sie hier und heute nicht nur sich selbst sprechen, sondern auch ihre Kunst f\u00fcr sich. Sascha, Thomas und Tobi graben in ihren Archiven und pr\u00e4sentieren sich gegenseitig und ihrem Publikum die eigenen Anf\u00e4nge, ihre Hits und Geheimnisse live ab der Festplatte in einer ausladenden Listening-Session. Dazwischen; Schwelgen in Nostalgie, sinnieren \u00fcber die Zukunft, Sinnsuche nach der Substanz und nat\u00fcrlich die Dauerfrage; \"Wie (und warum) hast du das eigentlich gemacht?\"\nDanke NRWision f\u00fcr die Idee.<\/i><\/small><br><small><u>Aufgenommen am<\/u> 18.09.2023, <u>ver\u00f6ffentlicht am<\/u> 09.10.2023<\/small><\/td>\n                    <td style=\"border:0px;text-align:right;vertical-align:top\">3:15:22<\/td>\n                    <td style=\"border:0px;text-align:right;vertical-align:top\">473<\/td>\n                <\/tr>\n                            <tr>\n                    <td style=\"border:0px;text-align:right;vertical-align:top\">65<\/td>\n                    <td style=\"border:0px;text-align:left;vertical-align:top\"><strong><a href=\"https:\/\/lautfunk.uber.space\/probepodcast\/probe-podcast-62-newsflash-oktober\/\">Newsflash Oktober<\/a><\/strong><br><small><i>Viel passiert die letzten Tage. Die drei (inkl. einem davon direkt ausm Urlaub, verzeiht bitte, die mittelm\u00e4\u00dfige Audioqualit\u00e4t und die Nebenger\u00e4usche) gehen das Interessanteste davon durch.<\/i><\/small><br><small><u>Aufgenommen am<\/u> 12.10.2023, <u>ver\u00f6ffentlicht am<\/u> 16.10.2023<\/small><\/td>\n                    <td style=\"border:0px;text-align:right;vertical-align:top\">1:52:54<\/td>\n                    <td style=\"border:0px;text-align:right;vertical-align:top\">348<\/td>\n                <\/tr>\n                            <tr>\n                    <td style=\"border:0px;text-align:right;vertical-align:top\">66<\/td>\n                    <td style=\"border:0px;text-align:left;vertical-align:top\"><strong><a href=\"https:\/\/lautfunk.uber.space\/probepodcast\/probe-podcast-63-fm-synthese\/\">Syntheseformen, Teil 4 - FM<\/a><\/strong><br><small><i>Der n\u00e4chste Teil unserer Reihe \u00fcber Syntheseformen. Ohne Tobi, daf\u00fcr mit jeder Menge Hands-on - Soundbeispielen wird detailliert die Frequenzmodulation-Synthese erl\u00e4utert. Funktionsprinzip, Artverwandtes, Urspr\u00fcnge, Vergangenheit und wie es aktuell so aussieht auf dem Ger\u00e4temarkt.<\/i><\/small><br><small><u>Aufgenommen am<\/u> 12.09.2023, <u>ver\u00f6ffentlicht am<\/u> 23.10.2023<\/small><\/td>\n                    <td style=\"border:0px;text-align:right;vertical-align:top\">0:59:41<\/td>\n                    <td style=\"border:0px;text-align:right;vertical-align:top\">337<\/td>\n                <\/tr>\n                            <tr>\n                    <td style=\"border:0px;text-align:right;vertical-align:top\">67<\/td>\n                    <td style=\"border:0px;text-align:left;vertical-align:top\"><strong><a href=\"https:\/\/lautfunk.uber.space\/probepodcast\/probe-podcast-bonus-004-newsflash-die-franzosen-wider\/\">Newsflash: Die Franzosen wieder<\/a><\/strong><br><small><i>Besondere Marktst\u00f6rung erfordert besondere Massnahmen. In sehr rougher Qualit\u00e4t diesmal (zwei der Beteiligten sprechen in die internen Mikrofone ihrer Macbooks) gibts zwar keine live kommentierte Arturia-Pr\u00e4sentation, aber zumindest eine euphorische Nachbetrachtung um die Frage zu kl\u00e4ren, warum die neue Rackschleuder aus Frankreich jetzt das geilste seit der Erfindung von Toastbrot darstellt. Bei der Gelegenheit grast man auch noch ein paar andere Neuigkeiten ab. Und... na ja, das bleibt ne \u00dcberraschung.<\/i><\/small><br><small><u>Aufgenommen am<\/u> 01.01.1970, <u>ver\u00f6ffentlicht am<\/u> 30.10.2023<\/small><\/td>\n                    <td style=\"border:0px;text-align:right;vertical-align:top\">0:33:38<\/td>\n                    <td style=\"border:0px;text-align:right;vertical-align:top\">566<\/td>\n                <\/tr>\n                            <tr>\n                    <td style=\"border:0px;text-align:right;vertical-align:top\">68<\/td>\n                    <td style=\"border:0px;text-align:left;vertical-align:top\"><strong><a href=\"https:\/\/lautfunk.uber.space\/probepodcast\/probe-podcast-bonus-005-herr-notstrom-und-das-arturia-audiofuse-16rig-im-vergleichstest\/\">Herr Notstrom und das Arturia Audiofuse 16Rig im Vergleichstest<\/a><\/strong><br><small><i>Herr Notstrom macht eine kleine Bonussendung und vergleicht drei Audio Interfaces, sein zehn Jahre altes RME Fireface UC, das Arturia Minifuse 2 und das brandneue Arturia Audiofuse 16Rig anhand seiner Stimme, einer Synthfl\u00e4che aus dem Arturia Polybrute und einem kleinen Drumloop aus dem Roland T-8. Es wurde ohne Plugins, Kompression oder \u00e4hnliches alles in Ableton Live 11 aufgezeichnet. Lediglich die Lautst\u00e4rke der einzelnen Stems wurden PI mal Daumen nach Geh\u00f6r angeglichen.<\/i><\/small><br><small><u>Aufgenommen am<\/u> 04.11.2023, <u>ver\u00f6ffentlicht am<\/u> 06.11.2023<\/small><\/td>\n                    <td style=\"border:0px;text-align:right;vertical-align:top\">0:13:46<\/td>\n                    <td style=\"border:0px;text-align:right;vertical-align:top\">354<\/td>\n                <\/tr>\n                            <tr>\n                    <td style=\"border:0px;text-align:right;vertical-align:top\">69<\/td>\n                    <td style=\"border:0px;text-align:left;vertical-align:top\"><strong><a href=\"https:\/\/lautfunk.uber.space\/probepodcast\/probe-podcast-64-ambient-allein-daheim\/\">Ambient allein daheim<\/a><\/strong><br><small><i>Tee, Katze, Synthesizer, jeweils am ersten Sonntag im Monat. So kennt man ihn, so bekommt man ihn auf YouTube empfohlen. Martin St\u00fcrtzer. In dieser Folge steht Rede und Antwort: der Wuppertaler Grossmeister der live gestreamten Ambientmusik, Martin St\u00fcrtzer. Zu viert gehts um sterbende Orgeln, schlechte Integration und Synthesizer, die inspirieren. Viel Spass damit.\n\nLinks:\n\nMartin: https:\/\/martinstuertzer.de\n\nMartin auf YT: https:\/\/www.youtube.com\/@MartinStuertzer\n\nValhalla https:\/\/valhalladsp.com\n\nAudio Damage Enso: https:\/\/www.audiodamage.com\/products\/ad049-enso<\/i><\/small><br><small><u>Aufgenommen am<\/u> 22.10.2023, <u>ver\u00f6ffentlicht am<\/u> 20.11.2023<\/small><\/td>\n                    <td style=\"border:0px;text-align:right;vertical-align:top\">1:41:32<\/td>\n                    <td style=\"border:0px;text-align:right;vertical-align:top\">428<\/td>\n                <\/tr>\n                            <tr>\n                    <td style=\"border:0px;text-align:right;vertical-align:top\">70<\/td>\n                    <td style=\"border:0px;text-align:left;vertical-align:top\"><strong><a href=\"https:\/\/lautfunk.uber.space\/probepodcast\/probe-podcast-bonus-006-black-friday-spezialfolge\/\">Black Friday Spezialfolge<\/a><\/strong><br><small><i>KAUF MICH! NEIN, MICH! NEIN, MICH! Hier ist das (aus unserer Sicht nat\u00fcrlich) wichtigste Spannendste und \u00dcberfl\u00fcssigste, was man sich aktuell zu reduzierten Preisen auf die immer zu knappen SSDs packen oder in die ohnehin schon zu vollen Wohnungen stellen kann. Daneben gibt es einen Wust an mehr oder minder spannenden Neuigkeiten auf dem Markt, der nicht aufh\u00f6ren kann zu liefern. Wie denn auch unsichtbare Hand, dies das. Ein kurzfristiger Black-Friday-Infodump eures Lieblings-Laberpodcasts zu den brandhei\u00dfen Themen, die das Konto erleichtern. Viel Spa\u00df damit.<\/i><\/small><br><small><u>Aufgenommen am<\/u> 22.11.2023, <u>ver\u00f6ffentlicht am<\/u> 24.11.2023<\/small><\/td>\n                    <td style=\"border:0px;text-align:right;vertical-align:top\">1:06:49<\/td>\n                    <td style=\"border:0px;text-align:right;vertical-align:top\">497<\/td>\n                <\/tr>\n                            <tr>\n                    <td style=\"border:0px;text-align:right;vertical-align:top\">71<\/td>\n                    <td style=\"border:0px;text-align:left;vertical-align:top\"><strong><a href=\"https:\/\/lautfunk.uber.space\/probepodcast\/probe-podcast-65-stephan-schmitt\/\">Stephan Schmitt<\/a><\/strong><br><small><i>Interview-Finale des Probe-Podcast-Jahres 2023, heute mit dem Mann hinter Big N und Little N gleicherma\u00dfen. Stephan Schmitt, legend\u00e4rer T\u00fcftler und nach eigener Angabe entgegen Wikipedia nicht Musiker, erz\u00e4hlt aus seinem Leben und Wirken \u2013 von der Altbarockblockfl\u00f6te bis zum Fender Rhodes, vom Modularbaukasten f\u00fcr den Heimcomputer bis zum dicken Digitalsynth-Hardware-Polyschlachtschiff, von 25 Semestern Elektrotechnik bis zur wahnwitzigen Marktst\u00f6rung per Direktvertrieb, von Native Instruments bis Nonlinear Labs. Ausserdem: Berlin, DX7, Web 1.5, Kreativnachwuchs, ungeliebte Elektromucker, M\u00f6belst\u00fccke, Kammfilter, Resonatoren, Magnetfolien und gelebte Jugendtr\u00e4ume. Viel Spass damit.<\/i><\/small><br><small><u>Aufgenommen am<\/u> 17.11.2023, <u>ver\u00f6ffentlicht am<\/u> 11.12.2023<\/small><\/td>\n                    <td style=\"border:0px;text-align:right;vertical-align:top\">2:07:49<\/td>\n                    <td style=\"border:0px;text-align:right;vertical-align:top\">464<\/td>\n                <\/tr>\n                            <tr>\n                    <td style=\"border:0px;text-align:right;vertical-align:top\">72<\/td>\n                    <td style=\"border:0px;text-align:left;vertical-align:top\"><strong><a href=\"https:\/\/lautfunk.uber.space\/probepodcast\/probe-podcast-66-jahresabschluss-2023\/\">Jahresabschluss 2023<\/a><\/strong><br><small><i>Aaand that's a Wrap-up. Nach 23 regul\u00e4ren Folgen, ein paar Bonusfolgen und ein bisschen qualitativem Restm\u00fcll auf der Festplatte ist es mal an der Zeit, sich festlich vollgefressen zur\u00fcckzulehnen, das Jahr abzurunden, ein letztes Mal durch ein paar Neuigkeiten zu scrollen, ein paar G\u00e4sten zu danken und ein bisschen in die Podcast-Zukunft zu blicken. Das ganze auch ganz professionell in unter einer Stunde und ohne einen einzigen notwendigen Schnitt, ich habe keine Ahnung, wie wir das geschafft haben. (Anmerkung der Redaktion; nat\u00fcrlich hat er die!). In diesem Sinne; danke f\u00fcr ein echt sch\u00f6nes Podcastjahr 2023, auf ein weiteres!<\/i><\/small><br><small><u>Aufgenommen am<\/u> 27.12.2023, <u>ver\u00f6ffentlicht am<\/u> 28.12.2023<\/small><\/td>\n                    <td style=\"border:0px;text-align:right;vertical-align:top\">0:49:40<\/td>\n                    <td style=\"border:0px;text-align:right;vertical-align:top\">431<\/td>\n                <\/tr>\n                    <\/tbody>\n    <\/table>\n<h2 id=\"4\">Staffel 4&nbsp;-&nbsp;<\/h2>\n<p><\/p>\n<p>Die Staffel ist am 01.01.2024 gestartet und sie l\u00e4uft gerade. Die erste Episode hie\u00df \"Die grossen \"Was brauche ich eigentlich?\" - Folgen \/ Teil 1\" und wir haben sie am 03.01.2024 aufgenommen.<\/p>\n<h3>Episodenliste:<\/h3>\n    <table style=\"border:0px\">\n        <thead>\n            <tr>\n                <th style=\"border:0px;text-align:left;vertical-align:top;width:7%\"><u>Nr.<\/u><\/th>\n                <th style=\"border:0px;text-align:left;vertical-align:top\"><u>Titel &amp; Zusammenfassung<\/u><\/th>\n                <th style=\"border:0px;text-align:left;vertical-align:top;width:13%\"><u>Dauer<\/u><\/th>\n                <th style=\"border:0px;text-align:left;vertical-align:top;width:13%\"><u>Downloads<\/u><\/th>\n            <\/tr>\n        <\/thead>\n        <tbody>\n                            <tr>\n                    <td style=\"border:0px;text-align:right;vertical-align:top\">73<\/td>\n                    <td style=\"border:0px;text-align:left;vertical-align:top\"><strong><a href=\"https:\/\/lautfunk.uber.space\/probepodcast\/probe-podcast-67-die-grossen-was-brauche-ich-eigentlich-folgen-teil-1\/\">Die grossen \"Was brauche ich eigentlich?\" - Folgen \/ Teil 1<\/a><\/strong><br><small><i>Huch, ist das wieder ausgeufert. Viel los heute. Passend zum Jahresanfang geht es vor allem ums Anfangen, ums Umsetzen, um die grosse Frage, was denn eigentlich f\u00fcrs Musikmachen heutzutage so notwendig ist. Dem Anf\u00e4nger wird genauso Hand gereicht wie die Wissenden mit Anekdoten belustigt werden, demjenigen der einfach nur sein Geklimper aufnehmen will genauso geholfen wie demjenigen, der seinen Raum im Raum schweben haben m\u00f6chte. Von der Idee bis zum Abmischen, vom Einsingen bis zum Gegenh\u00f6ren = heute gehts um das volle Programm. Dar\u00fcber hinaus: eine dicke Geschichtsstunde \u00fcber die Digital Audio Workstation (DAW), ein Pl\u00e4doyer gegen Eierkartons (und f\u00fcr B\u00fccherregale) und, wie immer hier, gem\u00fctlichste Proberaumstimmung. Frohes Neues!\n(Das hier ist der erste Teil unserer Neueinstiegs-Serie, der sich prim\u00e4r der Produktion von Audio widmet. \u00dcber weitere Dinge wie MIDI, Plug-Ins und den ganzen Rattenschwanz, der bei einer Produktion noch so mit dran h\u00e4ngt, sprechen wir dann in einer kommenden Folge).<\/i><\/small><br><small><u>Aufgenommen am<\/u> 03.01.2024, <u>ver\u00f6ffentlicht am<\/u> 15.01.2024<\/small><\/td>\n                    <td style=\"border:0px;text-align:right;vertical-align:top\">2:16:20<\/td>\n                    <td style=\"border:0px;text-align:right;vertical-align:top\">447<\/td>\n                <\/tr>\n                            <tr>\n                    <td style=\"border:0px;text-align:right;vertical-align:top\">74<\/td>\n                    <td style=\"border:0px;text-align:left;vertical-align:top\"><strong><a href=\"https:\/\/lautfunk.uber.space\/probepodcast\/probe-podcast-bonus-007-winter-namm-2024-schau\/\">Winter-NAMM 2024 Schau<\/a><\/strong><br><small><i>Willkommen zur verr\u00fccktesten Hollywood NAMM-Schau aller Zeiten. Korg setzt durchweg auf Mark 2 Maschinen und haut gleich im Stundentakt die Ger\u00e4tefortsetzungen raus, w\u00e4hren uns andere Hersteller ebenfalls mit den Fortsetzungen ihrer Blockbuster Ger\u00e4te, Nord Grand 2, Zebralette 3, Motu 828 USB-3 verw\u00f6hnen und unser GAS triggern. Unser Moderatoren-Trio bestaunt und bespricht das Ganze und gibt am Ende pers\u00f6nliche Abschlussbetrachtungen ab, bei der kein Ohr trocken bleibt. Mit und ohne Touchstrips, viel Freude und Spa\u00df beim Abh\u00f6ren, euer Probe-Padcast-Team<\/i><\/small><br><small><u>Aufgenommen am<\/u> 19.01.2024, <u>ver\u00f6ffentlicht am<\/u> 22.01.2024<\/small><\/td>\n                    <td style=\"border:0px;text-align:right;vertical-align:top\">2:11:46<\/td>\n                    <td style=\"border:0px;text-align:right;vertical-align:top\">435<\/td>\n                <\/tr>\n                            <tr>\n                    <td style=\"border:0px;text-align:right;vertical-align:top\">75<\/td>\n                    <td style=\"border:0px;text-align:left;vertical-align:top\"><strong><a href=\"https:\/\/lautfunk.uber.space\/probepodcast\/probe-podcast-bonus-008-winter-namm-2024-schau-teil-2\/\">Winter-NAMM 2024 Schau Teil 2<\/a><\/strong><br><small><i>Willkommen zur verr\u00fcckten Fortsetzung der Winter NAMM-Schau. Korg setzt seinen Produktfeldzug fort, und unser Moderatoren-Trio bestaunt und bespricht diesen Bums und weitere Ver\u00f6ffentlichungen z.B. von U-he und AlphaTeta und gibt am Ende pers\u00f6nliche Abschlussbetrachtungen des Wiederauflebens des Gitarrenmarktes ab, bei der kein Ohr trocken bleibt. Mit Strand- und D\u00fcsenberg, viel Freude und Spa\u00df beim Abh\u00f6ren, w\u00fcnscht euer Probe-Podcast-Team<\/i><\/small><br><small><u>Aufgenommen am<\/u> 29.01.2024, <u>ver\u00f6ffentlicht am<\/u> 30.01.2024<\/small><\/td>\n                    <td style=\"border:0px;text-align:right;vertical-align:top\">2:02:47<\/td>\n                    <td style=\"border:0px;text-align:right;vertical-align:top\">410<\/td>\n                <\/tr>\n                            <tr>\n                    <td style=\"border:0px;text-align:right;vertical-align:top\">76<\/td>\n                    <td style=\"border:0px;text-align:left;vertical-align:top\"><strong><a href=\"https:\/\/lautfunk.uber.space\/probepodcast\/probe-podcast-68-hoeren-und-sagen-und-hoerensagen-ueber-musikhoeren-und-hoeren-von-musik\/\">H\u00f6ren und Sagen und H\u00f6rensagen \u00fcber Musikh\u00f6ren und h\u00f6ren von Musik<\/a><\/strong><br><small><i>Das ist die 68.te Folge des Probepodcasts, die wir eigentlich vor zwei Monaten im letzten Jahr aufgenommen hatten. Es sollte eigentlich die letzte Folge des Jahres werden, mu\u00dfte aber dann doch auf Tobis Festplatte \u00fcberwintern. Die Gr\u00fcnde sind einfach. Tobi hatte seinen Kollegen die Aufgabe mitgegeben: \"Wir reden \u00fcber Musikh\u00f6ren\". Dann fragten sie nach \"Was meinst du damit?\" \"Alles und nix! La\u00dft uns einfach \u00fcber das Thema Musikh\u00f6ren reden. La\u00dft uns \u00fcber alles reden, was uns zu diesem Begriff in den Sinn kommt.\" Es kam dann doch einiges zusammen. Rausgekommen sind zwei Stunden eines wunderbaren Gespr\u00e4chs im Proberaum, die aber nicht komplett ver\u00f6ffentlicht werden k\u00f6nnen. Manches war nach zwei Monaten schon wieder veraltet, oder manches war dann doch zu privat. Was jetzt \u00fcbrig geblieben ist, sind vier l\u00e4ngere Gespr\u00e4chsbl\u00f6cke, \u00fcber Vergangenheit, Kinder, Jugend und Sozialisierung. \u00dcber Kinder- und Erwachsenenlieder, \u00fcber Streaming, Peer Groups und \u00fcber das Finden neuer Musik. Viel Spa\u00df beim H\u00f6ren!<\/i><\/small><br><small><u>Aufgenommen am<\/u> 18.12.2023, <u>ver\u00f6ffentlicht am<\/u> 12.02.2024<\/small><\/td>\n                    <td style=\"border:0px;text-align:right;vertical-align:top\">1:30:42<\/td>\n                    <td style=\"border:0px;text-align:right;vertical-align:top\">329<\/td>\n                <\/tr>\n                            <tr>\n                    <td style=\"border:0px;text-align:right;vertical-align:top\">77<\/td>\n                    <td style=\"border:0px;text-align:left;vertical-align:top\"><strong><a href=\"https:\/\/lautfunk.uber.space\/probepodcast\/probe-podcast-bonus-009-die-fastnachts-folge-das-naerrische-treiben-am-synthesizermarkt-aus-nerdsicht\/\">Die Fastnachts Folge - Das n\u00e4rrische Treiben am Synthesizermarkt aus Nerdsicht<\/a><\/strong><br><small><i>Unser Postkarnevalsmoderatorenteam macht heute im Proberaum einen entspannten Plausch \u00fcber olle Kamelle und quatscht in bester Bierlaune \u00fcber nerdiges aus der Welt der elektronischen Musik- und Klangerzeuger. Wie immer mit Herrn Raumwelle, einem kr\u00e4nkelnden n\u00e4selnden Herrn Notstrom und einem m\u00fcden Tobi. Viel Spa\u00df.<\/i><\/small><br><small><u>Aufgenommen am<\/u> 13.02.2024, <u>ver\u00f6ffentlicht am<\/u> 14.02.2024<\/small><\/td>\n                    <td style=\"border:0px;text-align:right;vertical-align:top\">1:28:45<\/td>\n                    <td style=\"border:0px;text-align:right;vertical-align:top\">367<\/td>\n                <\/tr>\n                            <tr>\n                    <td style=\"border:0px;text-align:right;vertical-align:top\">78<\/td>\n                    <td style=\"border:0px;text-align:left;vertical-align:top\"><strong><a href=\"https:\/\/lautfunk.uber.space\/probepodcast\/probe-podcast-69-substan\/\">SUBSTAN<\/a><\/strong><br><small><i>Unser Probenraum Podcast Trio leitet das Interview-Jahr 2024 mit einem sehr entspannten und interessanten Gast ein. Dem Musiker, Sound Designer und YouTube Musikvideo K\u00fcnstler Substan.\n\nBeim gem\u00fctlichen Talk erz\u00e4hlt Substan u.a. \u00fcber seine schwedischen Maschinen, dem Tempera, Sound Design, und wie man Ableton Live f\u00fcr Videoeffekte einsetzen kann. Viel Vergn\u00fcgen beim anh\u00f6ren, wo und wann auch immer ihr wollt, w\u00fcnschen Herr Raumwelle, Herr Tobi und Herr Notstrom.<\/i><\/small><br><small><u>Aufgenommen am<\/u> 15.01.2024, <u>ver\u00f6ffentlicht am<\/u> 19.02.2024<\/small><\/td>\n                    <td style=\"border:0px;text-align:right;vertical-align:top\">1:00:15<\/td>\n                    <td style=\"border:0px;text-align:right;vertical-align:top\">467<\/td>\n                <\/tr>\n                            <tr>\n                    <td style=\"border:0px;text-align:right;vertical-align:top\">79<\/td>\n                    <td style=\"border:0px;text-align:left;vertical-align:top\"><strong><a href=\"https:\/\/lautfunk.uber.space\/probepodcast\/probe-podcast-70-jogging-house-seil-records\/\">Jogging House \/ Seil Records<\/a><\/strong><br><small><i>Unsere drei Moderatoren treffen sich auch dieses Mal wieder mit einem sehr gechillten Gast, Musiker, Sound Designer und Labelbetreiber von Seil Records: Herr Jogging House. Die drei l\u00f6chern ihn wieder mit ihren Fragen und Jogging House erz\u00e4hlt, wie es u. a. zur Labelgr\u00fcndung kam und was ihn inspiriert und motiviert. H\u00f6rt einfach mal rein, bei einem weiteren gem\u00fctlichen Talk im virtuellen Proberaum. Viel Vergn\u00fcgen!<\/i><\/small><br><small><u>Aufgenommen am<\/u> 05.02.2024, <u>ver\u00f6ffentlicht am<\/u> 26.02.2024<\/small><\/td>\n                    <td style=\"border:0px;text-align:right;vertical-align:top\">1:09:52<\/td>\n                    <td style=\"border:0px;text-align:right;vertical-align:top\">549<\/td>\n                <\/tr>\n                            <tr>\n                    <td style=\"border:0px;text-align:right;vertical-align:top\">80<\/td>\n                    <td style=\"border:0px;text-align:left;vertical-align:top\"><strong><a href=\"https:\/\/lautfunk.uber.space\/probepodcast\/probe-podcast-71-megatron-megalang-megacool\/\">Megatron Megalang Megacool<\/a><\/strong><br><small><i>In epischer Herr der Ringe Streifen Breite, streifen unsere drei k\u00fchnen Probe Podcast Recken wieder Musikerthemen wie die neue Ableton Live 12 Version und Ableton Push 3, \u201eder Ger\u00e4t\u201c, das neue Moog Ger\u00e4t, und Herrn Notstroms Fr\u00fchlingsmusikinstrumente-fasten aka Anti-GAS. Was das Ganze mit Klaus Kinski und Megatron zu tun hat, erf\u00e4hrt der geneigte Zuh\u00f6rer in \u00fcber 180 Minuten von NRWision gelobtem Spitzen Podcasting. Viel Vergn\u00fcgen<\/i><\/small><br><small><u>Aufgenommen am<\/u> 05.03.2024, <u>ver\u00f6ffentlicht am<\/u> 11.03.2024<\/small><\/td>\n                    <td style=\"border:0px;text-align:right;vertical-align:top\">2:57:16<\/td>\n                    <td style=\"border:0px;text-align:right;vertical-align:top\">595<\/td>\n                <\/tr>\n                            <tr>\n                    <td style=\"border:0px;text-align:right;vertical-align:top\">81<\/td>\n                    <td style=\"border:0px;text-align:left;vertical-align:top\"><strong><a href=\"https:\/\/lautfunk.uber.space\/probepodcast\/probe-podcast-bonus-010-der-geraet\/\">DER GER\u00c4T<\/a><\/strong><br><small><i>Nach grippebedingter Auszeit p\u00fcnktlich zu dem zur\u00fcck, was sie urspr\u00fcnglich verleitet hatte, dieses 000-Liveformat \u00fcberhaupt zu machen: Franzosen-Keynotes. Diesmal; Captain Bullauge mit Holzverkleidung, Google Nest f\u00fcr Linksh\u00e4nder, das Pigments zum Mitnehmen, das, was Native Instruments gerne getan h\u00e4tte, wenn man denn Ahnung von der eigenen Zielgruppe h\u00e4tte, Openlabs Neko a l\u00e0 Femboy, das iPhone unter den Stagepianos, das weniger kann als ein echtes iPhone an ein Stagepiano geh\u00e4ngt. Halbe Stunde Stream-Watchparty, anderthalb Stunden passiv-aggressive Verzweiflung. N\u00e4chste Woche wird besser.<\/i><\/small><br><small><u>Aufgenommen am<\/u> 09.04.2024, <u>ver\u00f6ffentlicht am<\/u> 10.04.2024<\/small><\/td>\n                    <td style=\"border:0px;text-align:right;vertical-align:top\">1:47:21<\/td>\n                    <td style=\"border:0px;text-align:right;vertical-align:top\">336<\/td>\n                <\/tr>\n                            <tr>\n                    <td style=\"border:0px;text-align:right;vertical-align:top\">82<\/td>\n                    <td style=\"border:0px;text-align:left;vertical-align:top\"><strong><a href=\"https:\/\/lautfunk.uber.space\/probepodcast\/probe-podcast-72-myth\/\">MYTH<\/a><\/strong><br><small><i>Wiedersehen macht Ah?! Podcast-Lieblingsgast Peter V. ist zur\u00fcck, p\u00fcnktlich zum Release seines neuen Software-Synthesizers, und gibt exklusive Einblicke in das, was einmal ein, Zitat \"unkomplizierter, kleiner FM-Synthesizer\" h\u00e4tte werden sollen. Gemeinsam mit dem Erfinder watet man durch die Tiefen eines durchdachten Re-Synthese-Monsters, lernt unerwartetes, logisches und unerwartet logisches kennen, unterh\u00e4lt sich \u00fcber gemeinschaft- und leidenschaftliches Developing, debattiert \u00fcber die rasante Entwicklung von KI und philosophiert \u00fcber neue Ans\u00e4tze, noch nie dagewesene Musik zu machen. Zwei Stunden ausladender Nerdtalk, full on detailverliebt und latent gr\u00f6ssenwahnsinnig \u2013 und ein paar Takte MYTH gibts auch noch auf die Ohren. Viel Spass damit.\nDawesome Myth gibt es ab dem 18.04. bei tracktion.com zu erwerben oder als 90-t\u00e4gige Demoversion ohne Einschr\u00e4nkung zum ausgiebig testen.\nDieser Link ist kein Affiliate-Link.\nDisclaimer: Die Podcaster haben Myth kostenlos zum Beta-Test und zur Nutzung erhalten, es ist aber kein zus\u00e4tzliches Geld geflossen und at least der Schreiber dieser Zeilen h\u00e4tte sich den Synth sowieso gekauft<\/i><\/small><br><small><u>Aufgenommen am<\/u> 08.04.2024, <u>ver\u00f6ffentlicht am<\/u> 15.04.2024<\/small><\/td>\n                    <td style=\"border:0px;text-align:right;vertical-align:top\">2:19:57<\/td>\n                    <td style=\"border:0px;text-align:right;vertical-align:top\">432<\/td>\n                <\/tr>\n                            <tr>\n                    <td style=\"border:0px;text-align:right;vertical-align:top\">83<\/td>\n                    <td style=\"border:0px;text-align:left;vertical-align:top\"><strong><a href=\"https:\/\/lautfunk.uber.space\/probepodcast\/probe-podcast-bonus-011-schweden-leak-im-konsumentenland\/\">\u00a0Schweden-Leak im Konsumentenland<\/a><\/strong><br><small><i>Hach. Spontanit\u00e4ten. Eigentlich wollten sie was deepes auf Halde aufnehmen, f\u00fcr content-\u00e4rmere Zeiten \u2013 und dann wollen uns pl\u00f6tzlich wieder alle was verkaufen. Also flugs n Zweiteiler draus gemacht \u2013 der thematisch tiefgehendere Teil \u00fcber Kunst und Depression folgt irgendwann die Tage, und die launigen Konsumentengespr\u00e4che inklusive \"Leute, warum ist Elektronauts down?\" folgen hier und jetzt, man will ja halbwegs aktuell bleiben.\nWas sonst so? Notstrom kauft zweimal, Tobi kauft vor lauter Choice Paralysis gar nicht, Sascha verkauft mal wieder sein Fachwissen an die gute Sache und irgendwann reden sie \u00fcber die (mittlerweile offizielle) neue Brotdose ausm Sm\u00e4land. Enjoy it.<\/i><\/small><br><small><u>Aufgenommen am<\/u> 22.04.2024, <u>ver\u00f6ffentlicht am<\/u> 29.04.2024<\/small><\/td>\n                    <td style=\"border:0px;text-align:right;vertical-align:top\">1:43:53<\/td>\n                    <td style=\"border:0px;text-align:right;vertical-align:top\">353<\/td>\n                <\/tr>\n                            <tr>\n                    <td style=\"border:0px;text-align:right;vertical-align:top\">84<\/td>\n                    <td style=\"border:0px;text-align:left;vertical-align:top\"><strong><a href=\"https:\/\/lautfunk.uber.space\/probepodcast\/probe-podcast-73-flowwater-im-interview\/\">Flowwater im Interview<\/a><\/strong><br><small><i>Im virtuellen Proberaum zum gem\u00fctlichen Talk begr\u00fc\u00dft unser lustig-launiges Moderator-Trio, das lange Labereien fr\u00f6nt, diesmal den ehemaligen Spiele-Redakteur, Regisseur, Kameramann und nun Musiker und Softwareentwickler Henrik Fisch, auch bekannt als Flowwater! Unser erster Gast mit einem eigenen IMDB-Eintrag\u2026 Wir schweifen durch Henriks multimediale Vergangenheit, berufliche Gegenwart und philosophieren mit ihm \u00fcber seine letzten beiden musikalischen Werke, die er ganz unkonventionell komplett am Rechner, ITB, kreiert hat. Dabei wird munter zwischen den Themen gesprungen, sodass es unserem armen Schnittteam nicht m\u00f6glich war, hier eine vern\u00fcnftige Themenaufz\u00e4hlung niederzuschreiben. Begebt euch daher mitten in einen sehr atmosph\u00e4risch und themenreichen Proberaumtalk in gem\u00fctlicher Runde und schaltet auch beim n\u00e4chsten Mal wieder ein\u2026<\/i><\/small><br><small><u>Aufgenommen am<\/u> 15.04.2024, <u>ver\u00f6ffentlicht am<\/u> 06.05.2024<\/small><\/td>\n                    <td style=\"border:0px;text-align:right;vertical-align:top\">2:28:50<\/td>\n                    <td style=\"border:0px;text-align:right;vertical-align:top\">379<\/td>\n                <\/tr>\n                            <tr>\n                    <td style=\"border:0px;text-align:right;vertical-align:top\">85<\/td>\n                    <td style=\"border:0px;text-align:left;vertical-align:top\"><strong><a href=\"https:\/\/lautfunk.uber.space\/probepodcast\/probe-podcast-bonus-012-die-grosse-prae-booth-news-show\/\">Die gro\u00dfe Pr\u00e4-Booth News-Show<\/a><\/strong><br><small><i>Der Ger\u00e4t wird endlich mal angek\u00fcndigt, der Ger\u00e4t leakt vor der offiziellen Pr\u00e4sentation, der Ger\u00e4t wird st\u00e4ndig mit dem CS80 verglichen, und transportiert sich durch die Wohnung ... schweissfrei .... \u00e4h, nein, das schon mal nicht.\nWhatever: Franzosen. Polybrute. Schlachtschiff. Jetzt. Eine Stunde Gelaber \u00fcber einen neuen dicken Brummer. Daneben; alles, was einem grad so durch den Kopf oder durch die Browsertabs geht, einen Haufen Vorabver\u00f6ffentlichungen, furchtbar detaillierte Kleinigkeiten-Debatten und und und. Sorry f\u00fcr den praktisch nonexistenten Schnitt, das musste schnell gehen. M\u00f6ge es euch die Anreise vers\u00fc\u00dfen, falls ihr nach Berlin aufbrecht. Oder auch nicht steht doch eh alles im Internet heute.<\/i><\/small><br><small><u>Aufgenommen am<\/u> 14.05.2024, <u>ver\u00f6ffentlicht am<\/u> 17.05.2024<\/small><\/td>\n                    <td style=\"border:0px;text-align:right;vertical-align:top\">3:02:03<\/td>\n                    <td style=\"border:0px;text-align:right;vertical-align:top\">435<\/td>\n                <\/tr>\n                            <tr>\n                    <td style=\"border:0px;text-align:right;vertical-align:top\">86<\/td>\n                    <td style=\"border:0px;text-align:left;vertical-align:top\"><strong><a href=\"https:\/\/lautfunk.uber.space\/probepodcast\/probe-podcast-74-kunst-und-depression\/\">Kunst und Depression<\/a><\/strong><br><small><i>Der zweite und EIGENTLICH geplante Teil von \"Schweden-Leak im Konsumentenland\", bevor uns der \u2013 w\u00e4hrend dieses Gespr\u00e4chs live passierende \u2013 Digitakt-Leak ausm Konzept geschossen hat. Deshalb hier im Nachhinein; geballt, aber sonst relativ ungeschnitten; eine zuweilen ins philosophische kippende Unterhaltung; \u00fcber die Zusammenh\u00e4nge von Kunst und geistiger Gesundheit, \u00fcber noch viel gr\u00f6ssere Zusammenh\u00e4nge von Musik und Universum (we agree to disagree) und irgendwann auch noch \u00fcber Techno in der Werbung, Klicks als Leistungstrieb und Boobs auf Twitch. Gespr\u00e4ch im Proberaum und so.\n\nThemen-Gliederung:\n\n1. **Einleitung**\n   - Begr\u00fc\u00dfung und Vorstellung der Moderatoren\n   - R\u00fcckblick auf den Digitakt-Leak\n\n2. **Kunst und geistige Gesundheit**\n   - Diskussion \u00fcber ber\u00fchmte K\u00fcnstler und ihre K\u00e4mpfe mit Depressionen\n   - Pers\u00f6nliche Erfahrungen und Beobachtungen\n\n3. **Musik und das Universum**\n   - Philosophische Betrachtungen \u00fcber die Verbindung von Musik und Kosmos\n   - Diskussion \u00fcber spirituelle und metaphysische Aspekte von Musik\n\n4. **Techno in der Werbung**\n   - Analyse der Verwendung von Techno in Werbespots\n   - Zielgruppen und Marketingstrategien\n\n5. **Klicks als Leistungsantrieb**\n   - Die Rolle von Social Media und Streaming-Plattformen\n   - Auswirkungen auf Kreativit\u00e4t und Produktivit\u00e4t\n\n6. **Boobs auf Twitch**\n   - Diskussion \u00fcber die Pr\u00e4senz und Auswirkungen von sexualisiertem Content auf Streaming-Plattformen\n\n7. **Gespr\u00e4ch im Proberaum**\n   - Pers\u00f6nliche Einblicke und Erfahrungen der Moderatoren\n   - Spontane Themen und Diskussionen\n\n8. **Abschluss**\n   - Zusammenfassung der Hauptpunkte\n   - Ausblick auf die n\u00e4chste Folge\n\n9. **Danksagung**\n   - Dank an die Unterst\u00fctzer und H\u00f6rer\n   - Hinweise zu exklusiven Inhalten und Unterst\u00fctzungsm\u00f6glichkeiten<\/i><\/small><br><small><u>Aufgenommen am<\/u> 18.04.2024, <u>ver\u00f6ffentlicht am<\/u> 28.05.2024<\/small><\/td>\n                    <td style=\"border:0px;text-align:right;vertical-align:top\">1:44:47<\/td>\n                    <td style=\"border:0px;text-align:right;vertical-align:top\">427<\/td>\n                <\/tr>\n                            <tr>\n                    <td style=\"border:0px;text-align:right;vertical-align:top\">87<\/td>\n                    <td style=\"border:0px;text-align:left;vertical-align:top\"><strong><a href=\"https:\/\/lautfunk.uber.space\/probepodcast\/probe-podcast-75-third-places-lost-places\/\">Third Places Lost Places<\/a><\/strong><br><small><i>Spontanrunde, die sich v\u00f6llig ungezwungen in die drei grossen Themen der (u.a. musikmachenden) Gesellschaft verl\u00e4uft; das wie, das warum und das wo. Von im Geld ertrinkenden Twitch-Streamern, knausrigen CEOs, seelenstripteasenden Popstars, aufgesplitteten Songs, Jugendlichen, die man einfach nur machen l\u00e4sst, und K\u00f6ln am Rhein auf der Fliegerbombe.\nhttps:\/\/nn-audio.bandcamp.com\/track\/showroom-dummies\nhttps:\/\/de.statista.com\/statistik\/daten\/studie\/177386\/umfrage\/leerstand-von-bueroflaechen-in-hamburg-seit-2003\/\nhttps:\/\/www.hamburg.de\/sehenswuerdigkeiten-erlebnis\/10445612\/bunker-feldstrasse\/\nhttps:\/\/thmn.to\/thoprod\/511435?partner_id=94521\nhttps:\/\/www.gearnews.de\/musiclawyer-ki-kostenlos\/\nhttps:\/\/www.gearnews.de\/wavtool-ist-die-erste-ki-daw-wie-chatgpt-zum-produzieren-tech\/\nhttps:\/\/www.gearnews.de\/spotify-ceo-ek-unter-beschuss\/<\/i><\/small><br><small><u>Aufgenommen am<\/u> 05.06.2024, <u>ver\u00f6ffentlicht am<\/u> 07.06.2024<\/small><\/td>\n                    <td style=\"border:0px;text-align:right;vertical-align:top\">1:27:45<\/td>\n                    <td style=\"border:0px;text-align:right;vertical-align:top\">402<\/td>\n                <\/tr>\n                            <tr>\n                    <td style=\"border:0px;text-align:right;vertical-align:top\">88<\/td>\n                    <td style=\"border:0px;text-align:left;vertical-align:top\"><strong><a href=\"https:\/\/lautfunk.uber.space\/probepodcast\/probe-podcast-76-superbooth-nachlese-so-halb\/\">\u00a0Superbooth Nachlese (so halb)<\/a><\/strong><br><small><i>Ist zwar knapp n Monat her, aber da war ja noch so ne Veranstaltung in Berlin, wor\u00fcber sie mit den Kollegen vom SequencerTalk eh mal reden wollten, weil die waren (im Gegensatz zu unseren Podcastern) immerhin vor Ort. Hat nicht so ganz geklappt, aber auch ein halber Sequencertalk ist eine ganz(e) (gute) Folge Probe Podcast. Zu viert heute aufm Programm also: Booth, Booth, Booth \u2013 \u00fcbersehene News, \u00fcberteurtes Essen und \u00fcberaltertes Publikum. Ausserdem (und mit \"ausserdem\" meine ich; den L\u00f6wenanteil des Podcasts): Amphibien, Tim Pritlove, Marxismus, Elektron, Oberheim und irgendwann auch noch die gerade erst vorgestellte Obst-KI. Viel Spass damit.<\/i><\/small><br><small><u>Aufgenommen am<\/u> 12.06.2024, <u>ver\u00f6ffentlicht am<\/u> 17.06.2024<\/small><\/td>\n                    <td style=\"border:0px;text-align:right;vertical-align:top\">2:26:46<\/td>\n                    <td style=\"border:0px;text-align:right;vertical-align:top\">478<\/td>\n                <\/tr>\n                            <tr>\n                    <td style=\"border:0px;text-align:right;vertical-align:top\">89<\/td>\n                    <td style=\"border:0px;text-align:left;vertical-align:top\"><strong><a href=\"https:\/\/lautfunk.uber.space\/probepodcast\/probe-podcast-bonus-013-die-55-minuten-challenge\/\">Die 55-Minuten-Challenge<\/a><\/strong><br><small><i>Die probe-podcastigen \u00dcberreste eines Abends Ende Mai. Irgendwie wollen die drei diesmal schnell zum Punkt kommen, schaffen es letzten Endes daf\u00fcr auf keinen gr\u00fcnen Zweig \u2013 irgendwo zwischen Post-Booth-D\u00fcrre, Tobis monatlichen Fehlk\u00e4ufen, industrietechnischen Detailfragen und ihrem eigentlich geplanten Thema (urspr\u00fcnglich wollten sie \u00fcber Software reden) oszilliert das hier herum, wirft aber noch genug gehaltvollen Dialog ab, um als Quickie zwischendurch ver\u00f6ffentlicht zu werden. Und ihre eigene Zeitlimite sprengen sie auch noch. Tja<\/i><\/small><br><small><u>Aufgenommen am<\/u> 01.01.1970, <u>ver\u00f6ffentlicht am<\/u> 24.06.2024<\/small><\/td>\n                    <td style=\"border:0px;text-align:right;vertical-align:top\">1:05:27<\/td>\n                    <td style=\"border:0px;text-align:right;vertical-align:top\">402<\/td>\n                <\/tr>\n                            <tr>\n                    <td style=\"border:0px;text-align:right;vertical-align:top\">90<\/td>\n                    <td style=\"border:0px;text-align:left;vertical-align:top\"><strong><a href=\"https:\/\/lautfunk.uber.space\/probepodcast\/probe-podcast-bonus-014-suddenly-franzosen\/\">Suddenly; Franzosen<\/a><\/strong><br><small><i>Spontanfolge wegen akuter News-\u00dcberlastung. Arturia denkt ADAT neu, im Kompaktformat und f\u00fcr die untere dreistellige Preisklasse, Ableton legt einen drauf, Moog ein Ger\u00e4t in die L\u00e4den ohne davon zu wissen und allerorten gibts Updates und Schn\u00e4ppchen. Ergo: Redebedarf \u2013 kurz vor den Sommerferien (keine Angst, wir haben vorproduziert) also nochmal eine brandneue Uncut-News-Folge. Habt n sch\u00f6nen Sommer, Leute.<\/i><\/small><br><small><u>Aufgenommen am<\/u> 03.07.2024, <u>ver\u00f6ffentlicht am<\/u> 05.07.2024<\/small><\/td>\n                    <td style=\"border:0px;text-align:right;vertical-align:top\">1:31:56<\/td>\n                    <td style=\"border:0px;text-align:right;vertical-align:top\">345<\/td>\n                <\/tr>\n                            <tr>\n                    <td style=\"border:0px;text-align:right;vertical-align:top\">91<\/td>\n                    <td style=\"border:0px;text-align:left;vertical-align:top\"><strong><a href=\"https:\/\/lautfunk.uber.space\/probepodcast\/probe-podcast-77-die-grossen-was-brauche-ich-eigentlich-folgen-teil-2\/\">Die grossen \"Was brauche ich eigentlich?\" - Folgen \/ Teil 2<\/a><\/strong><br><small><i>Archiv-Folge aus dem April \u2013 im ersten Teil gehts mal wieder um das allseits beliebte \"Optimieren geht \u00fcber Musizieren\", wo sich der eine denselben Synth dreimal kauft und der andere in einer M\u00fcllhalde seines eigenen Konsumwahns haust. Anschlie\u00dfender Versuch einer deutlich Material-orientierten zweiten Folge der \"Was brauche ich eigentlich\" - Serie, in denen sie zur Abwechslung auch mal ein paar Ger\u00e4te mit Namen nennen. Zum Abschluss wird gegenseitig durch Thomann-Wunschlisten gescrollt. Zusammen mit dem ersten Teil (vom Januar, Folge 67) d\u00fcrfte das jetzt aber ein amtlicher Crashkurs f\u00fcr Neueinsteiger in Musikproduktion sein \u2013 wenn man sich das Gelaber drum rum erst mal antun m\u00f6chte. Hach, ist das wieder sch\u00f6n zynisch heute.<\/i><\/small><br><small><u>Aufgenommen am<\/u> 16.04.2024, <u>ver\u00f6ffentlicht am<\/u> 08.07.2024<\/small><\/td>\n                    <td style=\"border:0px;text-align:right;vertical-align:top\">2:28:57<\/td>\n                    <td style=\"border:0px;text-align:right;vertical-align:top\">490<\/td>\n                <\/tr>\n                            <tr>\n                    <td style=\"border:0px;text-align:right;vertical-align:top\">92<\/td>\n                    <td style=\"border:0px;text-align:left;vertical-align:top\"><strong><a href=\"https:\/\/lautfunk.uber.space\/probepodcast\/probe-podcast-78-sommergespraeche\/\">Sommergespr\u00e4ch(e)<\/a><\/strong><br><small><i>Die Urlaubs-Mammutfolge \u2013 halb Sommerloch, halb Redebedarf, ganz das gem\u00fctliche Proberaumgespr\u00e4ch: Notstrom k\u00e4mpft mit seinem Alter, Tobi mit seiner Jugend, Sascha mit der g\u00e4hnenden Inkompetenz seiner Kollegen und der Gast h\u00f6rbar mit seinem Mikrofon. Ausserdem; Raketen, Handb\u00fccher, Sprengs\u00e4tze, Dreizehnj\u00e4hrige, Astrotorf, Access Virus, franz\u00f6sische Effekt-Plugins von denen keiner so genau weiss was die eigentlich machen, dystopische Computerprogramme von denen wirklich keiner weiss, was die eigentlich machen \u2013 und die in Folge 73 fehlenden 30 Jahre seit Henrik \"Sammelwahn\" Flowwaters Korg M1. Und noch alles m\u00f6gliche andere. Sch\u00f6nen Sommer.<\/i><\/small><br><small><u>Aufgenommen am<\/u> 24.06.2024, <u>ver\u00f6ffentlicht am<\/u> 24.07.2024<\/small><\/td>\n                    <td style=\"border:0px;text-align:right;vertical-align:top\">3:28:20<\/td>\n                    <td style=\"border:0px;text-align:right;vertical-align:top\">503<\/td>\n                <\/tr>\n                            <tr>\n                    <td style=\"border:0px;text-align:right;vertical-align:top\">93<\/td>\n                    <td style=\"border:0px;text-align:left;vertical-align:top\"><strong><a href=\"https:\/\/lautfunk.uber.space\/probepodcast\/probe-podcast-79-synthesizer-history-casio\/\">Synthesizer History - CASIO<\/a><\/strong><br><small><i>Eigentlich wollten die drei mal wieder \u00fcber Syntheseformen reden, und weil ihnen langsam die Expertise ausgeht, haben sie sich den Mann dazu geholt, der nicht nur alle kennt, sondern auch wahrscheinlich alle im Keller rumstehen hat. Klemens Trenkle, seines Zeichens Sammler und Gr\u00fcnder des SMEM (Swiss Music Instruments), ist zur\u00fcck \u2013 und wie es halt so ist, gehts dann nicht nur um Phase Distortion, sondern gleich um die komplette Firmenhistorie \u2013 und um alle m\u00f6glichen anderen Dinge; obskure Episoden der Musikgeschichte, die Wichtigkeit der \u00dcberlieferung von Wissen, das Aussterben der Gitarrenhelden, modernen 65-Milimeter-Film und noch so ziemlich alles andere. Und als Sahnehaube auf die prall gef\u00fcllte Wissenstorte; original von Klemens in den 80ern produzierte Casio-Demos obendrauf. Enjoy it.<\/i><\/small><br><small><u>Aufgenommen am<\/u> 01.07.2024, <u>ver\u00f6ffentlicht am<\/u> 12.08.2024<\/small><\/td>\n                    <td style=\"border:0px;text-align:right;vertical-align:top\">1:44:59<\/td>\n                    <td style=\"border:0px;text-align:right;vertical-align:top\">365<\/td>\n                <\/tr>\n                            <tr>\n                    <td style=\"border:0px;text-align:right;vertical-align:top\">94<\/td>\n                    <td style=\"border:0px;text-align:left;vertical-align:top\"><strong><a href=\"https:\/\/lautfunk.uber.space\/probepodcast\/probe-podcast-bonus-015-mikrowelle\/\">MIKROWELLE<\/a><\/strong><br><small><i>Ein roter Knopf, ein sich vor Euphorie fast \u00fcberschlagendes Internet \u2013 und pl\u00f6tzlich ist er zur\u00fcck, Waldorfs erster Synthesizer, in einer liebevoll gestalteten und herausragend klingenden Softwarevariante. Aber was war da eigentlich drin, im urspr\u00fcnglichen Microwave? Warum klingt er, wie er klingt? Weshalb ist er heute immer noch so gesucht? Und wie entwickelt man ein zeitgem\u00e4sses, zug\u00e4ngliches Plugin, wenn die ganze Vorlage \"hallo ich bin der Ausdruck der unbedienbaren 80er\" kreischt? Waldorf-CTO Rolf W\u00f6hrmann ist zur\u00fcck im Probe-Podcast und hat Antworten, zum Teil auf Fragen, die nie jemand gestellt hat und sich nach der Antwort fragt, warum eigentlich nie.<\/i><\/small><br><small><u>Aufgenommen am<\/u> 27.08.2024, <u>ver\u00f6ffentlicht am<\/u> 28.08.2024<\/small><\/td>\n                    <td style=\"border:0px;text-align:right;vertical-align:top\">1:30:27<\/td>\n                    <td style=\"border:0px;text-align:right;vertical-align:top\">346<\/td>\n                <\/tr>\n                            <tr>\n                    <td style=\"border:0px;text-align:right;vertical-align:top\">95<\/td>\n                    <td style=\"border:0px;text-align:left;vertical-align:top\"><strong><a href=\"https:\/\/lautfunk.uber.space\/probepodcast\/probe-podcast-bonus-015-wallah-krise\/\">Wallah Krise<\/a><\/strong><br><small><i>Das war ja viel zu gehaltvoll letzte Woche, h\u00f6chste Zeit f\u00fcr entfesselten Konsumismus und ein gnadenloses Erste-Welt-Problem: Es regnet Controllerkeyboards \u2013 und dieser Podcast hat nichts besseres zu tun, als sich eine Stunde lang dar\u00fcber das Maul zu zerreden, dabei gewohnt zwischen Praxisbericht, Bedarfserkl\u00e4rung und P\u00f6belei zu oszillieren und sich vielleicht am Ende auch nur selbst zu therapieren. Aber das immerhin in aller \u00d6ffentlichkeit, so haben alle was davon. Oder?<\/i><\/small><br><small><u>Aufgenommen am<\/u> 29.08.2024, <u>ver\u00f6ffentlicht am<\/u> 06.09.2024<\/small><\/td>\n                    <td style=\"border:0px;text-align:right;vertical-align:top\">1:12:55<\/td>\n                    <td style=\"border:0px;text-align:right;vertical-align:top\">184<\/td>\n                <\/tr>\n                            <tr>\n                    <td style=\"border:0px;text-align:right;vertical-align:top\">96<\/td>\n                    <td style=\"border:0px;text-align:left;vertical-align:top\"><strong><a href=\"https:\/\/lautfunk.uber.space\/probepodcast\/probe-podcast-bonus-017-nein-oh-nein\/\">Nein! Oh! Nein!<\/a><\/strong><br><small><i>Heute gibt\u00b4s mal wieder nur Bonus, weil, nein oh nein, Tobi aus gesundheitlichen Gr\u00fcnden heute am 9.9. leider ausfiel, und Sascha und Thomas die Sendung als Duo bestreiten mussten. Aber schlau wie unserer Power Probe Podcast Presenter sind, haben sie aus der Not eine Tugend gemacht und pr\u00e4sentieren nun eine Nine oh Nine Special Folge, zur erfolgreichsten Drummachine aller Zeiten am Nine oh Nine Tag, dem 9. September. Viel Spa\u00df.<\/i><\/small><br><small><u>Aufgenommen am<\/u> 09.09.2024, <u>ver\u00f6ffentlicht am<\/u> 09.09.2024<\/small><\/td>\n                    <td style=\"border:0px;text-align:right;vertical-align:top\">0:56:32<\/td>\n                    <td style=\"border:0px;text-align:right;vertical-align:top\">276<\/td>\n                <\/tr>\n                            <tr>\n                    <td style=\"border:0px;text-align:right;vertical-align:top\">97<\/td>\n                    <td style=\"border:0px;text-align:left;vertical-align:top\"><strong><a href=\"https:\/\/lautfunk.uber.space\/probepodcast\/probe-podcast-80-achtzig-v3\/\">ACHTZIG V3<\/a><\/strong><br><small><i>Ganz im Sinne der Millionendollar-Jauchegrube, \u00e4h, -frage (\"Was erlauben YouTube?\") erfinden die drei Probe-Podcaster p\u00fcntklich zum irgendwie-Jubil\u00e4um mal eben das Reaction-Game neu. Zweimal haben sie diese Folge schon mit Verve und Valium an die Wand der Unertr\u00e4glichkeit gefahren, jetzt machen sie sich \u00fcber die brauchbaren \u00dcberreste her, um wenigstens IRGENDWIE mal wieder eine regul\u00e4re Folge zu haben. Anfangs noch mehr oder minder Moderatoren ihres eigenen Scheiterns, entfaltet sich in zwischenzeitlich vermisster \u00dcberl\u00e4nge zunehmend ein Dialog zwischen Vergangenheit und Gegenwart, zwischen pieptonw\u00fcrdiger Aggression und dem Anspruch, innert roundabout 25 Tagen kl\u00fcger geworden zu sein, zwischen vorsortiert zurecht gelegter Standpunktakrobatik und nachdenklicher Momentphilosophie mit offenem Ausgang. Mit dabei auf dieser Schnipseljagd zu sich selbst; Bourgeoisie, Publizistik, Polysynths, Fensterscheiben, Feminismus, kulturelle Interaktion, k\u00fcnstliche Intelligenz (nat\u00fcrlich, was denn sonst) und all die anderen Dinge, die sich irgendwie dauernd wiederholen. Groundhog Day halt. Argh.<\/i><\/small><br><small><u>Aufgenommen am<\/u> 09.09.2024, <u>ver\u00f6ffentlicht am<\/u> 25.09.2024<\/small><\/td>\n                    <td style=\"border:0px;text-align:right;vertical-align:top\">2:50:52<\/td>\n                    <td style=\"border:0px;text-align:right;vertical-align:top\">234<\/td>\n                <\/tr>\n                            <tr>\n                    <td style=\"border:0px;text-align:right;vertical-align:top\">98<\/td>\n                    <td style=\"border:0px;text-align:left;vertical-align:top\"><strong><a href=\"https:\/\/lautfunk.uber.space\/probepodcast\/probe-podcast-81-september-catch-up\/\">September Catch-up<\/a><\/strong><br><small><i>Eine \"dieser\" Folgen. \"Was machen wir heute?\" trifft \"war irgendwas?\" und oszilliert zwischen Informationsveranstaltung und Kaufsuchttherapiestunde hin und her. Mit dabei; schwedisches Leck, d\u00e4nisches Bettenlager, Ash Ketchum, Audiopilz, weitere \u00dcberreste von Folge 80, Beatles-Korg, B\u00fchnen-Roland und Tobis \u00fcblich schlechte Mikrofondisziplin. Aber immerhin redet keiner in den knapp 100 Minuten auch nur ein Wort \u00fcber k\u00fcnstliche Intelligenz.<\/i><\/small><br><small><u>Aufgenommen am<\/u> 30.09.2024, <u>ver\u00f6ffentlicht am<\/u> 07.10.2024<\/small><\/td>\n                    <td style=\"border:0px;text-align:right;vertical-align:top\">1:39:50<\/td>\n                    <td style=\"border:0px;text-align:right;vertical-align:top\">301<\/td>\n                <\/tr>\n                            <tr>\n                    <td style=\"border:0px;text-align:right;vertical-align:top\">99<\/td>\n                    <td style=\"border:0px;text-align:left;vertical-align:top\"><strong><a href=\"https:\/\/lautfunk.uber.space\/probepodcast\/probe-podcast-bonus-018-digitone-hoch-2\/\">Digitone hoch 2<\/a><\/strong><br><small><i>\"Ey Leute da kommt was\" und huch, es ist gar nicht der omin\u00f6se Tonverk von vor f\u00fcnf Wochen? Spontanrelease all over again, also wird das gef\u00e4lligst auch spontan zerredet (und spontan gekauft...). Aber ey, 16 Stimmen, 16 Tracks, 4 Engines, 3 LFOs und einen ganzen Cocacolamannsack voll anderer Sachen. Ausserdem: Website-Design aus der H\u00f6lle, Plugin-V2's und 1.5's die viel spannender sind als die Schwedische Kloppkiste (ich darf das schreiben, ich mach die Texte und die Kollegen haben keine Ahnung) und die restlichen kapitalistischen Belanglosigkeiten der letzten Wochen arbeiten sie im vorbeirollen auch noch ab. Raw und uncut (boah klingt das falsch).<\/i><\/small><br><small><u>Aufgenommen am<\/u> 23.10.2024, <u>ver\u00f6ffentlicht am<\/u> 24.10.2024<\/small><\/td>\n                    <td style=\"border:0px;text-align:right;vertical-align:top\">1:10:14<\/td>\n                    <td style=\"border:0px;text-align:right;vertical-align:top\">154<\/td>\n                <\/tr>\n                            <tr>\n                    <td style=\"border:0px;text-align:right;vertical-align:top\">100<\/td>\n                    <td style=\"border:0px;text-align:left;vertical-align:top\"><strong><a href=\"https:\/\/lautfunk.uber.space\/probepodcast\/probe-podcast-82-i-like-to-move-it\/\">I like to move (it)<\/a><\/strong><br><small><i>Ja, die Aufnahme ist zwei Wochen alt, JA, sie theoretisieren ins blaue, aber das tut der Sache keinen Abbruch, so fertig ist das Ding ja auch noch nicht, wie man h\u00f6rt. Aber anyway \u2013 frisch ab Vorstellung zum Verriss auf s\u00e4mtlichen Metaebenen: Abletons neue Einstiegsdroge, eine \"kompaktes Tool zum intuitiven Musikmachen\" \u2013 also eine kleine Groovebox, eine App in Hardwareform \u2013 oder doch der Schl\u00fcssel zu grossen Taten im hauseigenen \u00d6kosystem? Wer weiss das schon. Ausserdem: Notstroms Impulsk\u00e4ufe (mal wieder), Saschas Inspirationen (dito) und Tobis Umzugspl\u00e4ne (sie wissen schon). Und einen \u00fcblichen Haufen Marktwirtschaft go brrrr. Enjoy.<\/i><\/small><br><small><u>Aufgenommen am<\/u> 30.09.2024, <u>ver\u00f6ffentlicht am<\/u> 25.10.2024<\/small><\/td>\n                    <td style=\"border:0px;text-align:right;vertical-align:top\">2:18:28<\/td>\n                    <td style=\"border:0px;text-align:right;vertical-align:top\">266<\/td>\n                <\/tr>\n                            <tr>\n                    <td style=\"border:0px;text-align:right;vertical-align:top\">101<\/td>\n                    <td style=\"border:0px;text-align:left;vertical-align:top\"><strong><a href=\"https:\/\/lautfunk.uber.space\/probepodcast\/probe-podcast-bonus-019-poebeln-gen-obst\/\">P\u00f6beln gen Obst<\/a><\/strong><br><small><i>Drei Stunden ungeschnittenes Chaos anl\u00e4sslich der letzten drei Apfelpr\u00e4sentationen von neulich. Zusammen mit den Kollegen von Sequencer-Talk reden wir \u00fcber die neuen Mac-Releases, rattern Prozentzahlen runter und reissen die sich daraus entfaltenden Grundsatzfragen an, wie \"was war das f\u00fcr eine Medienstrategie\", \"wer braucht \u00fcberhaupt so viel Leistung\" und \"ist x86 morgen tot\"?<\/i><\/small><br><small><u>Aufgenommen am<\/u> 03.11.2024, <u>ver\u00f6ffentlicht am<\/u> 06.11.2024<\/small><\/td>\n                    <td style=\"border:0px;text-align:right;vertical-align:top\">3:00:38<\/td>\n                    <td style=\"border:0px;text-align:right;vertical-align:top\">256<\/td>\n                <\/tr>\n                            <tr>\n                    <td style=\"border:0px;text-align:right;vertical-align:top\">102<\/td>\n                    <td style=\"border:0px;text-align:left;vertical-align:top\"><strong><a href=\"https:\/\/lautfunk.uber.space\/probepodcast\/probe-podcast-83-pile-of-shame\/\">Pile of Shame<\/a><\/strong><br><small><i>Man kennt es: Software. Frisst keinen Platz in der Wohnung, kostet praktisch nix, kannste wegklicken, vergessen und dem n\u00e4chsten G.A.S.-Flash hinterher \u2013 da kommt \u00fcber die Jahre so einiges zusammen. In dieser (lange geplanten) Folge pilotieren die Podcaster ein neue \"Rubrik\", wenn man so will, und begeben sich in eigens produziertem Ton und hilfloser Argumentation in ihre produktionstechnischen Abstellhalden. Ausserdem; Midikeyboards (sehr viele), Notstroms Digitone II, Arturias Black Friday - Angebote und der gelbe Zapfenstreich auf Soundcloud.<\/i><\/small><br><small><u>Aufgenommen am<\/u> 12.11.2024, <u>ver\u00f6ffentlicht am<\/u> 19.11.2024<\/small><\/td>\n                    <td style=\"border:0px;text-align:right;vertical-align:top\">1:58:18<\/td>\n                    <td style=\"border:0px;text-align:right;vertical-align:top\">209<\/td>\n                <\/tr>\n                            <tr>\n                    <td style=\"border:0px;text-align:right;vertical-align:top\">103<\/td>\n                    <td style=\"border:0px;text-align:left;vertical-align:top\"><strong><a href=\"https:\/\/lautfunk.uber.space\/probepodcast\/probe-podcast-bonus-020-boring-friday-bonus\/\">Boring Friday Bonus<\/a><\/strong><br><small><i>Oooh, guck mal, alles und seine Mutter hat Rabatte! G\u00e4hn. Man m\u00fcsste den Podcast eigentlich damit verbringen aufzuz\u00e4hlen, wer KEINE Rabatte hat (ValhallaDSP und Urs, gern geschehen). Aber reFX hat immerhin pl\u00f6tzlich einen waschechten Software-Synthesizer anzubieten \u2013 und der Notstrom keine Ahnung davon: \"Kl\u00e4rt mich auf Jungs, bitte\" vor zwei Tagen im internen Chat, okay, machen wir, man hat eh nix weiteres zu tun an diesem Mittwochabend. Ausserdem: Grooveboxen, Lootboxen, Kniestr\u00fcmpfe, Knallfr\u00f6sche, Keylabs, M4-Minimacs, Rabatte Rabatte Rabatte und notstrom'sche Einspieler aus einer spassigen Session mit Tim Exile's neustem Bastelprojekt. Have fun!<\/i><\/small><br><small><u>Aufgenommen am<\/u> 27.11.2024, <u>ver\u00f6ffentlicht am<\/u> 28.11.2024<\/small><\/td>\n                    <td style=\"border:0px;text-align:right;vertical-align:top\">1:36:53<\/td>\n                    <td style=\"border:0px;text-align:right;vertical-align:top\">195<\/td>\n                <\/tr>\n                            <tr>\n                    <td style=\"border:0px;text-align:right;vertical-align:top\">104<\/td>\n                    <td style=\"border:0px;text-align:left;vertical-align:top\"><strong><a href=\"https:\/\/lautfunk.uber.space\/probepodcast\/probe-podcast-84-robert-henke\/\">Robert Henke<\/a><\/strong><br><small><i>Aus der allj\u00e4hrlichen Rubrik: \"Menschen mit sehr wenigen Haaren aus Berlin, die was ziemlich bahnbrechendes veranstaltet haben\", heute; Robert Henke. K\u00fcnstler, Musiker, Tontechniker, Nerd, Instrumentenbauer, Mit-Gr\u00fcnder bei Ableton, B\u00e4ndiger uralter Computer und Zuh\u00f6rer abgelenkter Kunststudenten. Ein Mann mit vielen Facetten, ein Gespr\u00e4ch, das versucht, sie wenigstens partiell zu erfassen.<\/i><\/small><br><small><u>Aufgenommen am<\/u> 22.10.2024, <u>ver\u00f6ffentlicht am<\/u> 09.12.2024<\/small><\/td>\n                    <td style=\"border:0px;text-align:right;vertical-align:top\">1:22:02<\/td>\n                    <td style=\"border:0px;text-align:right;vertical-align:top\">288<\/td>\n                <\/tr>\n                            <tr>\n                    <td style=\"border:0px;text-align:right;vertical-align:top\">105<\/td>\n                    <td style=\"border:0px;text-align:left;vertical-align:top\"><strong><a href=\"https:\/\/lautfunk.uber.space\/probepodcast\/probe-podcast-85-wrap-up-2024\/\">Wrap Up 2024<\/a><\/strong><br><small><i>Das letzte gem\u00fctliche Gespr\u00e4ch im Proberaum im Jahr 2024. Sascha, Tobi und Thomas besprechen die aktuellsten Neuigkeiten und Neuerungen f\u00fcr Hart- und Weichware, res\u00fcmieren ihre mehr oder weniger ausgeartete Konsumwut, wieviel selbige zu einem besseren Leben beigetragen hat und mit welchen Ver\u00e4nderungen und Erkenntnissen sie vor ihrem eigenen, mehr oder weniger umgebauten Homestudio sitzen. Anschliessend wird auf das Podcastjahr zur\u00fcckgeblickt, Sascha liest unz\u00e4hlige, mal viel-, mal nichtssagende Zahlenbeitr\u00e4ge runter und allen G\u00e4sten wird nochmal so richtig gedankt. Ausserdem wird gebrainstormt, was man zuk\u00fcnftig besser oder anders machen will und eine Grundsatzdiskussion \u00fcber 34782 Schnitte pro Folge wird auch noch gef\u00fchrt. Ein Podcastjahr-Finale in herrlich ungezwungener (und ungeschnittener) Atmosph\u00e4re \u2013 machts gut, ihr da draussen an den Empfangsger\u00e4ten, wir h\u00f6ren uns 2025 wieder. <\/i><\/small><br><small><u>Aufgenommen am<\/u> 26.12.2024, <u>ver\u00f6ffentlicht am<\/u> 31.12.2024<\/small><\/td>\n                    <td style=\"border:0px;text-align:right;vertical-align:top\">3:11:55<\/td>\n                    <td style=\"border:0px;text-align:right;vertical-align:top\">323<\/td>\n                <\/tr>\n                            <tr>\n                    <td style=\"border:0px;text-align:right;vertical-align:top\">106<\/td>\n                    <td style=\"border:0px;text-align:left;vertical-align:top\"><strong><a href=\"https:\/\/lautfunk.uber.space\/probepodcast\/probe-podcast-bonus-021-namm-show-25-ueberblick-und-pigments-update\/\">NAMM Show 25 \u00dcberblick und Pigments update<\/a><\/strong><br><small><i>Da sind sie wieder \u2013 kaputt, \u00fcberm\u00fcdet oder einfach nur alt, aber irgendwie muss es ja weitergehen, der Kapitalismus hat geliefert. Ein chaotischer \u00dcberflug \u00fcber eine ziemlich ergiebige NAMM-Show, dessen geplantes Skript man ins Meer schmei\u00dfen konnte, dessen Protagonisten w\u00e4hrend der Aufnahme fast einschlafen und der wegen sie wissen schon, was spontan in zwei Teilen aufgenommen wurde \u2013 aber immerhin eine Ausgabe blieb. Happy fucking 2025...<\/i><\/small><br><small><u>Aufgenommen am<\/u> 27.01.2025, <u>ver\u00f6ffentlicht am<\/u> 28.01.2025<\/small><\/td>\n                    <td style=\"border:0px;text-align:right;vertical-align:top\">1:39:19<\/td>\n                    <td style=\"border:0px;text-align:right;vertical-align:top\">291<\/td>\n                <\/tr>\n                            <tr>\n                    <td style=\"border:0px;text-align:right;vertical-align:top\">107<\/td>\n                    <td style=\"border:0px;text-align:left;vertical-align:top\"><strong><a href=\"https:\/\/lautfunk.uber.space\/probepodcast\/probe-podcast-86-neues-aus-der-artifiziellen-vergangenheit\/\">Neues aus der artifiziellen Vergangenheit<\/a><\/strong><br><small><i>Kapitalismus, Konsum und KI (und Kondome) \u2013 eine \"dieser\" Folgen, die einfach mal so ins blaue hinaus von dem handelt, was gerade irgendwie so passiert; was noch auf dem NAMM-Zettel stand, was gewisse Leute (u.a. die Hosts dieses Podcasts) schon immer mal wissen wollten, wie doof eigentlich die Leute auf Reddit sind und ob jetzt wirklich alles anders ist mit der chinesischen KI. Ausserdem; Tobis Berichterstattung aus der Krisenzone Budget-Synthesizer, Saschas geile Pigments-Demo, Notstroms einst\u00fcrzendes Weltbild und die allgegenw\u00e4rtige Frage; braucht man das alles?<\/i><\/small><br><small><u>Aufgenommen am<\/u> 04.02.2025, <u>ver\u00f6ffentlicht am<\/u> 19.02.2025<\/small><\/td>\n                    <td style=\"border:0px;text-align:right;vertical-align:top\">1:57:04<\/td>\n                    <td style=\"border:0px;text-align:right;vertical-align:top\">278<\/td>\n                <\/tr>\n                            <tr>\n                    <td style=\"border:0px;text-align:right;vertical-align:top\">108<\/td>\n                    <td style=\"border:0px;text-align:left;vertical-align:top\"><strong><a href=\"https:\/\/lautfunk.uber.space\/probepodcast\/probe-podcast-bonus-022-bass-blubber-und-legenden-die-magie-der-tb-303\/\">Bass, Blubber und Legenden \u2013 Die Magie der TB-303<\/a><\/strong><br><small><i>In dieser Bonusfolge des Probe-Podcasts tauchen wir tief in die Welt einer der legend\u00e4rsten Bassmaschinen ein: der Roland TB-303. Urspr\u00fcnglich als Begleitung f\u00fcr Gitarristen gedacht, entwickelte sich das unscheinbare K\u00e4stchen zum Herzst\u00fcck des Acid Sounds und hat Musikgeschichte geschrieben. \n\nWie kam es dazu, dass ein ungeliebter Synth pl\u00f6tzlich Kultstatus erreichte? Warum zahlen Sammler heute ein kleines Verm\u00f6gen f\u00fcr eine Plastikschachtel aus den 80ern? Und vor allem: Wie klingt das Ding eigentlich wirklich? \n\nWir nehmen euch mit auf eine Reise durch ikonische Sounds, skurrile Hintergrundgeschichten und moderne Klone. Nat\u00fcrlich gibt\u2019s auch exklusive Klangbeispiele \u2013 von Software bis Hardware, von Vintage bis Zukunft.\n\nAlso: Laut machen, Bass f\u00fchlen und abtauchen in den hypnotischen Acid Groove!<\/i><\/small><br><small><u>Aufgenommen am<\/u> 02.03.2025, <u>ver\u00f6ffentlicht am<\/u> 03.03.2025<\/small><\/td>\n                    <td style=\"border:0px;text-align:right;vertical-align:top\">0:58:18<\/td>\n                    <td style=\"border:0px;text-align:right;vertical-align:top\">292<\/td>\n                <\/tr>\n                            <tr>\n                    <td style=\"border:0px;text-align:right;vertical-align:top\">109<\/td>\n                    <td style=\"border:0px;text-align:left;vertical-align:top\"><strong><a href=\"https:\/\/lautfunk.uber.space\/probepodcast\/probe-podcast-87-schlimmer-wohnen-teil-1\/\">Schlimmer wohnen (Teil 1)<\/a><\/strong><br><small><i>Tobi hat einen Brief bekommen, anl\u00e4sslich dessen man sich zu viert (mal wieder) die Frage stellt, wie man eigentlich am besten in seiner Instrumentensammlung haust (oder hausen muss, weil Prober\u00e4ume sind ja unbezahlbar geworden, wenn es sie denn \u00fcberhaupt noch g\u00e4be). Auf dem Spektrum zwischen \"Alles hochkant an die Wand\" und \"alles mit einem Schalter betriebsbereit\" gibts diesmal; sechseckige Wohnungen, olle Synthesizer, Alkoholika-Kaufberatung, Wegsuche aus der Kreativ-Blockade und der Release von diesem einen Plugin da \u2013 bei laufender Aufzeichnung! Nur das Hauptthema... das kratzen sie zwar immer wieder an, aber ich glaube da folgt die Tage noch n zweiter Teil...<\/i><\/small><br><small><u>Aufgenommen am<\/u> 17.03.2025, <u>ver\u00f6ffentlicht am<\/u> 24.03.2025<\/small><\/td>\n                    <td style=\"border:0px;text-align:right;vertical-align:top\">2:44:08<\/td>\n                    <td style=\"border:0px;text-align:right;vertical-align:top\">491<\/td>\n                <\/tr>\n                            <tr>\n                    <td style=\"border:0px;text-align:right;vertical-align:top\">110<\/td>\n                    <td style=\"border:0px;text-align:left;vertical-align:top\"><strong><a href=\"https:\/\/lautfunk.uber.space\/probepodcast\/probe-podcast-bonus-023-prae-booth-bonus-2025\/\">\u00a0Pr\u00e4-Booth-Bonus 2025<\/a><\/strong><br><small><i>Bevor (oder w\u00e4hrend?) das Leak-Wochenende so richtig los geht, eine Abarbeitung der gr\u00f6beren Brocken aus der partout nicht enden wollenden Konsumschlacht. Mit Flowwater als Verst\u00e4rkung, mehr oder weniger clubtauglichen Soundbeispielen, langen (rausgeschnittenen) Pausen, zweifelhaften Takes (aber nichts politisches, hrr hrr) und partiell ungew\u00f6hnlich r\u00e4udiger Audioqualit\u00e4t. Enjoy, in plusminus zwei Wochen gehts weiter.<\/i><\/small><br><small><u>Aufgenommen am<\/u> 30.04.2025, <u>ver\u00f6ffentlicht am<\/u> 04.05.2025<\/small><\/td>\n                    <td style=\"border:0px;text-align:right;vertical-align:top\">2:06:56<\/td>\n                    <td style=\"border:0px;text-align:right;vertical-align:top\">216<\/td>\n                <\/tr>\n                            <tr>\n                    <td style=\"border:0px;text-align:right;vertical-align:top\">111<\/td>\n                    <td style=\"border:0px;text-align:left;vertical-align:top\"><strong><a href=\"https:\/\/lautfunk.uber.space\/probepodcast\/probe-podcast-88-der-preis-ist-scheiss\/\">Der Preis ist (sc)heiss<\/a><\/strong><br><small><i>Ein Piepton. Er ist sehr sch\u00f6n. Dazwischen; die publizierbaren Reste eines angeregten Gespr\u00e4chs von vor einigen Wochen. Es geht um rauchende Algorythmen, b\u00f6hse Onlineh\u00e4ndlerz, den Nachwuchs an der Pianoroll statt am Piano und irgendwann auch um Supermarktkassen \u2013 oder das Fehlen selbiger.<\/i><\/small><br><small><u>Aufgenommen am<\/u> 09.04.2025, <u>ver\u00f6ffentlicht am<\/u> 09.05.2025<\/small><\/td>\n                    <td style=\"border:0px;text-align:right;vertical-align:top\">1:21:39<\/td>\n                    <td style=\"border:0px;text-align:right;vertical-align:top\">269<\/td>\n                <\/tr>\n                            <tr>\n                    <td style=\"border:0px;text-align:right;vertical-align:top\">112<\/td>\n                    <td style=\"border:0px;text-align:left;vertical-align:top\"><strong><a href=\"https:\/\/lautfunk.uber.space\/probepodcast\/probe-podcast-bonus-024-post-booth-bonus-2025\/\">Post-Booth-Bonus 2025<\/a><\/strong><br><small><i>Das allj\u00e4hrliche Gruppenkuscheln und Dinge betatschen in Berlin stand an \u2013 ohne uns, wir spekulieren gewohnt ahnungslos ins blaue, aber immerhin haben wir kompetente (und tats\u00e4chlich vor Ort gewesene) Verst\u00e4rkung an Bord. Au\u00dferdem: schon wieder Flowwater, Versp\u00e4tungen, St\u00f6rger\u00e4usche (yay), Grand Prix de la Bundesliga, Wochenendeink\u00e4ufe, Musik h\u00f6ren, Musik machen (das tun wir auch viel zu wenig), MPE, SPD und und und...<\/i><\/small><br><small><u>Aufgenommen am<\/u> 14.05.2025, <u>ver\u00f6ffentlicht am<\/u> 19.05.2025<\/small><\/td>\n                    <td style=\"border:0px;text-align:right;vertical-align:top\">3:21:38<\/td>\n                    <td style=\"border:0px;text-align:right;vertical-align:top\">632<\/td>\n                <\/tr>\n                            <tr>\n                    <td style=\"border:0px;text-align:right;vertical-align:top\">113<\/td>\n                    <td style=\"border:0px;text-align:left;vertical-align:top\"><strong><a href=\"https:\/\/lautfunk.uber.space\/probepodcast\/probe-podcast-bonus-025-die-60-minuten-challenge\/\">Die 60-Minuten-Challenge<\/a><\/strong><br><small><i>Nach knapp einem Jahr versuchen sie sich mal wieder mit Vorsatz k\u00fcrzer zu fassen und alles bleibt beim alten; der Erfolg, die Themen (ja, Tobi hat schon wieder Ger\u00e4teprobleme), die Notwendigkeit, das alles zu schneiden (mitsamt exklusivem Raumwelle-Release)... und so weiter und so fort. Ausserdem: Laubbl\u00e4ser, Piept\u00f6ne, Geschirrsp\u00fcler, Gitarren (teuer) und Kaffee (billig)<\/i><\/small><br><small><u>Aufgenommen am<\/u> 03.06.2025, <u>ver\u00f6ffentlicht am<\/u> 09.06.2025<\/small><\/td>\n                    <td style=\"border:0px;text-align:right;vertical-align:top\">1:04:22<\/td>\n                    <td style=\"border:0px;text-align:right;vertical-align:top\">191<\/td>\n                <\/tr>\n                            <tr>\n                    <td style=\"border:0px;text-align:right;vertical-align:top\">114<\/td>\n                    <td style=\"border:0px;text-align:left;vertical-align:top\"><strong><a href=\"https:\/\/lautfunk.uber.space\/probepodcast\/probe-podcast-89-vier-gewinnt\/\">Vier gewinnt<\/a><\/strong><br><small><i>Der Probe Podcast ist jetzt irgendwie zu viert \u2013 okay, vielleicht nicht immer, aber ich werde ab sofort aufh\u00f6ren \"mit Flowwater\" hinzuschreiben. Heute ausserdem mit dabei: groteske Versionsspr\u00fcnge, verschenkte Trojaner, sehr viel potentieller Tod und der krampfhafte Eindruck, dass alles irgendwie immer schlimmer wird. Und die Themenliste kriegen sie auch nicht fertig (hier Bild von \u00fcberraschtem gelbem Hamster einsetzen)<\/i><\/small><br><small><u>Aufgenommen am<\/u> 11.06.2025, <u>ver\u00f6ffentlicht am<\/u> 18.06.2025<\/small><\/td>\n                    <td style=\"border:0px;text-align:right;vertical-align:top\">2:46:24<\/td>\n                    <td style=\"border:0px;text-align:right;vertical-align:top\">303<\/td>\n                <\/tr>\n                            <tr>\n                    <td style=\"border:0px;text-align:right;vertical-align:top\">115<\/td>\n                    <td style=\"border:0px;text-align:left;vertical-align:top\"><strong><a href=\"https:\/\/lautfunk.uber.space\/probepodcast\/probe-podcast-bonus-026-hochsommer-quickie\/\">\"Hochsommer\"-Quickie<\/a><\/strong><br><small><i>Der eine krank und abwesend, die anderen \"nur\" vom Wetter frittiert und kurz vorm einschlafen... heute wills eher nicht so und die Themenliste kann man auch gleich rauchen. Aber zumindest versuchen sie's: Tobi hat ein Wochenende vor Ladebalken verbracht und versucht die Kollegen erfolglos in ein Spiel zu verwickeln, stattdessen reden sie pl\u00f6tzlich \u00fcber Promis und regionale Unterschiede f\u00fcr erfolgreiche Musik. Ausserdem: gregorianische Ges\u00e4nge, die legend\u00e4ren Tobi-Dropouts, wunderlich-\u00fcberraschende Mausklicks in Kontakt-Libraries und alte, wirklich sehr alte Gedichte.<\/i><\/small><br><small><u>Aufgenommen am<\/u> 23.06.2025, <u>ver\u00f6ffentlicht am<\/u> 30.06.2025<\/small><\/td>\n                    <td style=\"border:0px;text-align:right;vertical-align:top\">2:15:59<\/td>\n                    <td style=\"border:0px;text-align:right;vertical-align:top\">234<\/td>\n                <\/tr>\n                            <tr>\n                    <td style=\"border:0px;text-align:right;vertical-align:top\">116<\/td>\n                    <td style=\"border:0px;text-align:left;vertical-align:top\"><strong><a href=\"https:\/\/lautfunk.uber.space\/probepodcast\/probe-podcast-bonus-027-proberaum-gelaber-am-limit\/\">Proberaum Gelaber am Limit<\/a><\/strong><br><small><i>The saga continues; sogenannter \"Glutsommer\" trifft auf mehr oder weniger alte Menschen; Resultat: alle irgendwo zwischen kaputt und niedergegart, keine Reserven f\u00fcr die grossen Themen, daf\u00fcr wieder \"heute billig morgen teuer\" wie weiland am Strand in der Toskana. Ausserdem; Weichk\u00e4se, Autowerkst\u00e4tten, AGBs, Moogs und Videospiele (sehr viele).<\/i><\/small><br><small><u>Aufgenommen am<\/u> 07.07.2025, <u>ver\u00f6ffentlicht am<\/u> 11.07.2025<\/small><\/td>\n                    <td style=\"border:0px;text-align:right;vertical-align:top\">1:24:03<\/td>\n                    <td style=\"border:0px;text-align:right;vertical-align:top\">928<\/td>\n                <\/tr>\n                            <tr>\n                    <td style=\"border:0px;text-align:right;vertical-align:top\">117<\/td>\n                    <td style=\"border:0px;text-align:left;vertical-align:top\"><strong><a href=\"https:\/\/lautfunk.uber.space\/probepodcast\/probe-podcast-90-glutsommergespraeche\/\">Glutsommergespr\u00e4ch(e)<\/a><\/strong><br><small><i>Etwas (sehr) versp\u00e4tet, aber da; das allj\u00e4hrliche alles und nichts zum \u00e4hnlich versp\u00e4teten Sommer. Flowwater macht lustige St\u00f6rger\u00e4usche, Tobi h\u00e4lt ewige Monologe, Sascha reisst den Club ab und Notstrom steht einfach nur darin rum (und geht ab). Ausserdem: Bergst\u00fcrze, Flederm\u00e4use, Klonkriege, Rabatte, Nachwuchsbands, Gitarren, Altlasten und Transpiration. Sch\u00f6nen Sommer!<\/i><\/small><br><small><u>Aufgenommen am<\/u> 23.07.2025, <u>ver\u00f6ffentlicht am<\/u> 25.08.2025<\/small><\/td>\n                    <td style=\"border:0px;text-align:right;vertical-align:top\">2:35:16<\/td>\n                    <td style=\"border:0px;text-align:right;vertical-align:top\">128<\/td>\n                <\/tr>\n                            <tr>\n                    <td style=\"border:0px;text-align:right;vertical-align:top\">118<\/td>\n                    <td style=\"border:0px;text-align:left;vertical-align:top\"><strong><a href=\"https:\/\/lautfunk.uber.space\/probepodcast\/probe-podcast-91-weniger-macht-mehr\/\">Weniger macht mehr<\/a><\/strong><br><small><i>Wor\u00fcber in diesen durchn\u00e4ss... \u00e4h, hitzigen Tagen sonst noch zu reden war: Das seit mehreren Folgen herausgeschobene Minimalismus-Video von Joseph \"DeChangeman\" Bolz, ein ganzes Album nur mit dem Minimoog Voyager, die Frage ob man sich \u00fcberhaupt freiwillig optimiert und nicht eher gezwungen, und die andere Frage, ob bei den Effekten jetzt alles wieder \"multi\" wird. Ausserdem: Henrik, Blaulicht, Essen (nicht das in NRW) und eine Vorf\u00fchrung \u00fcber die Macht der Effektkette<\/i><\/small><br><small><u>Aufgenommen am<\/u> 07.08.2025, <u>ver\u00f6ffentlicht am<\/u> 09.09.2025<\/small><\/td>\n                    <td style=\"border:0px;text-align:right;vertical-align:top\">1:39:20<\/td>\n                    <td style=\"border:0px;text-align:right;vertical-align:top\">207<\/td>\n                <\/tr>\n                            <tr>\n                    <td style=\"border:0px;text-align:right;vertical-align:top\">119<\/td>\n                    <td style=\"border:0px;text-align:left;vertical-align:top\"><strong><a href=\"https:\/\/lautfunk.uber.space\/probepodcast\/probe-podcast-92-effekte\/\">Effekte<\/a><\/strong><br><small><i>Eigentlich wunderlich; in fast hundert regul\u00e4ren Folgen (die ganzen Bonus-Ausgaben noch nicht mal mitgez\u00e4hlt) haben die drei von der Tastenstelle noch nie wirklich tiefgehend \u00fcber das geredet, was sie doch eigentlich die ganze Zeit tun \u2013 das, was passiert, wenn der Sound schon gemacht ist, aber irgendwie noch das gewisse etwas fehlt (oder es einfach scheisse klingt). Deshalb heute jetzt in Vollbedienung; mit Grund-Crashkurs, pingeligen Details und pers\u00f6nlichen Empfehlungen; anderthalb Stunden \u00fcber die vielen, vielen Klangver\u00e4nderer \u2013 und welche man wo eigentlich braucht (oder meint zu brauchen)<\/i><\/small><br><small><u>Aufgenommen am<\/u> 12.08.2025, <u>ver\u00f6ffentlicht am<\/u> 01.10.2025<\/small><\/td>\n                    <td style=\"border:0px;text-align:right;vertical-align:top\">1:34:27<\/td>\n                    <td style=\"border:0px;text-align:right;vertical-align:top\">145<\/td>\n                <\/tr>\n                            <tr>\n                    <td style=\"border:0px;text-align:right;vertical-align:top\">120<\/td>\n                    <td style=\"border:0px;text-align:left;vertical-align:top\"><strong><a href=\"https:\/\/lautfunk.uber.space\/probepodcast\/probe-podcast-bonus-028-morgen-retourniert\/\">MORGEN RETOURNIERT<\/a><\/strong><br><small><i>Eine Headline wie ein Star-Wars-Sequel, aber yay, endlich wieder mal Releaseday-Commentary. L\u00e4uft aber auch gerade bei denen; der japanische Hersteller, von dem es alle w\u00fcnschten und niemand erwartete, baut tats\u00e4chlich die analoge Eier legende Wollmilchsau. Es wird vierstellig, silbern und mit Kaltger\u00e4teanschluss \u2013 und die TR-1000 sorgt auch hier f\u00fcr tats\u00e4chlich \u00fcberraschte Gesichter und Monologe \u00fcber einen doch recht musikzeitgeschichtlichen Moment. Ausserdem: Sequential Fourm, Redditnutzer, Zahn\u00e4rzte und improvisierende Jugendkultur. Viel Spass<\/i><\/small><br><small><u>Aufgenommen am<\/u> 01.01.1970, <u>ver\u00f6ffentlicht am<\/u> 03.10.2025<\/small><\/td>\n                    <td style=\"border:0px;text-align:right;vertical-align:top\">1:09:10<\/td>\n                    <td style=\"border:0px;text-align:right;vertical-align:top\">317<\/td>\n                <\/tr>\n                            <tr>\n                    <td style=\"border:0px;text-align:right;vertical-align:top\">121<\/td>\n                    <td style=\"border:0px;text-align:left;vertical-align:top\"><strong><a href=\"https:\/\/lautfunk.uber.space\/probepodcast\/probe-podcast-93-wir-reden-ueber-uns-selbst\/\">Wir reden \u00dcBER uns selbst<\/a><\/strong><br><small><i>In medias res (oder so \u00e4hnlich). Das Jahr neigt sich dem Ende zu, die Bl\u00e4tter fallen und die drei von der Talkstelle machen sich Gedanken \u00fcber sich selbst, ihr Format und wohin sie damit eigentlich wollen. Eine Nabelschau in ungewohnt \u00f6ffentlicher Atmosph\u00e4re \u2013 wie gewohnt kurzweilig, humorig, tiefgr\u00fcndig und (fast) uncut.<\/i><\/small><br><small><u>Aufgenommen am<\/u> 29.09.2025, <u>ver\u00f6ffentlicht am<\/u> 13.10.2025<\/small><\/td>\n                    <td style=\"border:0px;text-align:right;vertical-align:top\">1:10:40<\/td>\n                    <td style=\"border:0px;text-align:right;vertical-align:top\">371<\/td>\n                <\/tr>\n                            <tr>\n                    <td style=\"border:0px;text-align:right;vertical-align:top\">122<\/td>\n                    <td style=\"border:0px;text-align:left;vertical-align:top\"><strong><a href=\"https:\/\/lautfunk.uber.space\/probepodcast\/probe-podcast-bonus-029-live-vom-krankenstand\/\">Live vom Krankenstand<\/a><\/strong><br><small><i>Feldlazarett tales. Drei, die auch schon mal bessere Zeiten gesehen haben und aktuell auf unterschiedliche Art und Weise auseinander fallen, unterhalten sich \u00fcber ihre Motivation, an noch folgende bessere Zeiten zu glauben. Ausserdem: Waffen, Valhalla, Grossputz, Lebensmittelpreise, Rabattschlacht, KI und ein Typ, der mit einem Loopstation-Bauchladen durch New York l\u00e4uft und den ihr euch dringend mal reinziehen sollt (so wie wir w\u00e4hrend des letzten Drittels des Podcasts). Auf gute Genesung<\/i><\/small><br><small><u>Aufgenommen am<\/u> 14.11.2025, <u>ver\u00f6ffentlicht am<\/u> 19.11.2025<\/small><\/td>\n                    <td style=\"border:0px;text-align:right;vertical-align:top\">2:02:09<\/td>\n                    <td style=\"border:0px;text-align:right;vertical-align:top\">252<\/td>\n                <\/tr>\n                            <tr>\n                    <td style=\"border:0px;text-align:right;vertical-align:top\">123<\/td>\n                    <td style=\"border:0px;text-align:left;vertical-align:top\"><strong><a href=\"https:\/\/lautfunk.uber.space\/probepodcast\/probe-podcast-bonus-030-bonus-030-brotbuechse-from-outer-space\/\">Brotb\u00fcchse from outer space<\/a><\/strong><br><small><i>CONSOOM! Alles hat Rabatte, niemand hat mehr Kohle \u00fcber. Waldorf l\u00e4dt derweil die halbe Welt ein und Arturia rollt das Bonsai-Segment von hinten auf. Zeit mal dar\u00fcber zu reden. Ausserdem: Verkehrssicherheit, Zahnpasta, Musiktheorie und die nett formulierte E-Mail.<\/i><\/small><br><small><u>Aufgenommen am<\/u> 25.11.2025, <u>ver\u00f6ffentlicht am<\/u> 26.11.2025<\/small><\/td>\n                    <td style=\"border:0px;text-align:right;vertical-align:top\">1:25:19<\/td>\n                    <td style=\"border:0px;text-align:right;vertical-align:top\">415<\/td>\n                <\/tr>\n                            <tr>\n                    <td style=\"border:0px;text-align:right;vertical-align:top\">124<\/td>\n                    <td style=\"border:0px;text-align:left;vertical-align:top\"><strong><a href=\"https:\/\/lautfunk.uber.space\/probepodcast\/probe-podcast-folge-94-es-wird-uns-alle-umbringen\/\">Es wird uns alle umbringen<\/a><\/strong><br><small><i>KI, das Wort der (inzwischen sehr lange dauernden) Stunde. Seit Jahren reden sie dar\u00fcber, dass sie mal dar\u00fcber reden m\u00fcssen, jetzt tun sie es. Zusammen mit etwas mehr Kompetenz im Thema (in Form eines alten Podcastfreundes) hangeln man sich im schier nicht zu \u00fcberblickenden und auch nicht enden wollenden Themendschungel der mit sich selbst redenden Algorithmen von Suno nach Udio, von Jura nach Theo und von der Steinzeit in hypothetische Zuk\u00fcnfte. Ausserdem: Indische Weihnachtshits, instabiles Werkzeug, traumatisierte Menschen, get\u00f6tete Subkulturen, Sexbots, Philosophen, Ameisenstrassen, Vogelschw\u00e4rme, bessere Go-Spieler, individuelle Marvelfilme, billige Fackeln und notwendige Mistgabeln. Enjoy!<\/i><\/small><br><small><u>Aufgenommen am<\/u> 11.12.2025, <u>ver\u00f6ffentlicht am<\/u> 14.12.2025<\/small><\/td>\n                    <td style=\"border:0px;text-align:right;vertical-align:top\">2:58:07<\/td>\n                    <td style=\"border:0px;text-align:right;vertical-align:top\">179<\/td>\n                <\/tr>\n                            <tr>\n                    <td style=\"border:0px;text-align:right;vertical-align:top\">125<\/td>\n                    <td style=\"border:0px;text-align:left;vertical-align:top\"><strong><a href=\"https:\/\/lautfunk.uber.space\/probepodcast\/probe-podcast-95-ein-proteinreiches-interview\/\"> Ein proteinreiches Interview<\/a><\/strong><br><small><i>Synthsgiving, drei Wochen sp\u00e4ter. Zusammen mit Waldorf-Chefkoch Rolf W\u00f6hrmann werden ein paar Augen und Ohren auf die neue kleine Irgendwie-Mikrowelle und ihr immenses Potenzial als Serienpilot geworfen (klingt brutaler als es ist). Au\u00dferdem: <\/i><\/small><br><small><u>Aufgenommen am<\/u> 15.12.2025, <u>ver\u00f6ffentlicht am<\/u> 17.12.2025<\/small><\/td>\n                    <td style=\"border:0px;text-align:right;vertical-align:top\">1:26:55<\/td>\n                    <td style=\"border:0px;text-align:right;vertical-align:top\">296<\/td>\n                <\/tr>\n                            <tr>\n                    <td style=\"border:0px;text-align:right;vertical-align:top\">126<\/td>\n                    <td style=\"border:0px;text-align:left;vertical-align:top\"><strong><a href=\"https:\/\/lautfunk.uber.space\/probepodcast\/probe-podcast-96-dawesome-v3\/\">Dawesome V3<\/a><\/strong><br><small><i>Gut Ding will Weile ha... \u00e4h, ein Jahr lang auf Tobis Festplatte vergammeln. Schande, Schande, Schande. Aber wenigstens kann man so noch mit einem weiteren Kracher aus der Weihnachtszeit aufwarten (wenn auch nicht aus der diesj\u00e4hrigen). Peter ist zur\u00fcck und erz\u00e4hlt vom (damals...) aktuellen MYTH 1.5-Update (das gef\u00fchlt eher ein Upgrade ist), dem Freebie-Ableger ZYKLOP, seinem kommenden Effekt-Plugin HATE (inzwischen seit 9 Monaten ver\u00f6ffentlicht) und irgendwann auch noch ganz viel spannendes \u00fcber die \u00e4lteren Kracher: ABYSS, NOVUM, KULT & CHOP SUEY. Und ausserdem schweifen die vier wieder ab in die grossen zeitgen\u00f6ssischen wie zeitlosen Themen der Welt: Kreaitiv\u00e4t, KI, Evolution und das Ficken. Frohes Jahresende (welches auch immer...).<\/i><\/small><br><small><u>Aufgenommen am<\/u> 03.12.2024, <u>ver\u00f6ffentlicht am<\/u> 28.12.2025<\/small><\/td>\n                    <td style=\"border:0px;text-align:right;vertical-align:top\">3:13:36<\/td>\n                    <td style=\"border:0px;text-align:right;vertical-align:top\">172<\/td>\n                <\/tr>\n                            <tr>\n                    <td style=\"border:0px;text-align:right;vertical-align:top\">127<\/td>\n                    <td style=\"border:0px;text-align:left;vertical-align:top\"><strong><a href=\"https:\/\/lautfunk.uber.space\/probepodcast\/probe-podcast-97-ein-letztes-mal-2025\/\">Ein letztes Mal 2025<\/a><\/strong><br><small><i>Ja, der sollte urspr\u00fcnglich noch im letzten Jahr ver\u00f6ffentlicht werden, aber wer rechnet denn auch damit, dass die drei mal eben die mit Abstand l\u00e4ngste Folge ihrer Podcastkarriere aufnehmen, bei diesem gem\u00fctlichen (und teilweise auch \u00fcberm\u00fcdetem) Proberaumgespr\u00e4ch zwischen den Jahren. Aber; (weitgehend) alles drin, alles dran. Die grossen Themen, die die Welt bewegen, das letzte Podcastjahr kompakt zusammengefasst, eine Ode an die G\u00e4ste (besonders an einen), fast eine Stunde Materialschlacht-Analyse und noch eine weitere \u00fcber die gar nicht mal so \u00fcberraschenden Erkenntnisse. Und gegen Ende gibts dann auch endlich mal wieder richtig viel eigene Musik. See you (oder eher \"hear you\"?) in 2026 (ach, da sind wir schon? Well well, next week).<\/i><\/small><br><small><u>Aufgenommen am<\/u> 27.12.2025, <u>ver\u00f6ffentlicht am<\/u> 05.01.2026<\/small><\/td>\n                    <td style=\"border:0px;text-align:right;vertical-align:top\">4:47:33<\/td>\n                    <td style=\"border:0px;text-align:right;vertical-align:top\">456<\/td>\n                <\/tr>\n                            <tr>\n                    <td style=\"border:0px;text-align:right;vertical-align:top\">128<\/td>\n                    <td style=\"border:0px;text-align:left;vertical-align:top\"><strong><a href=\"https:\/\/lautfunk.uber.space\/probepodcast\/probe-podcast-bonus-031-bye-bye-ni\/\">Bye Bye NI?<\/a><\/strong><br><small><i>Der l\u00e4ngst \u00fcberf\u00e4lligen ersten Ausgabe des Podcast-Jahres 2026 implodiert zwei Stunden vor Aufnahme die Vorbereitung samt Thema? Macht nix, woanders implodieren ganze Imperien. Relativ unvorbereitet, aber im Bewusstsein des eigenen Bildungsauftrags w\u00fchlen sich die drei durch eine Flut an Infos, besprechen Impact, Legacy und m\u00f6gliche Konsequenzen und mutieren im Dschungel \u00e4usserst un\u00fcbersichtlicher Beh\u00f6rdenplattformen irgendwann zu Journalisten.<\/i><\/small><br><small><u>Aufgenommen am<\/u> 27.01.2026, <u>ver\u00f6ffentlicht am<\/u> 28.01.2026<\/small><\/td>\n                    <td style=\"border:0px;text-align:right;vertical-align:top\">1:14:19<\/td>\n                    <td style=\"border:0px;text-align:right;vertical-align:top\">386<\/td>\n                <\/tr>\n                            <tr>\n                    <td style=\"border:0px;text-align:right;vertical-align:top\">129<\/td>\n                    <td style=\"border:0px;text-align:left;vertical-align:top\"><strong><a href=\"https:\/\/lautfunk.uber.space\/probepodcast\/probe-podcast-bonus-032-attacke\/\">ATTACKE<\/a><\/strong><br><small><i>Oh, guck mal, Plugin-Time! Schon wieder eine olle Kamelle durch den Wolf, \u00e4h, Rolf gejagt und voil\u00e0, neue Massst\u00e4be. Mitsamt Waldorf-CEO W\u00f6hrmann schnacken wir ein wenig \u00fcber den runderneuerten Attack 3 Percussion Synthesizer, gutes Plugin-Design, eventuelle Lehren f\u00fcr die Hardware-Entwicklung, die Drum-Plugin-Einbindung in modernen DAWs und irgendwann auch \u00fcber Entwicklungsl\u00e4nder und den so genannten wachsenden Markt. Ausserdem; kleines Bonus-Segment wegen p\u00fcnktlich zur Aufnahme gedroppter Arturia FX-Collection 6 und dar\u00fcber, dass meine Kollegen pawlowsche Wauwaus sind (ich darf das so schreiben, die lesen das hier eh nicht)<\/i><\/small><br><small><u>Aufgenommen am<\/u> 19.02.2026, <u>ver\u00f6ffentlicht am<\/u> 21.02.2026<\/small><\/td>\n                    <td style=\"border:0px;text-align:right;vertical-align:top\">1:21:05<\/td>\n                    <td style=\"border:0px;text-align:right;vertical-align:top\">160<\/td>\n                <\/tr>\n                            <tr>\n                    <td style=\"border:0px;text-align:right;vertical-align:top\">130<\/td>\n                    <td style=\"border:0px;text-align:left;vertical-align:top\"><strong><a href=\"https:\/\/lautfunk.uber.space\/probepodcast\/probe-podcast-98-tunegirl\/\">TUNEGIRL<\/a><\/strong><br><small><i>Es ist 2026 (okay, zum Aufnahmezeitpunkt 2025) und wir haben endlich eine Frau im Podcast (schockierte Nerd-Ger\u00e4usche). Und was f\u00fcr eine! Tunegirl kommuniziert mit den Euroracks, spielt vor 80'000 Leuten und steht mit ihrem Namen und ihrer Musik nicht selten f\u00fcr \"DAS Liveset der [Veranstaltung einsetzen]\". Mit ihr zusammen reden wir \u00fcber ihren Werdegang, nat\u00fcrlich \u00fcber Eurorack, \u00fcber Drum Machines, Frauen in M\u00e4nnerdom\u00e4nen, das Fusion-Festival und \u00fcber Gabba-Beats in der R\u00f6hre. Viel Spass<\/i><\/small><br><small><u>Aufgenommen am<\/u> 21.10.2025, <u>ver\u00f6ffentlicht am<\/u> 02.03.2026<\/small><\/td>\n                    <td style=\"border:0px;text-align:right;vertical-align:top\">1:33:59<\/td>\n                    <td style=\"border:0px;text-align:right;vertical-align:top\">516<\/td>\n                <\/tr>\n                    <\/tbody>\n    <\/table>\n <\/p>\n<div class=\"syndication-links\"><\/div>","protected":false},"excerpt":{"rendered":"<p>Es werden alle Folgen aus den Shows in der folgenden Liste nach den Staffeln sortiert aufgef\u00fchrt in chronologischer Reihenfolge nach ihrer Ver\u00f6ffentlichung.<\/p>\n","protected":false},"author":2,"featured_media":0,"parent":0,"menu_order":0,"comment_status":"closed","ping_status":"closed","template":"","meta":{"wikipediapreview_detectlinks":true,"wprm-recipe-roundup-name":"","wprm-recipe-roundup-description":"","mf2_syndication":[],"footnotes":""},"class_list":["post-1214","page","type-page","status-publish","hentry"],"yoast_head":"<!-- This site is optimized with the Yoast SEO plugin v27.5 - https:\/\/yoast.com\/product\/yoast-seo-wordpress\/ -->\n<title>Staffeln und zugeh\u00f6rige Folgen - Probe Podcast<\/title>\n<meta name=\"robots\" content=\"index, follow, max-snippet:-1, max-image-preview:large, max-video-preview:-1\" \/>\n<link rel=\"canonical\" href=\"https:\/\/lautfunk.uber.space\/probepodcast\/staffeln-und-zugehoerige-folgen\/\" \/>\n<meta property=\"og:locale\" content=\"de_DE\" \/>\n<meta property=\"og:type\" content=\"article\" \/>\n<meta property=\"og:title\" content=\"Staffeln und zugeh\u00f6rige Folgen - Probe Podcast\" \/>\n<meta property=\"og:description\" content=\"Es werden alle Folgen aus den Shows in der folgenden Liste nach den Staffeln sortiert aufgef\u00fchrt in chronologischer Reihenfolge nach ihrer Ver\u00f6ffentlichung.\" \/>\n<meta property=\"og:url\" content=\"https:\/\/lautfunk.uber.space\/probepodcast\/staffeln-und-zugehoerige-folgen\/\" \/>\n<meta property=\"og:site_name\" content=\"Probe Podcast\" \/>\n<meta property=\"article:publisher\" content=\"https:\/\/www.facebook.com\/sascha.markmann\" \/>\n<meta property=\"article:modified_time\" content=\"2024-05-16T22:19:43+00:00\" \/>\n<meta property=\"og:image\" content=\"https:\/\/lautfunk.uber.space\/probepodcast\/wp-content\/uploads\/sites\/3\/2018\/05\/Probe-PodCastgross-Neu.jpg\" \/>\n\t<meta property=\"og:image:width\" content=\"3000\" \/>\n\t<meta property=\"og:image:height\" content=\"3000\" \/>\n\t<meta property=\"og:image:type\" content=\"image\/jpeg\" \/>\n<meta name=\"twitter:card\" content=\"summary_large_image\" \/>\n<meta name=\"twitter:site\" content=\"@raumwelle\" \/>\n<meta name=\"twitter:label1\" content=\"Gesch\u00e4tzte Lesezeit\" \/>\n\t<meta name=\"twitter:data1\" content=\"1\u00a0Minute\" \/>\n<script type=\"application\/ld+json\" class=\"yoast-schema-graph\">{\"@context\":\"https:\\\/\\\/schema.org\",\"@graph\":[{\"@type\":\"WebPage\",\"@id\":\"https:\\\/\\\/lautfunk.uber.space\\\/probepodcast\\\/staffeln-und-zugehoerige-folgen\\\/\",\"url\":\"https:\\\/\\\/lautfunk.uber.space\\\/probepodcast\\\/staffeln-und-zugehoerige-folgen\\\/\",\"name\":\"Staffeln und zugeh\u00f6rige Folgen - Probe Podcast\",\"isPartOf\":{\"@id\":\"https:\\\/\\\/lautfunk.uber.space\\\/probepodcast\\\/#website\"},\"datePublished\":\"2022-10-22T19:49:28+00:00\",\"dateModified\":\"2024-05-16T22:19:43+00:00\",\"breadcrumb\":{\"@id\":\"https:\\\/\\\/lautfunk.uber.space\\\/probepodcast\\\/staffeln-und-zugehoerige-folgen\\\/#breadcrumb\"},\"inLanguage\":\"de\",\"potentialAction\":[{\"@type\":\"ReadAction\",\"target\":[\"https:\\\/\\\/lautfunk.uber.space\\\/probepodcast\\\/staffeln-und-zugehoerige-folgen\\\/\"]}]},{\"@type\":\"BreadcrumbList\",\"@id\":\"https:\\\/\\\/lautfunk.uber.space\\\/probepodcast\\\/staffeln-und-zugehoerige-folgen\\\/#breadcrumb\",\"itemListElement\":[{\"@type\":\"ListItem\",\"position\":1,\"name\":\"Startseite\",\"item\":\"https:\\\/\\\/lautfunk.uber.space\\\/probepodcast\\\/\"},{\"@type\":\"ListItem\",\"position\":2,\"name\":\"Staffeln und zugeh\u00f6rige Folgen\"}]},{\"@type\":\"WebSite\",\"@id\":\"https:\\\/\\\/lautfunk.uber.space\\\/probepodcast\\\/#website\",\"url\":\"https:\\\/\\\/lautfunk.uber.space\\\/probepodcast\\\/\",\"name\":\"Probe Podcast\",\"description\":\"Der gem\u00fctliche Talk aus dem Proberaum\",\"publisher\":{\"@id\":\"https:\\\/\\\/lautfunk.uber.space\\\/probepodcast\\\/#\\\/schema\\\/person\\\/eaaaeefee57a38cbe19f97caa2a20263\"},\"alternateName\":\"SynthWave Sessions\",\"potentialAction\":[{\"@type\":\"SearchAction\",\"target\":{\"@type\":\"EntryPoint\",\"urlTemplate\":\"https:\\\/\\\/lautfunk.uber.space\\\/probepodcast\\\/?s={search_term_string}\"},\"query-input\":{\"@type\":\"PropertyValueSpecification\",\"valueRequired\":true,\"valueName\":\"search_term_string\"}}],\"inLanguage\":\"de\"},{\"@type\":[\"Person\",\"Organization\"],\"@id\":\"https:\\\/\\\/lautfunk.uber.space\\\/probepodcast\\\/#\\\/schema\\\/person\\\/eaaaeefee57a38cbe19f97caa2a20263\",\"name\":\"Sascha Markmann\",\"image\":{\"@type\":\"ImageObject\",\"inLanguage\":\"de\",\"@id\":\"https:\\\/\\\/lautfunk.uber.space\\\/probepodcast\\\/wp-content\\\/uploads\\\/sites\\\/3\\\/2018\\\/05\\\/20424197_1474132585976704_6882412338832920590_o-kleiner.jpg\",\"url\":\"https:\\\/\\\/lautfunk.uber.space\\\/probepodcast\\\/wp-content\\\/uploads\\\/sites\\\/3\\\/2018\\\/05\\\/20424197_1474132585976704_6882412338832920590_o-kleiner.jpg\",\"contentUrl\":\"https:\\\/\\\/lautfunk.uber.space\\\/probepodcast\\\/wp-content\\\/uploads\\\/sites\\\/3\\\/2018\\\/05\\\/20424197_1474132585976704_6882412338832920590_o-kleiner.jpg\",\"width\":360,\"height\":360,\"caption\":\"Sascha Markmann\"},\"logo\":{\"@id\":\"https:\\\/\\\/lautfunk.uber.space\\\/probepodcast\\\/wp-content\\\/uploads\\\/sites\\\/3\\\/2018\\\/05\\\/20424197_1474132585976704_6882412338832920590_o-kleiner.jpg\"},\"description\":\"Sascha Markmann ist ein kreativer Kopf mit bewegter Biografie: Informatiker, studierter Philosoph, Religionswissenschaftler und Psychologe \u2013 und gleichzeitig ein Mensch, der das Leben nach einem Schlaganfall ganz neu entdeckt hat. Nach Stationen als Rettungssanit\u00e4ter und Altenpfleger fand Sascha seinen Weg in die Welt des kreativen Ausdrucks: Als Blogger, Musiker, Podcaster, Philosoph und visueller Geschichtenerz\u00e4hler kombiniert er technisches Know-how mit emotionaler Tiefe und einem schr\u00e4gen Sinn f\u00fcr Humor. Seine Beitr\u00e4ge entstehen irgendwo zwischen Borderline, Acid Bassline und Beistand \u2013 ehrlich, direkt und gerne auch mal mit einem Augenzwinkern. Leitmotiv: \u201eAudiovisueller Stumpfsinn mit keinem Nutzwert \u2013 aber vielleicht genau deshalb so wertvoll.\u201c\",\"sameAs\":[\"https:\\\/\\\/lautfunk.uber.space\",\"https:\\\/\\\/www.facebook.com\\\/sascha.markmann\",\"https:\\\/\\\/www.instagram.com\\\/lautfunk\\\/\",\"https:\\\/\\\/www.linkedin.com\\\/in\\\/sascha-markmann-b46019137\\\/\",\"https:\\\/\\\/de.pinterest.com\\\/Raumwelle\\\/\",\"https:\\\/\\\/x.com\\\/raumwelle\",\"https:\\\/\\\/www.youtube.com\\\/user\\\/fellmensch\",\"https:\\\/\\\/www.tumblr.com\\\/lautfunk\"]}]}<\/script>\n<!-- \/ Yoast SEO plugin. -->","yoast_head_json":{"title":"Staffeln und zugeh\u00f6rige Folgen - Probe Podcast","robots":{"index":"index","follow":"follow","max-snippet":"max-snippet:-1","max-image-preview":"max-image-preview:large","max-video-preview":"max-video-preview:-1"},"canonical":"https:\/\/lautfunk.uber.space\/probepodcast\/staffeln-und-zugehoerige-folgen\/","og_locale":"de_DE","og_type":"article","og_title":"Staffeln und zugeh\u00f6rige Folgen - Probe Podcast","og_description":"Es werden alle Folgen aus den Shows in der folgenden Liste nach den Staffeln sortiert aufgef\u00fchrt in chronologischer Reihenfolge nach ihrer Ver\u00f6ffentlichung.","og_url":"https:\/\/lautfunk.uber.space\/probepodcast\/staffeln-und-zugehoerige-folgen\/","og_site_name":"Probe Podcast","article_publisher":"https:\/\/www.facebook.com\/sascha.markmann","article_modified_time":"2024-05-16T22:19:43+00:00","og_image":[{"width":3000,"height":3000,"url":"https:\/\/lautfunk.uber.space\/probepodcast\/wp-content\/uploads\/sites\/3\/2018\/05\/Probe-PodCastgross-Neu.jpg","type":"image\/jpeg"}],"twitter_card":"summary_large_image","twitter_site":"@raumwelle","twitter_misc":{"Gesch\u00e4tzte Lesezeit":"1\u00a0Minute"},"schema":{"@context":"https:\/\/schema.org","@graph":[{"@type":"WebPage","@id":"https:\/\/lautfunk.uber.space\/probepodcast\/staffeln-und-zugehoerige-folgen\/","url":"https:\/\/lautfunk.uber.space\/probepodcast\/staffeln-und-zugehoerige-folgen\/","name":"Staffeln und zugeh\u00f6rige Folgen - Probe Podcast","isPartOf":{"@id":"https:\/\/lautfunk.uber.space\/probepodcast\/#website"},"datePublished":"2022-10-22T19:49:28+00:00","dateModified":"2024-05-16T22:19:43+00:00","breadcrumb":{"@id":"https:\/\/lautfunk.uber.space\/probepodcast\/staffeln-und-zugehoerige-folgen\/#breadcrumb"},"inLanguage":"de","potentialAction":[{"@type":"ReadAction","target":["https:\/\/lautfunk.uber.space\/probepodcast\/staffeln-und-zugehoerige-folgen\/"]}]},{"@type":"BreadcrumbList","@id":"https:\/\/lautfunk.uber.space\/probepodcast\/staffeln-und-zugehoerige-folgen\/#breadcrumb","itemListElement":[{"@type":"ListItem","position":1,"name":"Startseite","item":"https:\/\/lautfunk.uber.space\/probepodcast\/"},{"@type":"ListItem","position":2,"name":"Staffeln und zugeh\u00f6rige Folgen"}]},{"@type":"WebSite","@id":"https:\/\/lautfunk.uber.space\/probepodcast\/#website","url":"https:\/\/lautfunk.uber.space\/probepodcast\/","name":"Probe Podcast","description":"Der gem\u00fctliche Talk aus dem Proberaum","publisher":{"@id":"https:\/\/lautfunk.uber.space\/probepodcast\/#\/schema\/person\/eaaaeefee57a38cbe19f97caa2a20263"},"alternateName":"SynthWave Sessions","potentialAction":[{"@type":"SearchAction","target":{"@type":"EntryPoint","urlTemplate":"https:\/\/lautfunk.uber.space\/probepodcast\/?s={search_term_string}"},"query-input":{"@type":"PropertyValueSpecification","valueRequired":true,"valueName":"search_term_string"}}],"inLanguage":"de"},{"@type":["Person","Organization"],"@id":"https:\/\/lautfunk.uber.space\/probepodcast\/#\/schema\/person\/eaaaeefee57a38cbe19f97caa2a20263","name":"Sascha Markmann","image":{"@type":"ImageObject","inLanguage":"de","@id":"https:\/\/lautfunk.uber.space\/probepodcast\/wp-content\/uploads\/sites\/3\/2018\/05\/20424197_1474132585976704_6882412338832920590_o-kleiner.jpg","url":"https:\/\/lautfunk.uber.space\/probepodcast\/wp-content\/uploads\/sites\/3\/2018\/05\/20424197_1474132585976704_6882412338832920590_o-kleiner.jpg","contentUrl":"https:\/\/lautfunk.uber.space\/probepodcast\/wp-content\/uploads\/sites\/3\/2018\/05\/20424197_1474132585976704_6882412338832920590_o-kleiner.jpg","width":360,"height":360,"caption":"Sascha Markmann"},"logo":{"@id":"https:\/\/lautfunk.uber.space\/probepodcast\/wp-content\/uploads\/sites\/3\/2018\/05\/20424197_1474132585976704_6882412338832920590_o-kleiner.jpg"},"description":"Sascha Markmann ist ein kreativer Kopf mit bewegter Biografie: Informatiker, studierter Philosoph, Religionswissenschaftler und Psychologe \u2013 und gleichzeitig ein Mensch, der das Leben nach einem Schlaganfall ganz neu entdeckt hat. Nach Stationen als Rettungssanit\u00e4ter und Altenpfleger fand Sascha seinen Weg in die Welt des kreativen Ausdrucks: Als Blogger, Musiker, Podcaster, Philosoph und visueller Geschichtenerz\u00e4hler kombiniert er technisches Know-how mit emotionaler Tiefe und einem schr\u00e4gen Sinn f\u00fcr Humor. Seine Beitr\u00e4ge entstehen irgendwo zwischen Borderline, Acid Bassline und Beistand \u2013 ehrlich, direkt und gerne auch mal mit einem Augenzwinkern. Leitmotiv: \u201eAudiovisueller Stumpfsinn mit keinem Nutzwert \u2013 aber vielleicht genau deshalb so wertvoll.\u201c","sameAs":["https:\/\/lautfunk.uber.space","https:\/\/www.facebook.com\/sascha.markmann","https:\/\/www.instagram.com\/lautfunk\/","https:\/\/www.linkedin.com\/in\/sascha-markmann-b46019137\/","https:\/\/de.pinterest.com\/Raumwelle\/","https:\/\/x.com\/raumwelle","https:\/\/www.youtube.com\/user\/fellmensch","https:\/\/www.tumblr.com\/lautfunk"]}]}},"jetpack_likes_enabled":true,"jetpack-related-posts":[{"id":2128,"url":"https:\/\/lautfunk.uber.space\/probepodcast\/","url_meta":{"origin":1214,"position":0},"title":"Probe Podcast \u2013 Musikproduktion, Synthesizer &amp; Home-Studio f\u00fcr Einsteiger und Nerds","author":"Sascha Markmann","date":"8. Januar 2024","format":false,"excerpt":"Die neueste Folgen: Hier geht es zu allen fr\u00fcheren Folgen des Podcast.","rel":"","context":"\u00c4hnlicher Beitrag","block_context":{"text":"\u00c4hnlicher Beitrag","link":""},"img":{"alt_text":"","src":"","width":0,"height":0},"classes":[]},{"id":1917,"url":"https:\/\/lautfunk.uber.space\/probepodcast\/probe-podcast\/","url_meta":{"origin":1214,"position":1},"title":"Probe Podcast","author":"Sascha Markmann","date":"19. Oktober 2023","format":false,"excerpt":"","rel":"","context":"\u00c4hnlicher Beitrag","block_context":{"text":"\u00c4hnlicher Beitrag","link":""},"img":{"alt_text":"","src":"","width":0,"height":0},"classes":[]},{"id":1199,"url":"https:\/\/lautfunk.uber.space\/probepodcast\/live-show\/","url_meta":{"origin":1214,"position":2},"title":"Live Show","author":"Sascha Markmann","date":"22. Oktober 2022","format":false,"excerpt":"Hier gibt es die live \u00dcbertragung der Show, wenn diese verf\u00fcgbar ist. Live Stream Kalender Mobil App PODLIVE Nie wieder einen Live-Podcast verpassen Mit Podlive kannst du Podcast Livestreams h\u00f6ren. Aktuell finden sich dort alle Livestreams, die \u00fcber\u00a0Ultraschall mit Studio Link OnAir\u00a0senden. Du kannst dir Favoriten anlegen, um eine Push\u2026","rel":"","context":"\u00c4hnlicher Beitrag","block_context":{"text":"\u00c4hnlicher Beitrag","link":""},"img":{"alt_text":"","src":"https:\/\/i0.wp.com\/lautfunk.uber.space\/probepodcast\/wp-content\/uploads\/sites\/3\/2022\/10\/Probe-PodCastgross-Neu-Live-2.jpg?resize=350%2C200&ssl=1","width":350,"height":200,"srcset":"https:\/\/i0.wp.com\/lautfunk.uber.space\/probepodcast\/wp-content\/uploads\/sites\/3\/2022\/10\/Probe-PodCastgross-Neu-Live-2.jpg?resize=350%2C200&ssl=1 1x, https:\/\/i0.wp.com\/lautfunk.uber.space\/probepodcast\/wp-content\/uploads\/sites\/3\/2022\/10\/Probe-PodCastgross-Neu-Live-2.jpg?resize=525%2C300&ssl=1 1.5x, https:\/\/i0.wp.com\/lautfunk.uber.space\/probepodcast\/wp-content\/uploads\/sites\/3\/2022\/10\/Probe-PodCastgross-Neu-Live-2.jpg?resize=700%2C400&ssl=1 2x"},"classes":[]},{"id":634,"url":"https:\/\/lautfunk.uber.space\/probepodcast\/gaesteliste\/","url_meta":{"origin":1214,"position":3},"title":"G\u00e4steliste","author":"Sascha Markmann","date":"5. M\u00e4rz 2021","format":false,"excerpt":"","rel":"","context":"\u00c4hnlicher Beitrag","block_context":{"text":"\u00c4hnlicher Beitrag","link":""},"img":{"alt_text":"","src":"","width":0,"height":0},"classes":[]},{"id":676,"url":"https:\/\/lautfunk.uber.space\/probepodcast\/statistiken\/","url_meta":{"origin":1214,"position":4},"title":"Statistiken","author":"Sascha Markmann","date":"12. Juni 2021","format":false,"excerpt":"","rel":"","context":"\u00c4hnlicher Beitrag","block_context":{"text":"\u00c4hnlicher Beitrag","link":""},"img":{"alt_text":"","src":"","width":0,"height":0},"classes":[]},{"id":1210,"url":"https:\/\/lautfunk.uber.space\/probepodcast\/podcast-shows\/","url_meta":{"origin":1214,"position":5},"title":"Podcast Shows","author":"Sascha Markmann","date":"22. Oktober 2022","format":false,"excerpt":"Auflistung aller Podcast Shows innerhalb des Probe Podcast","rel":"","context":"\u00c4hnlicher Beitrag","block_context":{"text":"\u00c4hnlicher Beitrag","link":""},"img":{"alt_text":"","src":"","width":0,"height":0},"classes":[]}],"jetpack_sharing_enabled":true,"_links":{"self":[{"href":"https:\/\/lautfunk.uber.space\/probepodcast\/wp-json\/wp\/v2\/pages\/1214","targetHints":{"allow":["GET"]}}],"collection":[{"href":"https:\/\/lautfunk.uber.space\/probepodcast\/wp-json\/wp\/v2\/pages"}],"about":[{"href":"https:\/\/lautfunk.uber.space\/probepodcast\/wp-json\/wp\/v2\/types\/page"}],"author":[{"embeddable":true,"href":"https:\/\/lautfunk.uber.space\/probepodcast\/wp-json\/wp\/v2\/users\/2"}],"replies":[{"embeddable":true,"href":"https:\/\/lautfunk.uber.space\/probepodcast\/wp-json\/wp\/v2\/comments?post=1214"}],"version-history":[{"count":1,"href":"https:\/\/lautfunk.uber.space\/probepodcast\/wp-json\/wp\/v2\/pages\/1214\/revisions"}],"predecessor-version":[{"id":1216,"href":"https:\/\/lautfunk.uber.space\/probepodcast\/wp-json\/wp\/v2\/pages\/1214\/revisions\/1216"}],"wp:attachment":[{"href":"https:\/\/lautfunk.uber.space\/probepodcast\/wp-json\/wp\/v2\/media?parent=1214"}],"curies":[{"name":"wp","href":"https:\/\/api.w.org\/{rel}","templated":true}]}}